{"id":37322,"date":"2016-08-02T14:51:45","date_gmt":"2016-08-02T14:51:45","guid":{"rendered":"https:\/\/pruebas2.canarinvestment.com\/homepage\/"},"modified":"2024-02-11T09:31:34","modified_gmt":"2024-02-11T09:31:34","slug":"homepage","status":"publish","type":"page","link":"https:\/\/canarinvestment.com\/de\/","title":{"rendered":"Homepage"},"content":{"rendered":"<div class=\"wpb-content-wrapper\"><p>[vc_row full_width=&#8221;stretch_row&#8221; bg_type=&#8221;bg_color&#8221; css=&#8221;.vc_custom_1562687105095{padding-bottom: 20px !important;background-color: #ffffff !important;}&#8221;][vc_column css=&#8221;.vc_custom_1562687062112{margin-top: 20px !important;border-bottom-width: 20px !important;}&#8221;]<div id=\"mpc_textblock-5669f50a57e69da\" class=\"mpc-textblock mpc-init mpc-typography--mpc_preset_9 \"><p><span style=\"color: #000000;\"><span style=\"color: #ff9900;\">Immobilien<\/span> auf Gran Canaria<\/span><\/p>\n<\/div>[vc_custom_heading text=&#8221;&#8220; Die beste Wahl f\u00fcr die besten Kunden &#8220;&#8221; font_container=&#8221;tag:h1|font_size:4.0rem|text_align:center|color:%23f26a15|line_height:1.1&#8243; google_fonts=&#8221;font_family:Nothing%20You%20Could%20Do%3Aregular|font_style:400%20regular%3A400%3Anormal&#8221; css_animation=&#8221;none&#8221; css=&#8221;.vc_custom_1571381126564{margin-top: 15px !important;}&#8221;][\/vc_column][\/vc_row][vc_row full_width=&#8221;stretch_row&#8221; gap=&#8221;15&#8243; equal_height=&#8221;yes&#8221; content_placement=&#8221;top&#8221; bg_type=&#8221;bg_color&#8221; css=&#8221;.vc_custom_1562686982716{margin-right: 7% !important;margin-left: 7% !important;padding-bottom: 40px !important;background-color: #ffffff !important;}&#8221; bg_color_value=&#8221;#ffffff&#8221;][vc_column width=&#8221;1\/2&#8243; alignment=&#8221;center&#8221; css=&#8221;.vc_custom_1570805561616{background-color: #333333 !important;border-radius: 5px !important;}&#8221;][vc_single_image image=&#8221;53368&#8243; img_size=&#8221;full&#8221; alignment=&#8221;center&#8221;][vc_column_text css=&#8221;.vc_custom_1562685010542{margin-top: 0px !important;margin-bottom: 0px !important;}&#8221;]<\/p>\n<p style=\"margin: 0px; text-align: center;\"><span style=\"color: #ffffff; font-family: Lato; margin: 12px 0px 0px 0px; text-transform: uppercase; font-weight: 900; display: block;\">Wenn sie kaufen m\u00f6chten<\/span><\/p>\n<p>[\/vc_column_text]<div id=\"mpc_textblock-869f50a57e6aa9\" class=\"mpc-textblock mpc-init mpc-typography--mpc_preset_17 \"><p>Finden wir Ihre ideale Immobilie<\/p>\n<\/div><div data-id=\"mpc_divider-1069f50a57e6b39\" class=\"mpc-divider-wrap\"><div class=\"mpc-divider mpc-init mpc-align--center mpc-disable--left \" ><div class=\"mpc-divider__line mpc-side--left\"><span><\/span><\/div><div class=\"mpc-divider__line mpc-side--right\"><span><\/span><\/div><\/div><\/div>[vc_column_text css=&#8221;.vc_custom_1564382010842{border-bottom-width: 60px !important;}&#8221;]<\/p>\n<p style=\"color: #ffffff; font-family: Lato; text-align: center;\">Wir wissen, dass f\u00fcr jede Person die ideale Immobilie existiert; bei Canarinvest <strong>finden wir Ihre.<\/strong><\/p>\n<p>[\/vc_column_text]<a href=\"https:\/\/canarinvestment.com\/de\/ein-haus-kaufen\/\" title=\"Comprar una casa\" data-id=\"mpc_button-7769f50a57e6ba8\" class=\"mpc-button mpc-init mpc-transition mpc-typography--default \"><div class=\"mpc-button__content mpc-effect-type--none mpc-effect-side--none\"><span class=\"mpc-button__title mpc-transition\">Mehr erfahren<\/span><\/div><div class=\"mpc-button__background mpc-transition mpc-effect-type--fade mpc-effect-side--in\"><\/div><\/a>[\/vc_column][vc_column width=&#8221;1\/2&#8243; alignment=&#8221;center&#8221; css=&#8221;.vc_custom_1570805578481{background-color: #f98d00 !important;border-radius: 5px !important;}&#8221;][vc_single_image image=&#8221;304473&#8243; img_size=&#8221;full&#8221; alignment=&#8221;center&#8221;][vc_column_text css=&#8221;.vc_custom_1680603214134{margin-top: 0px !important;margin-bottom: 0px !important;}&#8221;]<\/p>\n<p style=\"margin: 0px; text-align: center;\"><span style=\"color: #ffffff; font-family: Lato; margin: 12px 0px 0px 0px; text-transform: uppercase; font-weight: 900; display: block;\">WENN SIE VERKAUFEN M\u00d6CHTEN<\/span><\/p>\n<p>[\/vc_column_text]<div id=\"mpc_textblock-7769f50a57e6c04\" class=\"mpc-textblock mpc-init mpc-typography--mpc_preset_17 \"><p>Entwickeln wir eine Verkaufsstrategie<\/p>\n<\/div><div data-id=\"mpc_divider-4569f50a57e6c7a\" class=\"mpc-divider-wrap\"><div class=\"mpc-divider mpc-init mpc-align--center mpc-disable--left \" ><div class=\"mpc-divider__line mpc-side--left\"><span><\/span><\/div><div class=\"mpc-divider__line mpc-side--right\"><span><\/span><\/div><\/div><\/div>[vc_column_text css=&#8221;.vc_custom_1570805901387{border-bottom-width: 60px !important;}&#8221;]<\/p>\n<p style=\"color: #ffffff; font-family: Lato; text-align: center;\">Wir entwickeln f\u00fcr Sie <strong>einen personalisierten Marketingplan<\/strong> zum Verkauf Ihrer Immobilie: Anzeigen, Designen von Bannern, Fotoreportagen, Publikation in Internetportalen etc.<\/p>\n<p>[\/vc_column_text]<a href=\"https:\/\/canarinvestment.com\/de\/der-immobilien-verkauf\/\" title=\"Vender una casa\" data-id=\"mpc_button-8969f50a57e6cd1\" class=\"mpc-button mpc-init mpc-transition mpc-typography--default \"><div class=\"mpc-button__content mpc-effect-type--none mpc-effect-side--none\"><span class=\"mpc-button__title mpc-transition\">Mehr erfahren<\/span><\/div><div class=\"mpc-button__background mpc-transition mpc-effect-type--fade mpc-effect-side--in\"><\/div><\/a>[\/vc_column][\/vc_row][vc_row full_width=&#8221;stretch_row&#8221; css=&#8221;.vc_custom_1562687880798{background-color: #ffffff !important;}&#8221;][vc_column]<div id=\"mpc_textblock-3469f50a57e6d26\" class=\"mpc-textblock mpc-init mpc-typography--mpc_preset_9 \"><p><span style=\"color: #000000;\">Canarinvest ist<\/span> <span style=\"color: #ff9900;\">offizielles Mitglied<\/span> <span style=\"color: #000000;\">bei<\/span><\/p>\n<\/div>[vc_column_text]<div class=\"lshowcase-clear-both\">&nbsp;<\/div><div class=\"lshowcase-logos \"><div  ><div  data-entry-id='33380' class='lshowcase-thumb lshowcase-normal lshowcase-wrap-normal ls-asociaciones '><div style=\"padding:10%;\" class=\"lshowcase-box-normal\"><div class=\"lshowcase-boxInner-normal\" style=\"width:200px; text-align:center;\"><a href=\"http:\/\/acegi.es\/\" target=\"_blank\" rel=\"noopener\"><img data-no-lazy='1' data-original-title='Asociaci\u00f3n Canaria de empresas de gesti\u00f3n inmobiliaria' data-entry-id='33380' src='https:\/\/canarinvestment.com\/wp-content\/uploads\/2019\/07\/logo-acegi-nuevo-200x133.png'  width='200'  height = '133'  alt='Asociaci\u00f3n Canaria de empresas de gesti\u00f3n inmobiliaria' title='' class='lshowcase-thumb'   \/><\/a><\/div><\/div><\/div><div  data-entry-id='33381' class='lshowcase-thumb lshowcase-normal lshowcase-wrap-normal ls-asociaciones '><div style=\"padding:10%;\" class=\"lshowcase-box-normal\"><div class=\"lshowcase-boxInner-normal\" style=\"width:200px; text-align:center;\"><a href=\"http:\/\/www.viviendascanarias.com\/\" target=\"_blank\" rel=\"noopener\"><img data-no-lazy='1' data-original-title='Bolsa de inmuebles de Canarias' data-entry-id='33381' src='https:\/\/canarinvestment.com\/wp-content\/uploads\/2023\/07\/logo-boican-200x133.jpg'  width='200'  height = '133'  alt='Bolsa de inmuebles de Canarias' title='' class='lshowcase-thumb'   \/><\/a><\/div><\/div><\/div><div  data-entry-id='33379' class='lshowcase-thumb lshowcase-normal lshowcase-wrap-normal ls-asociaciones '><div style=\"padding:10%;\" class=\"lshowcase-box-normal\"><div class=\"lshowcase-boxInner-normal\" style=\"width:200px; text-align:center;\"><a href=\"https:\/\/www.crsspain.es\/\" target=\"_blank\" rel=\"noopener\"><img data-no-lazy='1' data-original-title='Council of Residentials Specialists' data-entry-id='33379' src='https:\/\/canarinvestment.com\/wp-content\/uploads\/2019\/07\/logo-crs-600x400-200x133.jpg'  width='200'  height = '133'  alt='Council of Residentials Specialists' title='' class='lshowcase-thumb'   \/><\/a><\/div><\/div><\/div><div  data-entry-id='33378' class='lshowcase-thumb lshowcase-normal lshowcase-wrap-normal ls-asociaciones '><div style=\"padding:10%;\" class=\"lshowcase-box-normal\"><div class=\"lshowcase-boxInner-normal\" style=\"width:200px; text-align:center;\"><a href=\"https:\/\/www.nar.realtor\/\" target=\"_blank\" rel=\"noopener\"><img data-no-lazy='1' data-original-title='National Association of Realtors' data-entry-id='33378' src='https:\/\/canarinvestment.com\/wp-content\/uploads\/2019\/07\/logo-realtor-300x200.jpg'  width='200'  height = '133'  alt='National Association of Realtors' title='' class='lshowcase-thumb'   \/><\/a><\/div><\/div><\/div><\/div><\/div><div class=\"lshowcase-clear-both\">&nbsp;<\/div>[\/vc_column_text][\/vc_column][\/vc_row][vc_row full_width=&#8221;stretch_row&#8221; bg_type=&#8221;bg_color&#8221; seperator_enable=&#8221;seperator_enable_value&#8221; seperator_type=&#8221;triangle_svg_seperator&#8221; bg_color_value=&#8221;#333333&#8243; css=&#8221;.vc_custom_1562688841799{padding-top: 50px !important;padding-bottom: 30px !important;}&#8221;][vc_column]<div id=\"mpc_textblock-5269f50a57e8fce\" class=\"mpc-textblock mpc-init mpc-typography--mpc_preset_9 \"><p><span style=\"color: #000000;\"><span style=\"color: #ffffff;\">Unsere neuesten Immobilien<\/span> <span style=\"color: #ff9900;\">zum Verkauf oder zur Miete in Gran Canaria.<\/span><\/span><\/p>\n<\/div><div id=\"wpestate_sh_anime_359\" class=\"article_container wpestate_anime wpestate_latest_listings_sh bottom-estate_property \"  data-type=\"estate_property\" data-category_ids=\"\" data-action_ids=\"\" data-city_ids=\"\" data-area_ids=\"\" data-state_ids=\"\" data-status_ids=\"\" data-number=\"12\" data-row-number=\"3\" data-align=\"vertical\" data-show_featured_only=\"yes\"  data-random_pick=\"no\"  data-featured_first=\"yes\" data-page=\"1\" ><div class=\"control_tax_wrapper\"><div  class=\"control_tax_sh\" data-taxid=\"59\" data-taxonomy=\"property_action_category\">Vender<\/div><div  class=\"control_tax_sh\" data-taxid=\"285\" data-taxonomy=\"property_action_category\">Alquilar<\/div><\/div>  \n\n\n\n<div class=\"col-md-4 shortcode-col has_prop_slider  listing_wrapper property_unit_type2\" data-org=\"6\" data-listid=\"801529\" > \n    <div class=\"property_listing property_unit_type2  \" data-link=\"\">\n        \n        <div class=\"listing-unit-img-wrapper\">\n                    <div id=\"property_unit_carousel_69f50a57f41e5\" class=\"carousel property_unit_carousel slide \" data-ride=\"carousel\" data-interval=\"false\">\n                        <div class=\"carousel-inner\">         \n                            <div class=\"item active\">    \n                                <a href=\"https:\/\/canarinvestment.com\/de\/properties\/gebaeude-mit-grossem-potenzial-in-balos-vecindario-zu-verkaufen\/\" target=\"_self\"><img fetchpriority=\"high\" decoding=\"async\" width=\"525\" height=\"328\" src=\"https:\/\/canarinvestment.com\/wp-content\/uploads\/2026\/04\/33-1-525x328.jpg\" class=\"lazyload img-responsive wp-post-image\" alt=\"\" data-original=\"https:\/\/canarinvestment.com\/wp-content\/uploads\/2026\/04\/33-1-525x328.jpg\" \/><\/a>     \n                            <\/div>\n                            <div class=\"item lazy-load-item\">\n                                            <a href=\"https:\/\/canarinvestment.com\/de\/properties\/gebaeude-mit-grossem-potenzial-in-balos-vecindario-zu-verkaufen\/\" target=\"_self\"><img  data-lazy-load-src=\"https:\/\/canarinvestment.com\/wp-content\/uploads\/2026\/04\/33-2-525x328.jpg\" alt=\"Geb\u00e4ude mit gro\u00dfem Potenzial in Balos (Vecindario) zu verkaufen\" class=\"img-responsive\" \/><\/a>\n                                        <\/div><div class=\"item lazy-load-item\">\n                                            <a href=\"https:\/\/canarinvestment.com\/de\/properties\/gebaeude-mit-grossem-potenzial-in-balos-vecindario-zu-verkaufen\/\" target=\"_self\"><img  data-lazy-load-src=\"https:\/\/canarinvestment.com\/wp-content\/uploads\/2026\/04\/33-3-525x328.jpg\" alt=\"Geb\u00e4ude mit gro\u00dfem Potenzial in Balos (Vecindario) zu verkaufen\" class=\"img-responsive\" \/><\/a>\n                                        <\/div><div class=\"item lazy-load-item\">\n                                            <a href=\"https:\/\/canarinvestment.com\/de\/properties\/gebaeude-mit-grossem-potenzial-in-balos-vecindario-zu-verkaufen\/\" target=\"_self\"><img  data-lazy-load-src=\"https:\/\/canarinvestment.com\/wp-content\/uploads\/2026\/04\/33-4-525x328.jpg\" alt=\"Geb\u00e4ude mit gro\u00dfem Potenzial in Balos (Vecindario) zu verkaufen\" class=\"img-responsive\" \/><\/a>\n                                        <\/div><div class=\"item lazy-load-item\">\n                                            <a href=\"https:\/\/canarinvestment.com\/de\/properties\/gebaeude-mit-grossem-potenzial-in-balos-vecindario-zu-verkaufen\/\" target=\"_self\"><img  data-lazy-load-src=\"https:\/\/canarinvestment.com\/wp-content\/uploads\/2026\/04\/33-5-525x328.jpg\" alt=\"Geb\u00e4ude mit gro\u00dfem Potenzial in Balos (Vecindario) zu verkaufen\" class=\"img-responsive\" \/><\/a>\n                                        <\/div><div class=\"item lazy-load-item\">\n                                            <a href=\"https:\/\/canarinvestment.com\/de\/properties\/gebaeude-mit-grossem-potenzial-in-balos-vecindario-zu-verkaufen\/\" target=\"_self\"><img  data-lazy-load-src=\"https:\/\/canarinvestment.com\/wp-content\/uploads\/2026\/04\/33-6-525x328.jpg\" alt=\"Geb\u00e4ude mit gro\u00dfem Potenzial in Balos (Vecindario) zu verkaufen\" class=\"img-responsive\" \/><\/a>\n                                        <\/div><div class=\"item lazy-load-item\">\n                                            <a href=\"https:\/\/canarinvestment.com\/de\/properties\/gebaeude-mit-grossem-potenzial-in-balos-vecindario-zu-verkaufen\/\" target=\"_self\"><img  data-lazy-load-src=\"https:\/\/canarinvestment.com\/wp-content\/uploads\/2026\/04\/33-7-525x328.jpg\" alt=\"Geb\u00e4ude mit gro\u00dfem Potenzial in Balos (Vecindario) zu verkaufen\" class=\"img-responsive\" \/><\/a>\n                                        <\/div><div class=\"item lazy-load-item\">\n                                            <a href=\"https:\/\/canarinvestment.com\/de\/properties\/gebaeude-mit-grossem-potenzial-in-balos-vecindario-zu-verkaufen\/\" target=\"_self\"><img  data-lazy-load-src=\"https:\/\/canarinvestment.com\/wp-content\/uploads\/2026\/04\/33-8-525x328.jpg\" alt=\"Geb\u00e4ude mit gro\u00dfem Potenzial in Balos (Vecindario) zu verkaufen\" class=\"img-responsive\" \/><\/a>\n                                        <\/div><div class=\"item lazy-load-item\">\n                                            <a href=\"https:\/\/canarinvestment.com\/de\/properties\/gebaeude-mit-grossem-potenzial-in-balos-vecindario-zu-verkaufen\/\" target=\"_self\"><img  data-lazy-load-src=\"https:\/\/canarinvestment.com\/wp-content\/uploads\/2026\/04\/33-9-525x328.jpg\" alt=\"Geb\u00e4ude mit gro\u00dfem Potenzial in Balos (Vecindario) zu verkaufen\" class=\"img-responsive\" \/><\/a>\n                                        <\/div><div class=\"item lazy-load-item\">\n                                            <a href=\"https:\/\/canarinvestment.com\/de\/properties\/gebaeude-mit-grossem-potenzial-in-balos-vecindario-zu-verkaufen\/\" target=\"_self\"><img  data-lazy-load-src=\"https:\/\/canarinvestment.com\/wp-content\/uploads\/2026\/04\/33-10-525x328.jpg\" alt=\"Geb\u00e4ude mit gro\u00dfem Potenzial in Balos (Vecindario) zu verkaufen\" class=\"img-responsive\" \/><\/a>\n                                        <\/div><div class=\"item lazy-load-item\">\n                                            <a href=\"https:\/\/canarinvestment.com\/de\/properties\/gebaeude-mit-grossem-potenzial-in-balos-vecindario-zu-verkaufen\/\" target=\"_self\"><img  data-lazy-load-src=\"https:\/\/canarinvestment.com\/wp-content\/uploads\/2026\/04\/33-11-525x328.jpg\" alt=\"Geb\u00e4ude mit gro\u00dfem Potenzial in Balos (Vecindario) zu verkaufen\" class=\"img-responsive\" \/><\/a>\n                                        <\/div><div class=\"item lazy-load-item\">\n                                            <a href=\"https:\/\/canarinvestment.com\/de\/properties\/gebaeude-mit-grossem-potenzial-in-balos-vecindario-zu-verkaufen\/\" target=\"_self\"><img  data-lazy-load-src=\"https:\/\/canarinvestment.com\/wp-content\/uploads\/2026\/04\/33-12-525x328.jpg\" alt=\"Geb\u00e4ude mit gro\u00dfem Potenzial in Balos (Vecindario) zu verkaufen\" class=\"img-responsive\" \/><\/a>\n                                        <\/div><div class=\"item lazy-load-item\">\n                                            <a href=\"https:\/\/canarinvestment.com\/de\/properties\/gebaeude-mit-grossem-potenzial-in-balos-vecindario-zu-verkaufen\/\" target=\"_self\"><img  data-lazy-load-src=\"https:\/\/canarinvestment.com\/wp-content\/uploads\/2026\/04\/33-13-525x328.jpg\" alt=\"Geb\u00e4ude mit gro\u00dfem Potenzial in Balos (Vecindario) zu verkaufen\" class=\"img-responsive\" \/><\/a>\n                                        <\/div><div class=\"item lazy-load-item\">\n                                            <a href=\"https:\/\/canarinvestment.com\/de\/properties\/gebaeude-mit-grossem-potenzial-in-balos-vecindario-zu-verkaufen\/\" target=\"_self\"><img  data-lazy-load-src=\"https:\/\/canarinvestment.com\/wp-content\/uploads\/2026\/04\/33-14-525x328.jpg\" alt=\"Geb\u00e4ude mit gro\u00dfem Potenzial in Balos (Vecindario) zu verkaufen\" class=\"img-responsive\" \/><\/a>\n                                        <\/div><div class=\"item lazy-load-item\">\n                                            <a href=\"https:\/\/canarinvestment.com\/de\/properties\/gebaeude-mit-grossem-potenzial-in-balos-vecindario-zu-verkaufen\/\" target=\"_self\"><img  data-lazy-load-src=\"https:\/\/canarinvestment.com\/wp-content\/uploads\/2026\/04\/33-15-525x328.jpg\" alt=\"Geb\u00e4ude mit gro\u00dfem Potenzial in Balos (Vecindario) zu verkaufen\" class=\"img-responsive\" \/><\/a>\n                                        <\/div><div class=\"item lazy-load-item\">\n                                            <a href=\"https:\/\/canarinvestment.com\/de\/properties\/gebaeude-mit-grossem-potenzial-in-balos-vecindario-zu-verkaufen\/\" target=\"_self\"><img  data-lazy-load-src=\"https:\/\/canarinvestment.com\/wp-content\/uploads\/2026\/04\/33-16-525x328.jpg\" alt=\"Geb\u00e4ude mit gro\u00dfem Potenzial in Balos (Vecindario) zu verkaufen\" class=\"img-responsive\" \/><\/a>\n                                        <\/div><div class=\"item lazy-load-item\">\n                                            <a href=\"https:\/\/canarinvestment.com\/de\/properties\/gebaeude-mit-grossem-potenzial-in-balos-vecindario-zu-verkaufen\/\" target=\"_self\"><img  data-lazy-load-src=\"https:\/\/canarinvestment.com\/wp-content\/uploads\/2026\/04\/33-17-525x328.jpg\" alt=\"Geb\u00e4ude mit gro\u00dfem Potenzial in Balos (Vecindario) zu verkaufen\" class=\"img-responsive\" \/><\/a>\n                                        <\/div><div class=\"item lazy-load-item\">\n                                            <a href=\"https:\/\/canarinvestment.com\/de\/properties\/gebaeude-mit-grossem-potenzial-in-balos-vecindario-zu-verkaufen\/\" target=\"_self\"><img  data-lazy-load-src=\"https:\/\/canarinvestment.com\/wp-content\/uploads\/2026\/04\/33-18-525x328.jpg\" alt=\"Geb\u00e4ude mit gro\u00dfem Potenzial in Balos (Vecindario) zu verkaufen\" class=\"img-responsive\" \/><\/a>\n                                        <\/div><div class=\"item lazy-load-item\">\n                                            <a href=\"https:\/\/canarinvestment.com\/de\/properties\/gebaeude-mit-grossem-potenzial-in-balos-vecindario-zu-verkaufen\/\" target=\"_self\"><img  data-lazy-load-src=\"https:\/\/canarinvestment.com\/wp-content\/uploads\/2026\/04\/33-19-525x328.jpg\" alt=\"Geb\u00e4ude mit gro\u00dfem Potenzial in Balos (Vecindario) zu verkaufen\" class=\"img-responsive\" \/><\/a>\n                                        <\/div><div class=\"item lazy-load-item\">\n                                            <a href=\"https:\/\/canarinvestment.com\/de\/properties\/gebaeude-mit-grossem-potenzial-in-balos-vecindario-zu-verkaufen\/\" target=\"_self\"><img  data-lazy-load-src=\"https:\/\/canarinvestment.com\/wp-content\/uploads\/2026\/04\/33-20-525x328.jpg\" alt=\"Geb\u00e4ude mit gro\u00dfem Potenzial in Balos (Vecindario) zu verkaufen\" class=\"img-responsive\" \/><\/a>\n                                        <\/div><div class=\"item lazy-load-item\">\n                                            <a href=\"https:\/\/canarinvestment.com\/de\/properties\/gebaeude-mit-grossem-potenzial-in-balos-vecindario-zu-verkaufen\/\" target=\"_self\"><img  data-lazy-load-src=\"https:\/\/canarinvestment.com\/wp-content\/uploads\/2026\/04\/33-21-525x328.jpg\" alt=\"Geb\u00e4ude mit gro\u00dfem Potenzial in Balos (Vecindario) zu verkaufen\" class=\"img-responsive\" \/><\/a>\n                                        <\/div><div class=\"item lazy-load-item\">\n                                            <a href=\"https:\/\/canarinvestment.com\/de\/properties\/gebaeude-mit-grossem-potenzial-in-balos-vecindario-zu-verkaufen\/\" target=\"_self\"><img  data-lazy-load-src=\"https:\/\/canarinvestment.com\/wp-content\/uploads\/2026\/04\/33-22-525x328.jpg\" alt=\"Geb\u00e4ude mit gro\u00dfem Potenzial in Balos (Vecindario) zu verkaufen\" class=\"img-responsive\" \/><\/a>\n                                        <\/div><div class=\"item lazy-load-item\">\n                                            <a href=\"https:\/\/canarinvestment.com\/de\/properties\/gebaeude-mit-grossem-potenzial-in-balos-vecindario-zu-verkaufen\/\" target=\"_self\"><img  data-lazy-load-src=\"https:\/\/canarinvestment.com\/wp-content\/uploads\/2026\/04\/33-23-525x328.jpg\" alt=\"Geb\u00e4ude mit gro\u00dfem Potenzial in Balos (Vecindario) zu verkaufen\" class=\"img-responsive\" \/><\/a>\n                                        <\/div><div class=\"item lazy-load-item\">\n                                            <a href=\"https:\/\/canarinvestment.com\/de\/properties\/gebaeude-mit-grossem-potenzial-in-balos-vecindario-zu-verkaufen\/\" target=\"_self\"><img  data-lazy-load-src=\"https:\/\/canarinvestment.com\/wp-content\/uploads\/2026\/04\/33-24-525x328.jpg\" alt=\"Geb\u00e4ude mit gro\u00dfem Potenzial in Balos (Vecindario) zu verkaufen\" class=\"img-responsive\" \/><\/a>\n                                        <\/div><div class=\"item lazy-load-item\">\n                                            <a href=\"https:\/\/canarinvestment.com\/de\/properties\/gebaeude-mit-grossem-potenzial-in-balos-vecindario-zu-verkaufen\/\" target=\"_self\"><img  data-lazy-load-src=\"https:\/\/canarinvestment.com\/wp-content\/uploads\/2026\/04\/33-25-525x328.jpg\" alt=\"Geb\u00e4ude mit gro\u00dfem Potenzial in Balos (Vecindario) zu verkaufen\" class=\"img-responsive\" \/><\/a>\n                                        <\/div><div class=\"item lazy-load-item\">\n                                            <a href=\"https:\/\/canarinvestment.com\/de\/properties\/gebaeude-mit-grossem-potenzial-in-balos-vecindario-zu-verkaufen\/\" target=\"_self\"><img  data-lazy-load-src=\"https:\/\/canarinvestment.com\/wp-content\/uploads\/2026\/04\/33-26-525x328.jpg\" alt=\"Geb\u00e4ude mit gro\u00dfem Potenzial in Balos (Vecindario) zu verkaufen\" class=\"img-responsive\" \/><\/a>\n                                        <\/div><div class=\"item lazy-load-item\">\n                                            <a href=\"https:\/\/canarinvestment.com\/de\/properties\/gebaeude-mit-grossem-potenzial-in-balos-vecindario-zu-verkaufen\/\" target=\"_self\"><img  data-lazy-load-src=\"https:\/\/canarinvestment.com\/wp-content\/uploads\/2026\/04\/33-27-525x328.jpg\" alt=\"Geb\u00e4ude mit gro\u00dfem Potenzial in Balos (Vecindario) zu verkaufen\" class=\"img-responsive\" \/><\/a>\n                                        <\/div><div class=\"item lazy-load-item\">\n                                            <a href=\"https:\/\/canarinvestment.com\/de\/properties\/gebaeude-mit-grossem-potenzial-in-balos-vecindario-zu-verkaufen\/\" target=\"_self\"><img  data-lazy-load-src=\"https:\/\/canarinvestment.com\/wp-content\/uploads\/2026\/04\/33-28-525x328.jpg\" alt=\"Geb\u00e4ude mit gro\u00dfem Potenzial in Balos (Vecindario) zu verkaufen\" class=\"img-responsive\" \/><\/a>\n                                        <\/div><div class=\"item lazy-load-item\">\n                                            <a href=\"https:\/\/canarinvestment.com\/de\/properties\/gebaeude-mit-grossem-potenzial-in-balos-vecindario-zu-verkaufen\/\" target=\"_self\"><img  data-lazy-load-src=\"https:\/\/canarinvestment.com\/wp-content\/uploads\/2026\/04\/33-29-525x328.jpg\" alt=\"Geb\u00e4ude mit gro\u00dfem Potenzial in Balos (Vecindario) zu verkaufen\" class=\"img-responsive\" \/><\/a>\n                                        <\/div><div class=\"item lazy-load-item\">\n                                            <a href=\"https:\/\/canarinvestment.com\/de\/properties\/gebaeude-mit-grossem-potenzial-in-balos-vecindario-zu-verkaufen\/\" target=\"_self\"><img  data-lazy-load-src=\"https:\/\/canarinvestment.com\/wp-content\/uploads\/2026\/04\/33-30-525x328.jpg\" alt=\"Geb\u00e4ude mit gro\u00dfem Potenzial in Balos (Vecindario) zu verkaufen\" class=\"img-responsive\" \/><\/a>\n                                        <\/div><div class=\"item lazy-load-item\">\n                                            <a href=\"https:\/\/canarinvestment.com\/de\/properties\/gebaeude-mit-grossem-potenzial-in-balos-vecindario-zu-verkaufen\/\" target=\"_self\"><img  data-lazy-load-src=\"https:\/\/canarinvestment.com\/wp-content\/uploads\/2026\/04\/33-31-525x328.jpg\" alt=\"Geb\u00e4ude mit gro\u00dfem Potenzial in Balos (Vecindario) zu verkaufen\" class=\"img-responsive\" \/><\/a>\n                                        <\/div><div class=\"item lazy-load-item\">\n                                            <a href=\"https:\/\/canarinvestment.com\/de\/properties\/gebaeude-mit-grossem-potenzial-in-balos-vecindario-zu-verkaufen\/\" target=\"_self\"><img  data-lazy-load-src=\"https:\/\/canarinvestment.com\/wp-content\/uploads\/2026\/04\/33-32-525x328.jpg\" alt=\"Geb\u00e4ude mit gro\u00dfem Potenzial in Balos (Vecindario) zu verkaufen\" class=\"img-responsive\" \/><\/a>\n                                        <\/div><div class=\"item lazy-load-item\">\n                                            <a href=\"https:\/\/canarinvestment.com\/de\/properties\/gebaeude-mit-grossem-potenzial-in-balos-vecindario-zu-verkaufen\/\" target=\"_self\"><img  data-lazy-load-src=\"https:\/\/canarinvestment.com\/wp-content\/uploads\/2026\/04\/33-33-525x328.jpg\" alt=\"Geb\u00e4ude mit gro\u00dfem Potenzial in Balos (Vecindario) zu verkaufen\" class=\"img-responsive\" \/><\/a>\n                                        <\/div><div class=\"item lazy-load-item\">\n                                            <a href=\"https:\/\/canarinvestment.com\/de\/properties\/gebaeude-mit-grossem-potenzial-in-balos-vecindario-zu-verkaufen\/\" target=\"_self\"><img  data-lazy-load-src=\"https:\/\/canarinvestment.com\/wp-content\/uploads\/2026\/04\/33-34-525x328.jpg\" alt=\"Geb\u00e4ude mit gro\u00dfem Potenzial in Balos (Vecindario) zu verkaufen\" class=\"img-responsive\" \/><\/a>\n                                        <\/div><div class=\"item lazy-load-item\">\n                                            <a href=\"https:\/\/canarinvestment.com\/de\/properties\/gebaeude-mit-grossem-potenzial-in-balos-vecindario-zu-verkaufen\/\" target=\"_self\"><img  data-lazy-load-src=\"https:\/\/canarinvestment.com\/wp-content\/uploads\/2026\/04\/33-35-525x328.jpg\" alt=\"Geb\u00e4ude mit gro\u00dfem Potenzial in Balos (Vecindario) zu verkaufen\" class=\"img-responsive\" \/><\/a>\n                                        <\/div><div class=\"item lazy-load-item\">\n                                            <a href=\"https:\/\/canarinvestment.com\/de\/properties\/gebaeude-mit-grossem-potenzial-in-balos-vecindario-zu-verkaufen\/\" target=\"_self\"><img  data-lazy-load-src=\"https:\/\/canarinvestment.com\/wp-content\/uploads\/2026\/04\/33-36-525x328.jpg\" alt=\"Geb\u00e4ude mit gro\u00dfem Potenzial in Balos (Vecindario) zu verkaufen\" class=\"img-responsive\" \/><\/a>\n                                        <\/div><div class=\"item lazy-load-item\">\n                                            <a href=\"https:\/\/canarinvestment.com\/de\/properties\/gebaeude-mit-grossem-potenzial-in-balos-vecindario-zu-verkaufen\/\" target=\"_self\"><img  data-lazy-load-src=\"https:\/\/canarinvestment.com\/wp-content\/uploads\/2026\/04\/33-37-525x328.jpg\" alt=\"Geb\u00e4ude mit gro\u00dfem Potenzial in Balos (Vecindario) zu verkaufen\" class=\"img-responsive\" \/><\/a>\n                                        <\/div><div class=\"item lazy-load-item\">\n                                            <a href=\"https:\/\/canarinvestment.com\/de\/properties\/gebaeude-mit-grossem-potenzial-in-balos-vecindario-zu-verkaufen\/\" target=\"_self\"><img  data-lazy-load-src=\"https:\/\/canarinvestment.com\/wp-content\/uploads\/2026\/04\/33-38-525x328.jpg\" alt=\"Geb\u00e4ude mit gro\u00dfem Potenzial in Balos (Vecindario) zu verkaufen\" class=\"img-responsive\" \/><\/a>\n                                        <\/div><div class=\"item lazy-load-item\">\n                                            <a href=\"https:\/\/canarinvestment.com\/de\/properties\/gebaeude-mit-grossem-potenzial-in-balos-vecindario-zu-verkaufen\/\" target=\"_self\"><img  data-lazy-load-src=\"https:\/\/canarinvestment.com\/wp-content\/uploads\/2026\/04\/33-39-525x328.jpg\" alt=\"Geb\u00e4ude mit gro\u00dfem Potenzial in Balos (Vecindario) zu verkaufen\" class=\"img-responsive\" \/><\/a>\n                                        <\/div><div class=\"item lazy-load-item\">\n                                            <a href=\"https:\/\/canarinvestment.com\/de\/properties\/gebaeude-mit-grossem-potenzial-in-balos-vecindario-zu-verkaufen\/\" target=\"_self\"><img  data-lazy-load-src=\"https:\/\/canarinvestment.com\/wp-content\/uploads\/2026\/04\/33-40-525x328.jpg\" alt=\"Geb\u00e4ude mit gro\u00dfem Potenzial in Balos (Vecindario) zu verkaufen\" class=\"img-responsive\" \/><\/a>\n                                        <\/div><div class=\"item lazy-load-item\">\n                                            <a href=\"https:\/\/canarinvestment.com\/de\/properties\/gebaeude-mit-grossem-potenzial-in-balos-vecindario-zu-verkaufen\/\" target=\"_self\"><img  data-lazy-load-src=\"https:\/\/canarinvestment.com\/wp-content\/uploads\/2026\/04\/33-41-525x328.jpg\" alt=\"Geb\u00e4ude mit gro\u00dfem Potenzial in Balos (Vecindario) zu verkaufen\" class=\"img-responsive\" \/><\/a>\n                                        <\/div><div class=\"item lazy-load-item\">\n                                            <a href=\"https:\/\/canarinvestment.com\/de\/properties\/gebaeude-mit-grossem-potenzial-in-balos-vecindario-zu-verkaufen\/\" target=\"_self\"><img  data-lazy-load-src=\"https:\/\/canarinvestment.com\/wp-content\/uploads\/2026\/04\/33-42-525x328.jpg\" alt=\"Geb\u00e4ude mit gro\u00dfem Potenzial in Balos (Vecindario) zu verkaufen\" class=\"img-responsive\" \/><\/a>\n                                        <\/div><div class=\"item lazy-load-item\">\n                                            <a href=\"https:\/\/canarinvestment.com\/de\/properties\/gebaeude-mit-grossem-potenzial-in-balos-vecindario-zu-verkaufen\/\" target=\"_self\"><img  data-lazy-load-src=\"https:\/\/canarinvestment.com\/wp-content\/uploads\/2026\/04\/33-43-525x328.jpg\" alt=\"Geb\u00e4ude mit gro\u00dfem Potenzial in Balos (Vecindario) zu verkaufen\" class=\"img-responsive\" \/><\/a>\n                                        <\/div><div class=\"item lazy-load-item\">\n                                            <a href=\"https:\/\/canarinvestment.com\/de\/properties\/gebaeude-mit-grossem-potenzial-in-balos-vecindario-zu-verkaufen\/\" target=\"_self\"><img  data-lazy-load-src=\"https:\/\/canarinvestment.com\/wp-content\/uploads\/2026\/04\/33-44-525x328.jpg\" alt=\"Geb\u00e4ude mit gro\u00dfem Potenzial in Balos (Vecindario) zu verkaufen\" class=\"img-responsive\" \/><\/a>\n                                        <\/div>\n                        <\/div>\n\n                        <a href=\"https:\/\/canarinvestment.com\/de\/properties\/gebaeude-mit-grossem-potenzial-in-balos-vecindario-zu-verkaufen\/\" target=\"_self\"> <\/a><a class=\"left  carousel-control\" href=\"#property_unit_carousel_69f50a57f41e5\" data-slide=\"prev\">\n                                <i class=\"demo-icon icon-left-open-big\"><\/i>\n                            <\/a>\n\n                            <a class=\"right  carousel-control\" href=\"#property_unit_carousel_69f50a57f41e5\" data-slide=\"next\">\n                                <i class=\"demo-icon icon-right-open-big\"><\/i>\n                            <\/a>\n                    <\/div> <span class=\"icon-fav icon-fav-off\" data-original-title=\"add to favorites\" data-postid=\"801529\"><\/span><div class=\"tag-wrapper\"><div class=\"featured_div\">Featured<\/div><div class=\"status-wrapper\"><div class=\"action_tag_wrapper Verkauf \">Verkauf<\/div><div class=\"ribbon-inside \"><\/div><\/div><\/div><\/div>\n\n            <h4><a href=\"https:\/\/canarinvestment.com\/de\/properties\/gebaeude-mit-grossem-potenzial-in-balos-vecindario-zu-verkaufen\/\" target=\"_self\">\n                Geb\u00e4ude mit gro\u00dfem Potenzial in Balos (Vecin...                <\/a> \n            <\/h4> \n            \n            <div class=\"listing_unit_price_wrapper\">399.000 \u20ac <span class=\"price_label\"><\/span><\/div>        \n\n                            <div class=\"listing_details the_grid_view\">\n                    Reihenhausgeb\u00e4ude zum Verkauf mit drei Etagen plus begehbarer Dachterrasse in der Gegend von Balos ( <a href=\"https:\/\/canarinvestment.com\/de\/properties\/gebaeude-mit-grossem-potenzial-in-balos-vecindario-zu-verkaufen\/\" class=\"unit_more_x\">[more]<\/a>                <\/div>\n\n                <div class=\"listing_details the_list_view\">\n                    Reihenhausgeb\u00e4ude zum Verkauf mit drei Etagen plus begehbarer Dachterrasse in der Gegend v <a href=\"https:\/\/canarinvestment.com\/de\/properties\/gebaeude-mit-grossem-potenzial-in-balos-vecindario-zu-verkaufen\/\" class=\"unit_more_x\">[more]<\/a>                <\/div>\n               \n\n\n            <div class=\"property_listing_details\">\n                 <span>Referencia: <\/span><span class=\"mlscode\">05549<\/span><\/br><\/br> <span class=\"inforoom_unit_type2\">5<\/span><span class=\"infobath_unit_type2\">3<\/span> <span class=\"infogarage_unit_type2\">2<\/span> <span class=\"infosize_unit_type2\">373.00 m<sup>2<\/sup><\/span>            <\/div>\n               \n            <div class=\"property_location\">\n                    \n                                        <div class=\"property_agent_wrapper\">\n                        <div class=\"property_agent_image\" style=\"background-image:url('https:\/\/canarinvestment.com\/wp-content\/uploads\/2019\/07\/canarinvest-equipo-120x120.jpg')\"><\/div> \n                        <div class=\"property_agent_image_sign\"><i class=\"fa fa-user-circle-o\" aria-hidden=\"true\"><\/i><\/div>\n                    \n                    <a href=\"https:\/\/canarinvestment.com\/agents\/canarinvest-properties\/\">Canarinvest Properties<\/a>                    <\/div>\n                \n                                                  <div class=\"listing_actions\">\n\n                                         <div class=\"share_unit\">\n        <a href=\"https:\/\/www.facebook.com\/sharer.php?u=https:\/\/canarinvestment.com\/de\/properties\/gebaeude-mit-grossem-potenzial-in-balos-vecindario-zu-verkaufen\/&amp;t=Geb%C3%A4ude+mit+gro%C3%9Fem+Potenzial+in+Balos+%28Vecindario%29+zu+verkaufen\" target=\"_blank\" class=\"social_facebook\"><\/a>\n\n        <a href=\"whatsapp:\/\/send?text=Geb%C3%A4ude+mit+gro%C3%9Fem+Potenzial+in+Balos+%28Vecindario%29+zu+verkaufen+https%3A%2F%2Fcanarinvestment.com%2Fde%2Fproperties%2Fgebaeude-mit-grossem-potenzial-in-balos-vecindario-zu-verkaufen%2F\" data-action=\"share\/whatsapp\/share\"><i class=\"fab fa-whatsapp\" style=\"padding-bottom: 10px;\"><\/i><\/a>\n\n        <!-- Modificaci\u00f3n por PCSAT (A\u00f1adimos Whatsapp y eliminamos elementos inncesarios)\n        <a href=\"https:\/\/twitter.com\/home?status=Geb%C3%A4ude+mit+gro%C3%9Fem+Potenzial+in+Balos+%28Vecindario%29+zu+verkaufenhttps%3A%2F%2Fcanarinvestment.com%2Fde%2Fproperties%2Fgebaeude-mit-grossem-potenzial-in-balos-vecindario-zu-verkaufen%2F\" class=\"social_tweet\" target=\"_blank\"><\/a>\n        \n        <a href=\"https:\/\/pinterest.com\/pin\/create\/button\/?url=https:\/\/canarinvestment.com\/de\/properties\/gebaeude-mit-grossem-potenzial-in-balos-vecindario-zu-verkaufen\/&amp;media=https:\/\/canarinvestment.com\/wp-content\/uploads\/2026\/04\/33-1-1920x790.jpg&amp;description=Geb%C3%A4ude+mit+gro%C3%9Fem+Potenzial+in+Balos+%28Vecindario%29+zu+verkaufen\" target=\"_blank\" class=\"social_pinterest\"><\/a>\n        -->\n        <a href=\"mailto:email@email.com?http:\/\/subject=Geb%C3%A4ude+mit+gro%C3%9Fem+Potenzial+in+Balos+%28Vecindario%29+zu+verkaufen&#038;body=https%3A%2F%2Fcanarinvestment.com%2Fde%2Fproperties%2Fgebaeude-mit-grossem-potenzial-in-balos-vecindario-zu-verkaufen%2F\" data-action=\"share email\"  class=\"social_email\"><\/a>\n\n    <\/div>\n    \n\n                                <span class=\"share_list\"  data-original-title=\"share\" ><\/span>\n                                <span class=\"compare-action\" data-original-title=\"compare\" data-pimage=\"https:\/\/canarinvestment.com\/wp-content\/uploads\/2026\/04\/33-1-143x83.jpg\" data-pid=\"801529\"><\/span>\n                                \n                                                    <\/div>\n                        <\/div>        <\/div>             \n    <\/div>  \n\n\n\n<div class=\"col-md-4 shortcode-col has_prop_slider  listing_wrapper property_unit_type2\" data-org=\"6\" data-listid=\"798120\" > \n    <div class=\"property_listing property_unit_type2  \" data-link=\"\">\n        \n        <div class=\"listing-unit-img-wrapper\">\n                    <div id=\"property_unit_carousel_69f50a583f3e6\" class=\"carousel property_unit_carousel slide \" data-ride=\"carousel\" data-interval=\"false\">\n                        <div class=\"carousel-inner\">         \n                            <div class=\"item active\">    \n                                <a href=\"https:\/\/canarinvestment.com\/de\/properties\/saisonale-wohnung-in-erster-meereslinie\/\" target=\"_self\"><img decoding=\"async\" width=\"525\" height=\"328\" src=\"https:\/\/canarinvestment.com\/wp-content\/uploads\/2026\/04\/4-1-2-525x328.jpg\" class=\"lazyload img-responsive wp-post-image\" alt=\"\" data-original=\"https:\/\/canarinvestment.com\/wp-content\/uploads\/2026\/04\/4-1-2-525x328.jpg\" \/><\/a>     \n                            <\/div>\n                            <div class=\"item lazy-load-item\">\n                                            <a href=\"https:\/\/canarinvestment.com\/de\/properties\/saisonale-wohnung-in-erster-meereslinie\/\" target=\"_self\"><img  data-lazy-load-src=\"https:\/\/canarinvestment.com\/wp-content\/uploads\/2026\/04\/4-2-2-525x328.jpg\" alt=\"Saisonale Wohnung in erster Meereslinie\" class=\"img-responsive\" \/><\/a>\n                                        <\/div><div class=\"item lazy-load-item\">\n                                            <a href=\"https:\/\/canarinvestment.com\/de\/properties\/saisonale-wohnung-in-erster-meereslinie\/\" target=\"_self\"><img  data-lazy-load-src=\"https:\/\/canarinvestment.com\/wp-content\/uploads\/2026\/04\/4-3-2-525x328.jpg\" alt=\"Saisonale Wohnung in erster Meereslinie\" class=\"img-responsive\" \/><\/a>\n                                        <\/div><div class=\"item lazy-load-item\">\n                                            <a href=\"https:\/\/canarinvestment.com\/de\/properties\/saisonale-wohnung-in-erster-meereslinie\/\" target=\"_self\"><img  data-lazy-load-src=\"https:\/\/canarinvestment.com\/wp-content\/uploads\/2026\/04\/4-4-2-525x328.jpg\" alt=\"Saisonale Wohnung in erster Meereslinie\" class=\"img-responsive\" \/><\/a>\n                                        <\/div><div class=\"item lazy-load-item\">\n                                            <a href=\"https:\/\/canarinvestment.com\/de\/properties\/saisonale-wohnung-in-erster-meereslinie\/\" target=\"_self\"><img  data-lazy-load-src=\"https:\/\/canarinvestment.com\/wp-content\/uploads\/2026\/04\/4-5-2-525x328.jpg\" alt=\"Saisonale Wohnung in erster Meereslinie\" class=\"img-responsive\" \/><\/a>\n                                        <\/div><div class=\"item lazy-load-item\">\n                                            <a href=\"https:\/\/canarinvestment.com\/de\/properties\/saisonale-wohnung-in-erster-meereslinie\/\" target=\"_self\"><img  data-lazy-load-src=\"https:\/\/canarinvestment.com\/wp-content\/uploads\/2026\/04\/4-6-2-525x328.jpg\" alt=\"Saisonale Wohnung in erster Meereslinie\" class=\"img-responsive\" \/><\/a>\n                                        <\/div><div class=\"item lazy-load-item\">\n                                            <a href=\"https:\/\/canarinvestment.com\/de\/properties\/saisonale-wohnung-in-erster-meereslinie\/\" target=\"_self\"><img  data-lazy-load-src=\"https:\/\/canarinvestment.com\/wp-content\/uploads\/2026\/04\/4-7-2-525x328.jpg\" alt=\"Saisonale Wohnung in erster Meereslinie\" class=\"img-responsive\" \/><\/a>\n                                        <\/div><div class=\"item lazy-load-item\">\n                                            <a href=\"https:\/\/canarinvestment.com\/de\/properties\/saisonale-wohnung-in-erster-meereslinie\/\" target=\"_self\"><img  data-lazy-load-src=\"https:\/\/canarinvestment.com\/wp-content\/uploads\/2026\/04\/4-8-2-525x328.jpg\" alt=\"Saisonale Wohnung in erster Meereslinie\" class=\"img-responsive\" \/><\/a>\n                                        <\/div><div class=\"item lazy-load-item\">\n                                            <a href=\"https:\/\/canarinvestment.com\/de\/properties\/saisonale-wohnung-in-erster-meereslinie\/\" target=\"_self\"><img  data-lazy-load-src=\"https:\/\/canarinvestment.com\/wp-content\/uploads\/2026\/04\/4-9-2-525x328.jpg\" alt=\"Saisonale Wohnung in erster Meereslinie\" class=\"img-responsive\" \/><\/a>\n                                        <\/div><div class=\"item lazy-load-item\">\n                                            <a href=\"https:\/\/canarinvestment.com\/de\/properties\/saisonale-wohnung-in-erster-meereslinie\/\" target=\"_self\"><img  data-lazy-load-src=\"https:\/\/canarinvestment.com\/wp-content\/uploads\/2026\/04\/4-10-2-525x328.jpg\" alt=\"Saisonale Wohnung in erster Meereslinie\" class=\"img-responsive\" \/><\/a>\n                                        <\/div><div class=\"item lazy-load-item\">\n                                            <a href=\"https:\/\/canarinvestment.com\/de\/properties\/saisonale-wohnung-in-erster-meereslinie\/\" target=\"_self\"><img  data-lazy-load-src=\"https:\/\/canarinvestment.com\/wp-content\/uploads\/2026\/04\/4-11-2-525x328.jpg\" alt=\"Saisonale Wohnung in erster Meereslinie\" class=\"img-responsive\" \/><\/a>\n                                        <\/div><div class=\"item lazy-load-item\">\n                                            <a href=\"https:\/\/canarinvestment.com\/de\/properties\/saisonale-wohnung-in-erster-meereslinie\/\" target=\"_self\"><img  data-lazy-load-src=\"https:\/\/canarinvestment.com\/wp-content\/uploads\/2026\/04\/4-12-2-525x328.jpg\" alt=\"Saisonale Wohnung in erster Meereslinie\" class=\"img-responsive\" \/><\/a>\n                                        <\/div><div class=\"item lazy-load-item\">\n                                            <a href=\"https:\/\/canarinvestment.com\/de\/properties\/saisonale-wohnung-in-erster-meereslinie\/\" target=\"_self\"><img  data-lazy-load-src=\"https:\/\/canarinvestment.com\/wp-content\/uploads\/2026\/04\/4-13-2-525x328.jpg\" alt=\"Saisonale Wohnung in erster Meereslinie\" class=\"img-responsive\" \/><\/a>\n                                        <\/div><div class=\"item lazy-load-item\">\n                                            <a href=\"https:\/\/canarinvestment.com\/de\/properties\/saisonale-wohnung-in-erster-meereslinie\/\" target=\"_self\"><img  data-lazy-load-src=\"https:\/\/canarinvestment.com\/wp-content\/uploads\/2026\/04\/4-14-1-525x328.jpg\" alt=\"Saisonale Wohnung in erster Meereslinie\" class=\"img-responsive\" \/><\/a>\n                                        <\/div><div class=\"item lazy-load-item\">\n                                            <a href=\"https:\/\/canarinvestment.com\/de\/properties\/saisonale-wohnung-in-erster-meereslinie\/\" target=\"_self\"><img  data-lazy-load-src=\"https:\/\/canarinvestment.com\/wp-content\/uploads\/2026\/04\/4-15-1-525x328.jpg\" alt=\"Saisonale Wohnung in erster Meereslinie\" class=\"img-responsive\" \/><\/a>\n                                        <\/div><div class=\"item lazy-load-item\">\n                                            <a href=\"https:\/\/canarinvestment.com\/de\/properties\/saisonale-wohnung-in-erster-meereslinie\/\" target=\"_self\"><img  data-lazy-load-src=\"https:\/\/canarinvestment.com\/wp-content\/uploads\/2026\/04\/4-16-1-525x328.jpg\" alt=\"Saisonale Wohnung in erster Meereslinie\" class=\"img-responsive\" \/><\/a>\n                                        <\/div><div class=\"item lazy-load-item\">\n                                            <a href=\"https:\/\/canarinvestment.com\/de\/properties\/saisonale-wohnung-in-erster-meereslinie\/\" target=\"_self\"><img  data-lazy-load-src=\"https:\/\/canarinvestment.com\/wp-content\/uploads\/2026\/04\/4-17-1-525x328.jpg\" alt=\"Saisonale Wohnung in erster Meereslinie\" class=\"img-responsive\" \/><\/a>\n                                        <\/div><div class=\"item lazy-load-item\">\n                                            <a href=\"https:\/\/canarinvestment.com\/de\/properties\/saisonale-wohnung-in-erster-meereslinie\/\" target=\"_self\"><img  data-lazy-load-src=\"https:\/\/canarinvestment.com\/wp-content\/uploads\/2026\/04\/4-18-1-525x328.jpg\" alt=\"Saisonale Wohnung in erster Meereslinie\" class=\"img-responsive\" \/><\/a>\n                                        <\/div><div class=\"item lazy-load-item\">\n                                            <a href=\"https:\/\/canarinvestment.com\/de\/properties\/saisonale-wohnung-in-erster-meereslinie\/\" target=\"_self\"><img  data-lazy-load-src=\"https:\/\/canarinvestment.com\/wp-content\/uploads\/2026\/04\/4-19-1-525x328.jpg\" alt=\"Saisonale Wohnung in erster Meereslinie\" class=\"img-responsive\" \/><\/a>\n                                        <\/div><div class=\"item lazy-load-item\">\n                                            <a href=\"https:\/\/canarinvestment.com\/de\/properties\/saisonale-wohnung-in-erster-meereslinie\/\" target=\"_self\"><img  data-lazy-load-src=\"https:\/\/canarinvestment.com\/wp-content\/uploads\/2026\/04\/4-20-1-525x328.jpg\" alt=\"Saisonale Wohnung in erster Meereslinie\" class=\"img-responsive\" \/><\/a>\n                                        <\/div><div class=\"item lazy-load-item\">\n                                            <a href=\"https:\/\/canarinvestment.com\/de\/properties\/saisonale-wohnung-in-erster-meereslinie\/\" target=\"_self\"><img  data-lazy-load-src=\"https:\/\/canarinvestment.com\/wp-content\/uploads\/2026\/04\/4-21-1-525x328.jpg\" alt=\"Saisonale Wohnung in erster Meereslinie\" class=\"img-responsive\" \/><\/a>\n                                        <\/div><div class=\"item lazy-load-item\">\n                                            <a href=\"https:\/\/canarinvestment.com\/de\/properties\/saisonale-wohnung-in-erster-meereslinie\/\" target=\"_self\"><img  data-lazy-load-src=\"https:\/\/canarinvestment.com\/wp-content\/uploads\/2026\/04\/4-22-1-525x328.jpg\" alt=\"Saisonale Wohnung in erster Meereslinie\" class=\"img-responsive\" \/><\/a>\n                                        <\/div><div class=\"item lazy-load-item\">\n                                            <a href=\"https:\/\/canarinvestment.com\/de\/properties\/saisonale-wohnung-in-erster-meereslinie\/\" target=\"_self\"><img  data-lazy-load-src=\"https:\/\/canarinvestment.com\/wp-content\/uploads\/2026\/04\/4-23-1-525x328.jpg\" alt=\"Saisonale Wohnung in erster Meereslinie\" class=\"img-responsive\" \/><\/a>\n                                        <\/div><div class=\"item lazy-load-item\">\n                                            <a href=\"https:\/\/canarinvestment.com\/de\/properties\/saisonale-wohnung-in-erster-meereslinie\/\" target=\"_self\"><img  data-lazy-load-src=\"https:\/\/canarinvestment.com\/wp-content\/uploads\/2026\/04\/4-24-1-525x328.jpg\" alt=\"Saisonale Wohnung in erster Meereslinie\" class=\"img-responsive\" \/><\/a>\n                                        <\/div><div class=\"item lazy-load-item\">\n                                            <a href=\"https:\/\/canarinvestment.com\/de\/properties\/saisonale-wohnung-in-erster-meereslinie\/\" target=\"_self\"><img  data-lazy-load-src=\"https:\/\/canarinvestment.com\/wp-content\/uploads\/2026\/04\/4-25-1-525x328.jpg\" alt=\"Saisonale Wohnung in erster Meereslinie\" class=\"img-responsive\" \/><\/a>\n                                        <\/div>\n                        <\/div>\n\n                        <a href=\"https:\/\/canarinvestment.com\/de\/properties\/saisonale-wohnung-in-erster-meereslinie\/\" target=\"_self\"> <\/a><a class=\"left  carousel-control\" href=\"#property_unit_carousel_69f50a583f3e6\" data-slide=\"prev\">\n                                <i class=\"demo-icon icon-left-open-big\"><\/i>\n                            <\/a>\n\n                            <a class=\"right  carousel-control\" href=\"#property_unit_carousel_69f50a583f3e6\" data-slide=\"next\">\n                                <i class=\"demo-icon icon-right-open-big\"><\/i>\n                            <\/a>\n                    <\/div> <span class=\"icon-fav icon-fav-off\" data-original-title=\"add to favorites\" data-postid=\"798120\"><\/span><div class=\"tag-wrapper\"><div class=\"featured_div\">Featured<\/div><div class=\"status-wrapper\"><div class=\"action_tag_wrapper Alquiler de Temporada \">Alquiler de Temporada<\/div><div class=\"ribbon-inside \"><\/div><\/div><\/div><\/div>\n\n            <h4><a href=\"https:\/\/canarinvestment.com\/de\/properties\/saisonale-wohnung-in-erster-meereslinie\/\" target=\"_self\">\n                Saisonale Wohnung in erster Meereslinie                <\/a> \n            <\/h4> \n            \n            <div class=\"listing_unit_price_wrapper\"><span class=\"price_label\"><\/span><\/div>        \n\n                            <div class=\"listing_details the_grid_view\">\n                    Saisonale Vermietung einer sch\u00f6nen Wohnung in der ruhigen und gefragten Gegend von San Agust\u00edn im S\u00fc <a href=\"https:\/\/canarinvestment.com\/de\/properties\/saisonale-wohnung-in-erster-meereslinie\/\" class=\"unit_more_x\">[more]<\/a>                <\/div>\n\n                <div class=\"listing_details the_list_view\">\n                    Saisonale Vermietung einer sch\u00f6nen Wohnung in der ruhigen und gefragten Gegend von San Agu <a href=\"https:\/\/canarinvestment.com\/de\/properties\/saisonale-wohnung-in-erster-meereslinie\/\" class=\"unit_more_x\">[more]<\/a>                <\/div>\n               \n\n\n            <div class=\"property_listing_details\">\n                 <span>Referencia: <\/span><span class=\"mlscode\">05547<\/span><\/br><\/br> <span class=\"inforoom_unit_type2\">2<\/span><span class=\"infobath_unit_type2\">2<\/span> <span class=\"infogarage_unit_type2\">0<\/span> <span class=\"infosize_unit_type2\">59.00 m<sup>2<\/sup><\/span>            <\/div>\n               \n            <div class=\"property_location\">\n                    \n                                        <div class=\"property_agent_wrapper\">\n                        <div class=\"property_agent_image\" style=\"background-image:url('https:\/\/canarinvestment.com\/wp-content\/uploads\/2019\/07\/canarinvest-equipo-120x120.jpg')\"><\/div> \n                        <div class=\"property_agent_image_sign\"><i class=\"fa fa-user-circle-o\" aria-hidden=\"true\"><\/i><\/div>\n                    \n                    <a href=\"https:\/\/canarinvestment.com\/agents\/canarinvest-properties\/\">Canarinvest Properties<\/a>                    <\/div>\n                \n                                                  <div class=\"listing_actions\">\n\n                                         <div class=\"share_unit\">\n        <a href=\"https:\/\/www.facebook.com\/sharer.php?u=https:\/\/canarinvestment.com\/de\/properties\/saisonale-wohnung-in-erster-meereslinie\/&amp;t=Saisonale+Wohnung+in+erster+Meereslinie\" target=\"_blank\" class=\"social_facebook\"><\/a>\n\n        <a href=\"whatsapp:\/\/send?text=Saisonale+Wohnung+in+erster+Meereslinie+https%3A%2F%2Fcanarinvestment.com%2Fde%2Fproperties%2Fsaisonale-wohnung-in-erster-meereslinie%2F\" data-action=\"share\/whatsapp\/share\"><i class=\"fab fa-whatsapp\" style=\"padding-bottom: 10px;\"><\/i><\/a>\n\n        <!-- Modificaci\u00f3n por PCSAT (A\u00f1adimos Whatsapp y eliminamos elementos inncesarios)\n        <a href=\"https:\/\/twitter.com\/home?status=Saisonale+Wohnung+in+erster+Meeresliniehttps%3A%2F%2Fcanarinvestment.com%2Fde%2Fproperties%2Fsaisonale-wohnung-in-erster-meereslinie%2F\" class=\"social_tweet\" target=\"_blank\"><\/a>\n        \n        <a href=\"https:\/\/pinterest.com\/pin\/create\/button\/?url=https:\/\/canarinvestment.com\/de\/properties\/saisonale-wohnung-in-erster-meereslinie\/&amp;media=https:\/\/canarinvestment.com\/wp-content\/uploads\/2026\/04\/4-1-2-1600x790.jpg&amp;description=Saisonale+Wohnung+in+erster+Meereslinie\" target=\"_blank\" class=\"social_pinterest\"><\/a>\n        -->\n        <a href=\"mailto:email@email.com?http:\/\/subject=Saisonale+Wohnung+in+erster+Meereslinie&#038;body=https%3A%2F%2Fcanarinvestment.com%2Fde%2Fproperties%2Fsaisonale-wohnung-in-erster-meereslinie%2F\" data-action=\"share email\"  class=\"social_email\"><\/a>\n\n    <\/div>\n    \n\n                                <span class=\"share_list\"  data-original-title=\"share\" ><\/span>\n                                <span class=\"compare-action\" data-original-title=\"compare\" data-pimage=\"https:\/\/canarinvestment.com\/wp-content\/uploads\/2026\/04\/4-1-2-143x83.jpg\" data-pid=\"798120\"><\/span>\n                                \n                                                    <\/div>\n                        <\/div>        <\/div>             \n    <\/div>  \n\n\n\n<div class=\"col-md-4 shortcode-col has_prop_slider  listing_wrapper property_unit_type2\" data-org=\"6\" data-listid=\"797965\" > \n    <div class=\"property_listing property_unit_type2  \" data-link=\"\">\n        \n        <div class=\"listing-unit-img-wrapper\">\n                    <div id=\"property_unit_carousel_69f50a58427ad\" class=\"carousel property_unit_carousel slide \" data-ride=\"carousel\" data-interval=\"false\">\n                        <div class=\"carousel-inner\">         \n                            <div class=\"item active\">    \n                                <a href=\"https:\/\/canarinvestment.com\/de\/properties\/apartment-mit-gemeinschaftspool-in-playa-del-cura\/\" target=\"_self\"><img decoding=\"async\" width=\"525\" height=\"328\" src=\"https:\/\/canarinvestment.com\/wp-content\/uploads\/2026\/04\/3-1-525x328.jpg\" class=\"lazyload img-responsive wp-post-image\" alt=\"\" data-original=\"https:\/\/canarinvestment.com\/wp-content\/uploads\/2026\/04\/3-1-525x328.jpg\" \/><\/a>     \n                            <\/div>\n                            <div class=\"item lazy-load-item\">\n                                            <a href=\"https:\/\/canarinvestment.com\/de\/properties\/apartment-mit-gemeinschaftspool-in-playa-del-cura\/\" target=\"_self\"><img  data-lazy-load-src=\"https:\/\/canarinvestment.com\/wp-content\/uploads\/2026\/04\/3-2-525x328.jpg\" alt=\"Apartment mit Gemeinschaftspool in Playa del Cura\" class=\"img-responsive\" \/><\/a>\n                                        <\/div><div class=\"item lazy-load-item\">\n                                            <a href=\"https:\/\/canarinvestment.com\/de\/properties\/apartment-mit-gemeinschaftspool-in-playa-del-cura\/\" target=\"_self\"><img  data-lazy-load-src=\"https:\/\/canarinvestment.com\/wp-content\/uploads\/2026\/04\/3-3-525x328.jpg\" alt=\"Apartment mit Gemeinschaftspool in Playa del Cura\" class=\"img-responsive\" \/><\/a>\n                                        <\/div><div class=\"item lazy-load-item\">\n                                            <a href=\"https:\/\/canarinvestment.com\/de\/properties\/apartment-mit-gemeinschaftspool-in-playa-del-cura\/\" target=\"_self\"><img  data-lazy-load-src=\"https:\/\/canarinvestment.com\/wp-content\/uploads\/2026\/04\/3-4-525x328.jpg\" alt=\"Apartment mit Gemeinschaftspool in Playa del Cura\" class=\"img-responsive\" \/><\/a>\n                                        <\/div><div class=\"item lazy-load-item\">\n                                            <a href=\"https:\/\/canarinvestment.com\/de\/properties\/apartment-mit-gemeinschaftspool-in-playa-del-cura\/\" target=\"_self\"><img  data-lazy-load-src=\"https:\/\/canarinvestment.com\/wp-content\/uploads\/2026\/04\/3-5-525x328.jpg\" alt=\"Apartment mit Gemeinschaftspool in Playa del Cura\" class=\"img-responsive\" \/><\/a>\n                                        <\/div><div class=\"item lazy-load-item\">\n                                            <a href=\"https:\/\/canarinvestment.com\/de\/properties\/apartment-mit-gemeinschaftspool-in-playa-del-cura\/\" target=\"_self\"><img  data-lazy-load-src=\"https:\/\/canarinvestment.com\/wp-content\/uploads\/2026\/04\/3-6-525x328.jpg\" alt=\"Apartment mit Gemeinschaftspool in Playa del Cura\" class=\"img-responsive\" \/><\/a>\n                                        <\/div><div class=\"item lazy-load-item\">\n                                            <a href=\"https:\/\/canarinvestment.com\/de\/properties\/apartment-mit-gemeinschaftspool-in-playa-del-cura\/\" target=\"_self\"><img  data-lazy-load-src=\"https:\/\/canarinvestment.com\/wp-content\/uploads\/2026\/04\/3-7-525x328.jpg\" alt=\"Apartment mit Gemeinschaftspool in Playa del Cura\" class=\"img-responsive\" \/><\/a>\n                                        <\/div><div class=\"item lazy-load-item\">\n                                            <a href=\"https:\/\/canarinvestment.com\/de\/properties\/apartment-mit-gemeinschaftspool-in-playa-del-cura\/\" target=\"_self\"><img  data-lazy-load-src=\"https:\/\/canarinvestment.com\/wp-content\/uploads\/2026\/04\/3-8-525x328.jpg\" alt=\"Apartment mit Gemeinschaftspool in Playa del Cura\" class=\"img-responsive\" \/><\/a>\n                                        <\/div><div class=\"item lazy-load-item\">\n                                            <a href=\"https:\/\/canarinvestment.com\/de\/properties\/apartment-mit-gemeinschaftspool-in-playa-del-cura\/\" target=\"_self\"><img  data-lazy-load-src=\"https:\/\/canarinvestment.com\/wp-content\/uploads\/2026\/04\/3-9-525x328.jpg\" alt=\"Apartment mit Gemeinschaftspool in Playa del Cura\" class=\"img-responsive\" \/><\/a>\n                                        <\/div><div class=\"item lazy-load-item\">\n                                            <a href=\"https:\/\/canarinvestment.com\/de\/properties\/apartment-mit-gemeinschaftspool-in-playa-del-cura\/\" target=\"_self\"><img  data-lazy-load-src=\"https:\/\/canarinvestment.com\/wp-content\/uploads\/2026\/04\/3-10-525x328.jpg\" alt=\"Apartment mit Gemeinschaftspool in Playa del Cura\" class=\"img-responsive\" \/><\/a>\n                                        <\/div><div class=\"item lazy-load-item\">\n                                            <a href=\"https:\/\/canarinvestment.com\/de\/properties\/apartment-mit-gemeinschaftspool-in-playa-del-cura\/\" target=\"_self\"><img  data-lazy-load-src=\"https:\/\/canarinvestment.com\/wp-content\/uploads\/2026\/04\/3-11-525x328.jpg\" alt=\"Apartment mit Gemeinschaftspool in Playa del Cura\" class=\"img-responsive\" \/><\/a>\n                                        <\/div><div class=\"item lazy-load-item\">\n                                            <a href=\"https:\/\/canarinvestment.com\/de\/properties\/apartment-mit-gemeinschaftspool-in-playa-del-cura\/\" target=\"_self\"><img  data-lazy-load-src=\"https:\/\/canarinvestment.com\/wp-content\/uploads\/2026\/04\/3-12-525x328.jpg\" alt=\"Apartment mit Gemeinschaftspool in Playa del Cura\" class=\"img-responsive\" \/><\/a>\n                                        <\/div><div class=\"item lazy-load-item\">\n                                            <a href=\"https:\/\/canarinvestment.com\/de\/properties\/apartment-mit-gemeinschaftspool-in-playa-del-cura\/\" target=\"_self\"><img  data-lazy-load-src=\"https:\/\/canarinvestment.com\/wp-content\/uploads\/2026\/04\/3-13-525x328.jpg\" alt=\"Apartment mit Gemeinschaftspool in Playa del Cura\" class=\"img-responsive\" \/><\/a>\n                                        <\/div><div class=\"item lazy-load-item\">\n                                            <a href=\"https:\/\/canarinvestment.com\/de\/properties\/apartment-mit-gemeinschaftspool-in-playa-del-cura\/\" target=\"_self\"><img  data-lazy-load-src=\"https:\/\/canarinvestment.com\/wp-content\/uploads\/2026\/04\/3-14-525x328.jpg\" alt=\"Apartment mit Gemeinschaftspool in Playa del Cura\" class=\"img-responsive\" \/><\/a>\n                                        <\/div><div class=\"item lazy-load-item\">\n                                            <a href=\"https:\/\/canarinvestment.com\/de\/properties\/apartment-mit-gemeinschaftspool-in-playa-del-cura\/\" target=\"_self\"><img  data-lazy-load-src=\"https:\/\/canarinvestment.com\/wp-content\/uploads\/2026\/04\/3-15-525x328.jpg\" alt=\"Apartment mit Gemeinschaftspool in Playa del Cura\" class=\"img-responsive\" \/><\/a>\n                                        <\/div><div class=\"item lazy-load-item\">\n                                            <a href=\"https:\/\/canarinvestment.com\/de\/properties\/apartment-mit-gemeinschaftspool-in-playa-del-cura\/\" target=\"_self\"><img  data-lazy-load-src=\"https:\/\/canarinvestment.com\/wp-content\/uploads\/2026\/04\/3-16-525x328.jpg\" alt=\"Apartment mit Gemeinschaftspool in Playa del Cura\" class=\"img-responsive\" \/><\/a>\n                                        <\/div><div class=\"item lazy-load-item\">\n                                            <a href=\"https:\/\/canarinvestment.com\/de\/properties\/apartment-mit-gemeinschaftspool-in-playa-del-cura\/\" target=\"_self\"><img  data-lazy-load-src=\"https:\/\/canarinvestment.com\/wp-content\/uploads\/2026\/04\/3-17-525x328.jpg\" alt=\"Apartment mit Gemeinschaftspool in Playa del Cura\" class=\"img-responsive\" \/><\/a>\n                                        <\/div><div class=\"item lazy-load-item\">\n                                            <a href=\"https:\/\/canarinvestment.com\/de\/properties\/apartment-mit-gemeinschaftspool-in-playa-del-cura\/\" target=\"_self\"><img  data-lazy-load-src=\"https:\/\/canarinvestment.com\/wp-content\/uploads\/2026\/04\/3-18-525x328.jpg\" alt=\"Apartment mit Gemeinschaftspool in Playa del Cura\" class=\"img-responsive\" \/><\/a>\n                                        <\/div><div class=\"item lazy-load-item\">\n                                            <a href=\"https:\/\/canarinvestment.com\/de\/properties\/apartment-mit-gemeinschaftspool-in-playa-del-cura\/\" target=\"_self\"><img  data-lazy-load-src=\"https:\/\/canarinvestment.com\/wp-content\/uploads\/2026\/04\/3-19-525x328.jpg\" alt=\"Apartment mit Gemeinschaftspool in Playa del Cura\" class=\"img-responsive\" \/><\/a>\n                                        <\/div><div class=\"item lazy-load-item\">\n                                            <a href=\"https:\/\/canarinvestment.com\/de\/properties\/apartment-mit-gemeinschaftspool-in-playa-del-cura\/\" target=\"_self\"><img  data-lazy-load-src=\"https:\/\/canarinvestment.com\/wp-content\/uploads\/2026\/04\/3-20-525x328.jpg\" alt=\"Apartment mit Gemeinschaftspool in Playa del Cura\" class=\"img-responsive\" \/><\/a>\n                                        <\/div><div class=\"item lazy-load-item\">\n                                            <a href=\"https:\/\/canarinvestment.com\/de\/properties\/apartment-mit-gemeinschaftspool-in-playa-del-cura\/\" target=\"_self\"><img  data-lazy-load-src=\"https:\/\/canarinvestment.com\/wp-content\/uploads\/2026\/04\/3-21-525x328.jpg\" alt=\"Apartment mit Gemeinschaftspool in Playa del Cura\" class=\"img-responsive\" \/><\/a>\n                                        <\/div><div class=\"item lazy-load-item\">\n                                            <a href=\"https:\/\/canarinvestment.com\/de\/properties\/apartment-mit-gemeinschaftspool-in-playa-del-cura\/\" target=\"_self\"><img  data-lazy-load-src=\"https:\/\/canarinvestment.com\/wp-content\/uploads\/2026\/04\/3-22-525x328.jpg\" alt=\"Apartment mit Gemeinschaftspool in Playa del Cura\" class=\"img-responsive\" \/><\/a>\n                                        <\/div>\n                        <\/div>\n\n                        <a href=\"https:\/\/canarinvestment.com\/de\/properties\/apartment-mit-gemeinschaftspool-in-playa-del-cura\/\" target=\"_self\"> <\/a><a class=\"left  carousel-control\" href=\"#property_unit_carousel_69f50a58427ad\" data-slide=\"prev\">\n                                <i class=\"demo-icon icon-left-open-big\"><\/i>\n                            <\/a>\n\n                            <a class=\"right  carousel-control\" href=\"#property_unit_carousel_69f50a58427ad\" data-slide=\"next\">\n                                <i class=\"demo-icon icon-right-open-big\"><\/i>\n                            <\/a>\n                    <\/div> <span class=\"icon-fav icon-fav-off\" data-original-title=\"add to favorites\" data-postid=\"797965\"><\/span><div class=\"tag-wrapper\"><div class=\"featured_div\">Featured<\/div><div class=\"status-wrapper\"><div class=\"action_tag_wrapper Alquiler de Temporada \">Alquiler de Temporada<\/div><div class=\"ribbon-inside \"><\/div><\/div><\/div><\/div>\n\n            <h4><a href=\"https:\/\/canarinvestment.com\/de\/properties\/apartment-mit-gemeinschaftspool-in-playa-del-cura\/\" target=\"_self\">\n                Apartment mit Gemeinschaftspool in Playa del...                <\/a> \n            <\/h4> \n            \n            <div class=\"listing_unit_price_wrapper\"><span class=\"price_label\"><\/span><\/div>        \n\n                            <div class=\"listing_details the_grid_view\">\n                    Entdecken Sie Ihre Oase am Meer in Playa del Cura! Verf\u00fcgbar ab April bis September 2026. ~~Diese be <a href=\"https:\/\/canarinvestment.com\/de\/properties\/apartment-mit-gemeinschaftspool-in-playa-del-cura\/\" class=\"unit_more_x\">[more]<\/a>                <\/div>\n\n                <div class=\"listing_details the_list_view\">\n                    Entdecken Sie Ihre Oase am Meer in Playa del Cura! Verf\u00fcgbar ab April bis September 2026.  <a href=\"https:\/\/canarinvestment.com\/de\/properties\/apartment-mit-gemeinschaftspool-in-playa-del-cura\/\" class=\"unit_more_x\">[more]<\/a>                <\/div>\n               \n\n\n            <div class=\"property_listing_details\">\n                 <span>Referencia: <\/span><span class=\"mlscode\">05426<\/span><\/br><\/br> <span class=\"inforoom_unit_type2\">1<\/span><span class=\"infobath_unit_type2\">1<\/span> <span class=\"infogarage_unit_type2\">0<\/span> <span class=\"infosize_unit_type2\">44.00 m<sup>2<\/sup><\/span>            <\/div>\n               \n            <div class=\"property_location\">\n                    \n                                        <div class=\"property_agent_wrapper\">\n                        <div class=\"property_agent_image\" style=\"background-image:url('https:\/\/canarinvestment.com\/wp-content\/uploads\/2019\/07\/canarinvest-equipo-120x120.jpg')\"><\/div> \n                        <div class=\"property_agent_image_sign\"><i class=\"fa fa-user-circle-o\" aria-hidden=\"true\"><\/i><\/div>\n                    \n                    <a href=\"https:\/\/canarinvestment.com\/agents\/canarinvest-properties\/\">Canarinvest Properties<\/a>                    <\/div>\n                \n                                                  <div class=\"listing_actions\">\n\n                                         <div class=\"share_unit\">\n        <a href=\"https:\/\/www.facebook.com\/sharer.php?u=https:\/\/canarinvestment.com\/de\/properties\/apartment-mit-gemeinschaftspool-in-playa-del-cura\/&amp;t=Apartment+mit+Gemeinschaftspool+in+Playa+del+Cura\" target=\"_blank\" class=\"social_facebook\"><\/a>\n\n        <a href=\"whatsapp:\/\/send?text=Apartment+mit+Gemeinschaftspool+in+Playa+del+Cura+https%3A%2F%2Fcanarinvestment.com%2Fde%2Fproperties%2Fapartment-mit-gemeinschaftspool-in-playa-del-cura%2F\" data-action=\"share\/whatsapp\/share\"><i class=\"fab fa-whatsapp\" style=\"padding-bottom: 10px;\"><\/i><\/a>\n\n        <!-- Modificaci\u00f3n por PCSAT (A\u00f1adimos Whatsapp y eliminamos elementos inncesarios)\n        <a href=\"https:\/\/twitter.com\/home?status=Apartment+mit+Gemeinschaftspool+in+Playa+del+Curahttps%3A%2F%2Fcanarinvestment.com%2Fde%2Fproperties%2Fapartment-mit-gemeinschaftspool-in-playa-del-cura%2F\" class=\"social_tweet\" target=\"_blank\"><\/a>\n        \n        <a href=\"https:\/\/pinterest.com\/pin\/create\/button\/?url=https:\/\/canarinvestment.com\/de\/properties\/apartment-mit-gemeinschaftspool-in-playa-del-cura\/&amp;media=https:\/\/canarinvestment.com\/wp-content\/uploads\/2026\/04\/3-1-1920x790.jpg&amp;description=Apartment+mit+Gemeinschaftspool+in+Playa+del+Cura\" target=\"_blank\" class=\"social_pinterest\"><\/a>\n        -->\n        <a href=\"mailto:email@email.com?http:\/\/subject=Apartment+mit+Gemeinschaftspool+in+Playa+del+Cura&#038;body=https%3A%2F%2Fcanarinvestment.com%2Fde%2Fproperties%2Fapartment-mit-gemeinschaftspool-in-playa-del-cura%2F\" data-action=\"share email\"  class=\"social_email\"><\/a>\n\n    <\/div>\n    \n\n                                <span class=\"share_list\"  data-original-title=\"share\" ><\/span>\n                                <span class=\"compare-action\" data-original-title=\"compare\" data-pimage=\"https:\/\/canarinvestment.com\/wp-content\/uploads\/2026\/04\/3-1-143x83.jpg\" data-pid=\"797965\"><\/span>\n                                \n                                                    <\/div>\n                        <\/div>        <\/div>             \n    <\/div>  \n\n\n\n<div class=\"col-md-4 shortcode-col has_prop_slider  listing_wrapper property_unit_type2\" data-org=\"6\" data-listid=\"797652\" > \n    <div class=\"property_listing property_unit_type2  \" data-link=\"\">\n        \n        <div class=\"listing-unit-img-wrapper\">\n                    <div id=\"property_unit_carousel_69f50a5844e75\" class=\"carousel property_unit_carousel slide \" data-ride=\"carousel\" data-interval=\"false\">\n                        <div class=\"carousel-inner\">         \n                            <div class=\"item active\">    \n                                <a href=\"https:\/\/canarinvestment.com\/de\/properties\/gemuetliches-appartement-in-playa-del-ingles-zu-vermieten\/\" target=\"_self\"><img loading=\"lazy\" decoding=\"async\" width=\"525\" height=\"328\" src=\"https:\/\/canarinvestment.com\/wp-content\/uploads\/2026\/03\/3-1-1-525x328.jpg\" class=\"lazyload img-responsive wp-post-image\" alt=\"\" data-original=\"https:\/\/canarinvestment.com\/wp-content\/uploads\/2026\/03\/3-1-1-525x328.jpg\" \/><\/a>     \n                            <\/div>\n                            <div class=\"item lazy-load-item\">\n                                            <a href=\"https:\/\/canarinvestment.com\/de\/properties\/gemuetliches-appartement-in-playa-del-ingles-zu-vermieten\/\" target=\"_self\"><img  data-lazy-load-src=\"https:\/\/canarinvestment.com\/wp-content\/uploads\/2026\/03\/3-2-1-525x328.jpg\" alt=\"Gem\u00fctliches Appartement in Playa del Ingl\u00e9s zu vermieten\" class=\"img-responsive\" \/><\/a>\n                                        <\/div><div class=\"item lazy-load-item\">\n                                            <a href=\"https:\/\/canarinvestment.com\/de\/properties\/gemuetliches-appartement-in-playa-del-ingles-zu-vermieten\/\" target=\"_self\"><img  data-lazy-load-src=\"https:\/\/canarinvestment.com\/wp-content\/uploads\/2026\/03\/3-3-1-525x328.jpg\" alt=\"Gem\u00fctliches Appartement in Playa del Ingl\u00e9s zu vermieten\" class=\"img-responsive\" \/><\/a>\n                                        <\/div><div class=\"item lazy-load-item\">\n                                            <a href=\"https:\/\/canarinvestment.com\/de\/properties\/gemuetliches-appartement-in-playa-del-ingles-zu-vermieten\/\" target=\"_self\"><img  data-lazy-load-src=\"https:\/\/canarinvestment.com\/wp-content\/uploads\/2026\/03\/3-4-1-525x328.jpg\" alt=\"Gem\u00fctliches Appartement in Playa del Ingl\u00e9s zu vermieten\" class=\"img-responsive\" \/><\/a>\n                                        <\/div><div class=\"item lazy-load-item\">\n                                            <a href=\"https:\/\/canarinvestment.com\/de\/properties\/gemuetliches-appartement-in-playa-del-ingles-zu-vermieten\/\" target=\"_self\"><img  data-lazy-load-src=\"https:\/\/canarinvestment.com\/wp-content\/uploads\/2026\/03\/3-5-1-525x328.jpg\" alt=\"Gem\u00fctliches Appartement in Playa del Ingl\u00e9s zu vermieten\" class=\"img-responsive\" \/><\/a>\n                                        <\/div><div class=\"item lazy-load-item\">\n                                            <a href=\"https:\/\/canarinvestment.com\/de\/properties\/gemuetliches-appartement-in-playa-del-ingles-zu-vermieten\/\" target=\"_self\"><img  data-lazy-load-src=\"https:\/\/canarinvestment.com\/wp-content\/uploads\/2026\/03\/3-6-1-525x328.jpg\" alt=\"Gem\u00fctliches Appartement in Playa del Ingl\u00e9s zu vermieten\" class=\"img-responsive\" \/><\/a>\n                                        <\/div><div class=\"item lazy-load-item\">\n                                            <a href=\"https:\/\/canarinvestment.com\/de\/properties\/gemuetliches-appartement-in-playa-del-ingles-zu-vermieten\/\" target=\"_self\"><img  data-lazy-load-src=\"https:\/\/canarinvestment.com\/wp-content\/uploads\/2026\/03\/3-7-1-525x328.jpg\" alt=\"Gem\u00fctliches Appartement in Playa del Ingl\u00e9s zu vermieten\" class=\"img-responsive\" \/><\/a>\n                                        <\/div><div class=\"item lazy-load-item\">\n                                            <a href=\"https:\/\/canarinvestment.com\/de\/properties\/gemuetliches-appartement-in-playa-del-ingles-zu-vermieten\/\" target=\"_self\"><img  data-lazy-load-src=\"https:\/\/canarinvestment.com\/wp-content\/uploads\/2026\/03\/3-8-1-525x328.jpg\" alt=\"Gem\u00fctliches Appartement in Playa del Ingl\u00e9s zu vermieten\" class=\"img-responsive\" \/><\/a>\n                                        <\/div><div class=\"item lazy-load-item\">\n                                            <a href=\"https:\/\/canarinvestment.com\/de\/properties\/gemuetliches-appartement-in-playa-del-ingles-zu-vermieten\/\" target=\"_self\"><img  data-lazy-load-src=\"https:\/\/canarinvestment.com\/wp-content\/uploads\/2026\/03\/3-9-1-525x328.jpg\" alt=\"Gem\u00fctliches Appartement in Playa del Ingl\u00e9s zu vermieten\" class=\"img-responsive\" \/><\/a>\n                                        <\/div><div class=\"item lazy-load-item\">\n                                            <a href=\"https:\/\/canarinvestment.com\/de\/properties\/gemuetliches-appartement-in-playa-del-ingles-zu-vermieten\/\" target=\"_self\"><img  data-lazy-load-src=\"https:\/\/canarinvestment.com\/wp-content\/uploads\/2026\/03\/3-10-1-525x328.jpg\" alt=\"Gem\u00fctliches Appartement in Playa del Ingl\u00e9s zu vermieten\" class=\"img-responsive\" \/><\/a>\n                                        <\/div><div class=\"item lazy-load-item\">\n                                            <a href=\"https:\/\/canarinvestment.com\/de\/properties\/gemuetliches-appartement-in-playa-del-ingles-zu-vermieten\/\" target=\"_self\"><img  data-lazy-load-src=\"https:\/\/canarinvestment.com\/wp-content\/uploads\/2026\/03\/3-11-1-525x328.jpg\" alt=\"Gem\u00fctliches Appartement in Playa del Ingl\u00e9s zu vermieten\" class=\"img-responsive\" \/><\/a>\n                                        <\/div><div class=\"item lazy-load-item\">\n                                            <a href=\"https:\/\/canarinvestment.com\/de\/properties\/gemuetliches-appartement-in-playa-del-ingles-zu-vermieten\/\" target=\"_self\"><img  data-lazy-load-src=\"https:\/\/canarinvestment.com\/wp-content\/uploads\/2026\/03\/3-12-1-525x328.jpg\" alt=\"Gem\u00fctliches Appartement in Playa del Ingl\u00e9s zu vermieten\" class=\"img-responsive\" \/><\/a>\n                                        <\/div>\n                        <\/div>\n\n                        <a href=\"https:\/\/canarinvestment.com\/de\/properties\/gemuetliches-appartement-in-playa-del-ingles-zu-vermieten\/\" target=\"_self\"> <\/a><a class=\"left  carousel-control\" href=\"#property_unit_carousel_69f50a5844e75\" data-slide=\"prev\">\n                                <i class=\"demo-icon icon-left-open-big\"><\/i>\n                            <\/a>\n\n                            <a class=\"right  carousel-control\" href=\"#property_unit_carousel_69f50a5844e75\" data-slide=\"next\">\n                                <i class=\"demo-icon icon-right-open-big\"><\/i>\n                            <\/a>\n                    <\/div> <span class=\"icon-fav icon-fav-off\" data-original-title=\"add to favorites\" data-postid=\"797652\"><\/span><div class=\"tag-wrapper\"><div class=\"featured_div\">Featured<\/div><div class=\"status-wrapper\"><div class=\"action_tag_wrapper Vermietung \">Vermietung<\/div><div class=\"ribbon-inside \"><\/div><\/div><\/div><\/div>\n\n            <h4><a href=\"https:\/\/canarinvestment.com\/de\/properties\/gemuetliches-appartement-in-playa-del-ingles-zu-vermieten\/\" target=\"_self\">\n                Gem\u00fctliches Appartement in Playa del Ingl\u00e9s ...                <\/a> \n            <\/h4> \n            \n            <div class=\"listing_unit_price_wrapper\"><span class=\"price_label\"><\/span><\/div>        \n\n                            <div class=\"listing_details the_grid_view\">\n                    Gem\u00fctliches Appartement in Playa del Ingl\u00e9s zur saisonalen Vermietung \u2013 keine Langzeitmiete. ~Mindes <a href=\"https:\/\/canarinvestment.com\/de\/properties\/gemuetliches-appartement-in-playa-del-ingles-zu-vermieten\/\" class=\"unit_more_x\">[more]<\/a>                <\/div>\n\n                <div class=\"listing_details the_list_view\">\n                    Gem\u00fctliches Appartement in Playa del Ingl\u00e9s zur saisonalen Vermietung \u2013 keine Langzeitmiet <a href=\"https:\/\/canarinvestment.com\/de\/properties\/gemuetliches-appartement-in-playa-del-ingles-zu-vermieten\/\" class=\"unit_more_x\">[more]<\/a>                <\/div>\n               \n\n\n            <div class=\"property_listing_details\">\n                 <span>Referencia: <\/span><span class=\"mlscode\">04901<\/span><\/br><\/br> <span class=\"inforoom_unit_type2\">1<\/span><span class=\"infobath_unit_type2\">1<\/span> <span class=\"infogarage_unit_type2\">0<\/span> <span class=\"infosize_unit_type2\">48.00 m<sup>2<\/sup><\/span>            <\/div>\n               \n            <div class=\"property_location\">\n                    \n                                        <div class=\"property_agent_wrapper\">\n                        <div class=\"property_agent_image\" style=\"background-image:url('https:\/\/canarinvestment.com\/wp-content\/uploads\/2019\/07\/canarinvest-equipo-120x120.jpg')\"><\/div> \n                        <div class=\"property_agent_image_sign\"><i class=\"fa fa-user-circle-o\" aria-hidden=\"true\"><\/i><\/div>\n                    \n                    <a href=\"https:\/\/canarinvestment.com\/agents\/canarinvest-properties\/\">Canarinvest Properties<\/a>                    <\/div>\n                \n                                                  <div class=\"listing_actions\">\n\n                                         <div class=\"share_unit\">\n        <a href=\"https:\/\/www.facebook.com\/sharer.php?u=https:\/\/canarinvestment.com\/de\/properties\/gemuetliches-appartement-in-playa-del-ingles-zu-vermieten\/&amp;t=Gem%C3%BCtliches+Appartement+in+Playa+del+Ingl%C3%A9s+zu+vermieten\" target=\"_blank\" class=\"social_facebook\"><\/a>\n\n        <a href=\"whatsapp:\/\/send?text=Gem%C3%BCtliches+Appartement+in+Playa+del+Ingl%C3%A9s+zu+vermieten+https%3A%2F%2Fcanarinvestment.com%2Fde%2Fproperties%2Fgemuetliches-appartement-in-playa-del-ingles-zu-vermieten%2F\" data-action=\"share\/whatsapp\/share\"><i class=\"fab fa-whatsapp\" style=\"padding-bottom: 10px;\"><\/i><\/a>\n\n        <!-- Modificaci\u00f3n por PCSAT (A\u00f1adimos Whatsapp y eliminamos elementos inncesarios)\n        <a href=\"https:\/\/twitter.com\/home?status=Gem%C3%BCtliches+Appartement+in+Playa+del+Ingl%C3%A9s+zu+vermietenhttps%3A%2F%2Fcanarinvestment.com%2Fde%2Fproperties%2Fgemuetliches-appartement-in-playa-del-ingles-zu-vermieten%2F\" class=\"social_tweet\" target=\"_blank\"><\/a>\n        \n        <a href=\"https:\/\/pinterest.com\/pin\/create\/button\/?url=https:\/\/canarinvestment.com\/de\/properties\/gemuetliches-appartement-in-playa-del-ingles-zu-vermieten\/&amp;media=https:\/\/canarinvestment.com\/wp-content\/uploads\/2026\/03\/3-1-1-1200x790.jpg&amp;description=Gem%C3%BCtliches+Appartement+in+Playa+del+Ingl%C3%A9s+zu+vermieten\" target=\"_blank\" class=\"social_pinterest\"><\/a>\n        -->\n        <a href=\"mailto:email@email.com?http:\/\/subject=Gem%C3%BCtliches+Appartement+in+Playa+del+Ingl%C3%A9s+zu+vermieten&#038;body=https%3A%2F%2Fcanarinvestment.com%2Fde%2Fproperties%2Fgemuetliches-appartement-in-playa-del-ingles-zu-vermieten%2F\" data-action=\"share email\"  class=\"social_email\"><\/a>\n\n    <\/div>\n    \n\n                                <span class=\"share_list\"  data-original-title=\"share\" ><\/span>\n                                <span class=\"compare-action\" data-original-title=\"compare\" data-pimage=\"https:\/\/canarinvestment.com\/wp-content\/uploads\/2026\/03\/3-1-1-143x83.jpg\" data-pid=\"797652\"><\/span>\n                                \n                                                    <\/div>\n                        <\/div>        <\/div>             \n    <\/div>  \n\n\n\n<div class=\"col-md-4 shortcode-col has_prop_slider  listing_wrapper property_unit_type2\" data-org=\"6\" data-listid=\"797585\" > \n    <div class=\"property_listing property_unit_type2  \" data-link=\"\">\n        \n        <div class=\"listing-unit-img-wrapper\">\n                    <div id=\"property_unit_carousel_69f50a584752f\" class=\"carousel property_unit_carousel slide \" data-ride=\"carousel\" data-interval=\"false\">\n                        <div class=\"carousel-inner\">         \n                            <div class=\"item active\">    \n                                <a href=\"https:\/\/canarinvestment.com\/de\/properties\/apartment-mit-herrlichem-meerblick\/\" target=\"_self\"><img loading=\"lazy\" decoding=\"async\" width=\"525\" height=\"328\" src=\"https:\/\/canarinvestment.com\/wp-content\/uploads\/2026\/03\/9-1-525x328.jpg\" class=\"lazyload img-responsive wp-post-image\" alt=\"\" data-original=\"https:\/\/canarinvestment.com\/wp-content\/uploads\/2026\/03\/9-1-525x328.jpg\" \/><\/a>     \n                            <\/div>\n                            <div class=\"item lazy-load-item\">\n                                            <a href=\"https:\/\/canarinvestment.com\/de\/properties\/apartment-mit-herrlichem-meerblick\/\" target=\"_self\"><img  data-lazy-load-src=\"https:\/\/canarinvestment.com\/wp-content\/uploads\/2026\/03\/9-2-525x328.jpg\" alt=\"Apartment mit herrlichem Meerblick\" class=\"img-responsive\" \/><\/a>\n                                        <\/div><div class=\"item lazy-load-item\">\n                                            <a href=\"https:\/\/canarinvestment.com\/de\/properties\/apartment-mit-herrlichem-meerblick\/\" target=\"_self\"><img  data-lazy-load-src=\"https:\/\/canarinvestment.com\/wp-content\/uploads\/2026\/03\/9-3-525x328.jpg\" alt=\"Apartment mit herrlichem Meerblick\" class=\"img-responsive\" \/><\/a>\n                                        <\/div><div class=\"item lazy-load-item\">\n                                            <a href=\"https:\/\/canarinvestment.com\/de\/properties\/apartment-mit-herrlichem-meerblick\/\" target=\"_self\"><img  data-lazy-load-src=\"https:\/\/canarinvestment.com\/wp-content\/uploads\/2026\/03\/9-4-525x328.jpg\" alt=\"Apartment mit herrlichem Meerblick\" class=\"img-responsive\" \/><\/a>\n                                        <\/div><div class=\"item lazy-load-item\">\n                                            <a href=\"https:\/\/canarinvestment.com\/de\/properties\/apartment-mit-herrlichem-meerblick\/\" target=\"_self\"><img  data-lazy-load-src=\"https:\/\/canarinvestment.com\/wp-content\/uploads\/2026\/03\/9-5-525x328.jpg\" alt=\"Apartment mit herrlichem Meerblick\" class=\"img-responsive\" \/><\/a>\n                                        <\/div><div class=\"item lazy-load-item\">\n                                            <a href=\"https:\/\/canarinvestment.com\/de\/properties\/apartment-mit-herrlichem-meerblick\/\" target=\"_self\"><img  data-lazy-load-src=\"https:\/\/canarinvestment.com\/wp-content\/uploads\/2026\/03\/9-6-525x328.jpg\" alt=\"Apartment mit herrlichem Meerblick\" class=\"img-responsive\" \/><\/a>\n                                        <\/div><div class=\"item lazy-load-item\">\n                                            <a href=\"https:\/\/canarinvestment.com\/de\/properties\/apartment-mit-herrlichem-meerblick\/\" target=\"_self\"><img  data-lazy-load-src=\"https:\/\/canarinvestment.com\/wp-content\/uploads\/2026\/03\/9-7-525x328.jpg\" alt=\"Apartment mit herrlichem Meerblick\" class=\"img-responsive\" \/><\/a>\n                                        <\/div><div class=\"item lazy-load-item\">\n                                            <a href=\"https:\/\/canarinvestment.com\/de\/properties\/apartment-mit-herrlichem-meerblick\/\" target=\"_self\"><img  data-lazy-load-src=\"https:\/\/canarinvestment.com\/wp-content\/uploads\/2026\/03\/9-8-525x328.jpg\" alt=\"Apartment mit herrlichem Meerblick\" class=\"img-responsive\" \/><\/a>\n                                        <\/div><div class=\"item lazy-load-item\">\n                                            <a href=\"https:\/\/canarinvestment.com\/de\/properties\/apartment-mit-herrlichem-meerblick\/\" target=\"_self\"><img  data-lazy-load-src=\"https:\/\/canarinvestment.com\/wp-content\/uploads\/2026\/03\/9-9-525x328.jpg\" alt=\"Apartment mit herrlichem Meerblick\" class=\"img-responsive\" \/><\/a>\n                                        <\/div><div class=\"item lazy-load-item\">\n                                            <a href=\"https:\/\/canarinvestment.com\/de\/properties\/apartment-mit-herrlichem-meerblick\/\" target=\"_self\"><img  data-lazy-load-src=\"https:\/\/canarinvestment.com\/wp-content\/uploads\/2026\/03\/9-10-525x328.jpg\" alt=\"Apartment mit herrlichem Meerblick\" class=\"img-responsive\" \/><\/a>\n                                        <\/div><div class=\"item lazy-load-item\">\n                                            <a href=\"https:\/\/canarinvestment.com\/de\/properties\/apartment-mit-herrlichem-meerblick\/\" target=\"_self\"><img  data-lazy-load-src=\"https:\/\/canarinvestment.com\/wp-content\/uploads\/2026\/03\/9-11-525x328.jpg\" alt=\"Apartment mit herrlichem Meerblick\" class=\"img-responsive\" \/><\/a>\n                                        <\/div><div class=\"item lazy-load-item\">\n                                            <a href=\"https:\/\/canarinvestment.com\/de\/properties\/apartment-mit-herrlichem-meerblick\/\" target=\"_self\"><img  data-lazy-load-src=\"https:\/\/canarinvestment.com\/wp-content\/uploads\/2026\/03\/9-12-525x328.jpg\" alt=\"Apartment mit herrlichem Meerblick\" class=\"img-responsive\" \/><\/a>\n                                        <\/div><div class=\"item lazy-load-item\">\n                                            <a href=\"https:\/\/canarinvestment.com\/de\/properties\/apartment-mit-herrlichem-meerblick\/\" target=\"_self\"><img  data-lazy-load-src=\"https:\/\/canarinvestment.com\/wp-content\/uploads\/2026\/03\/9-13-525x328.jpg\" alt=\"Apartment mit herrlichem Meerblick\" class=\"img-responsive\" \/><\/a>\n                                        <\/div><div class=\"item lazy-load-item\">\n                                            <a href=\"https:\/\/canarinvestment.com\/de\/properties\/apartment-mit-herrlichem-meerblick\/\" target=\"_self\"><img  data-lazy-load-src=\"https:\/\/canarinvestment.com\/wp-content\/uploads\/2026\/03\/9-14-525x328.jpg\" alt=\"Apartment mit herrlichem Meerblick\" class=\"img-responsive\" \/><\/a>\n                                        <\/div>\n                        <\/div>\n\n                        <a href=\"https:\/\/canarinvestment.com\/de\/properties\/apartment-mit-herrlichem-meerblick\/\" target=\"_self\"> <\/a><a class=\"left  carousel-control\" href=\"#property_unit_carousel_69f50a584752f\" data-slide=\"prev\">\n                                <i class=\"demo-icon icon-left-open-big\"><\/i>\n                            <\/a>\n\n                            <a class=\"right  carousel-control\" href=\"#property_unit_carousel_69f50a584752f\" data-slide=\"next\">\n                                <i class=\"demo-icon icon-right-open-big\"><\/i>\n                            <\/a>\n                    <\/div> <span class=\"icon-fav icon-fav-off\" data-original-title=\"add to favorites\" data-postid=\"797585\"><\/span><div class=\"tag-wrapper\"><div class=\"featured_div\">Featured<\/div><div class=\"status-wrapper\"><div class=\"action_tag_wrapper Alquiler de Temporada \">Alquiler de Temporada<\/div><div class=\"ribbon-inside \"><\/div><\/div><\/div><\/div>\n\n            <h4><a href=\"https:\/\/canarinvestment.com\/de\/properties\/apartment-mit-herrlichem-meerblick\/\" target=\"_self\">\n                Apartment mit herrlichem Meerblick                <\/a> \n            <\/h4> \n            \n            <div class=\"listing_unit_price_wrapper\"><span class=\"price_label\"><\/span><\/div>        \n\n                            <div class=\"listing_details the_grid_view\">\n                    Verf\u00fcgbar f\u00fcr Kurzzeitmiete ab Mai.~Langzeitmieten werden nicht akzeptiert. ~~Diese Wohnung befindet <a href=\"https:\/\/canarinvestment.com\/de\/properties\/apartment-mit-herrlichem-meerblick\/\" class=\"unit_more_x\">[more]<\/a>                <\/div>\n\n                <div class=\"listing_details the_list_view\">\n                    Verf\u00fcgbar f\u00fcr Kurzzeitmiete ab Mai.~Langzeitmieten werden nicht akzeptiert. ~~Diese Wohnun <a href=\"https:\/\/canarinvestment.com\/de\/properties\/apartment-mit-herrlichem-meerblick\/\" class=\"unit_more_x\">[more]<\/a>                <\/div>\n               \n\n\n            <div class=\"property_listing_details\">\n                 <span>Referencia: <\/span><span class=\"mlscode\">05394<\/span><\/br><\/br> <span class=\"inforoom_unit_type2\">1<\/span><span class=\"infobath_unit_type2\">1<\/span> <span class=\"infogarage_unit_type2\">0<\/span> <span class=\"infosize_unit_type2\">40.00 m<sup>2<\/sup><\/span>            <\/div>\n               \n            <div class=\"property_location\">\n                    \n                                        <div class=\"property_agent_wrapper\">\n                        <div class=\"property_agent_image\" style=\"background-image:url('https:\/\/canarinvestment.com\/wp-content\/uploads\/2019\/07\/canarinvest-equipo-120x120.jpg')\"><\/div> \n                        <div class=\"property_agent_image_sign\"><i class=\"fa fa-user-circle-o\" aria-hidden=\"true\"><\/i><\/div>\n                    \n                    <a href=\"https:\/\/canarinvestment.com\/agents\/canarinvest-properties\/\">Canarinvest Properties<\/a>                    <\/div>\n                \n                                                  <div class=\"listing_actions\">\n\n                                         <div class=\"share_unit\">\n        <a href=\"https:\/\/www.facebook.com\/sharer.php?u=https:\/\/canarinvestment.com\/de\/properties\/apartment-mit-herrlichem-meerblick\/&amp;t=Apartment+mit+herrlichem+Meerblick\" target=\"_blank\" class=\"social_facebook\"><\/a>\n\n        <a href=\"whatsapp:\/\/send?text=Apartment+mit+herrlichem+Meerblick+https%3A%2F%2Fcanarinvestment.com%2Fde%2Fproperties%2Fapartment-mit-herrlichem-meerblick%2F\" data-action=\"share\/whatsapp\/share\"><i class=\"fab fa-whatsapp\" style=\"padding-bottom: 10px;\"><\/i><\/a>\n\n        <!-- Modificaci\u00f3n por PCSAT (A\u00f1adimos Whatsapp y eliminamos elementos inncesarios)\n        <a href=\"https:\/\/twitter.com\/home?status=Apartment+mit+herrlichem+Meerblickhttps%3A%2F%2Fcanarinvestment.com%2Fde%2Fproperties%2Fapartment-mit-herrlichem-meerblick%2F\" class=\"social_tweet\" target=\"_blank\"><\/a>\n        \n        <a href=\"https:\/\/pinterest.com\/pin\/create\/button\/?url=https:\/\/canarinvestment.com\/de\/properties\/apartment-mit-herrlichem-meerblick\/&amp;media=https:\/\/canarinvestment.com\/wp-content\/uploads\/2026\/03\/9-1-1920x790.jpg&amp;description=Apartment+mit+herrlichem+Meerblick\" target=\"_blank\" class=\"social_pinterest\"><\/a>\n        -->\n        <a href=\"mailto:email@email.com?http:\/\/subject=Apartment+mit+herrlichem+Meerblick&#038;body=https%3A%2F%2Fcanarinvestment.com%2Fde%2Fproperties%2Fapartment-mit-herrlichem-meerblick%2F\" data-action=\"share email\"  class=\"social_email\"><\/a>\n\n    <\/div>\n    \n\n                                <span class=\"share_list\"  data-original-title=\"share\" ><\/span>\n                                <span class=\"compare-action\" data-original-title=\"compare\" data-pimage=\"https:\/\/canarinvestment.com\/wp-content\/uploads\/2026\/03\/9-1-143x83.jpg\" data-pid=\"797585\"><\/span>\n                                \n                                                    <\/div>\n                        <\/div>        <\/div>             \n    <\/div>  \n\n\n\n<div class=\"col-md-4 shortcode-col has_prop_slider  listing_wrapper property_unit_type2\" data-org=\"6\" data-listid=\"796955\" > \n    <div class=\"property_listing property_unit_type2  \" data-link=\"\">\n        \n        <div class=\"listing-unit-img-wrapper\">\n                    <div id=\"property_unit_carousel_69f50a5849d34\" class=\"carousel property_unit_carousel slide \" data-ride=\"carousel\" data-interval=\"false\">\n                        <div class=\"carousel-inner\">         \n                            <div class=\"item active\">    \n                                <a href=\"https:\/\/canarinvestment.com\/de\/properties\/saisonale-wohnung-in-las-orquideas\/\" target=\"_self\"><img loading=\"lazy\" decoding=\"async\" width=\"525\" height=\"328\" src=\"https:\/\/canarinvestment.com\/wp-content\/uploads\/2026\/04\/4-1-1-525x328.jpg\" class=\"lazyload img-responsive wp-post-image\" alt=\"\" data-original=\"https:\/\/canarinvestment.com\/wp-content\/uploads\/2026\/04\/4-1-1-525x328.jpg\" \/><\/a>     \n                            <\/div>\n                            <div class=\"item lazy-load-item\">\n                                            <a href=\"https:\/\/canarinvestment.com\/de\/properties\/saisonale-wohnung-in-las-orquideas\/\" target=\"_self\"><img  data-lazy-load-src=\"https:\/\/canarinvestment.com\/wp-content\/uploads\/2026\/04\/4-2-1-525x328.jpg\" alt=\"Saisonale Wohnung in Las Orquideas\" class=\"img-responsive\" \/><\/a>\n                                        <\/div><div class=\"item lazy-load-item\">\n                                            <a href=\"https:\/\/canarinvestment.com\/de\/properties\/saisonale-wohnung-in-las-orquideas\/\" target=\"_self\"><img  data-lazy-load-src=\"https:\/\/canarinvestment.com\/wp-content\/uploads\/2026\/04\/4-3-1-525x328.jpg\" alt=\"Saisonale Wohnung in Las Orquideas\" class=\"img-responsive\" \/><\/a>\n                                        <\/div><div class=\"item lazy-load-item\">\n                                            <a href=\"https:\/\/canarinvestment.com\/de\/properties\/saisonale-wohnung-in-las-orquideas\/\" target=\"_self\"><img  data-lazy-load-src=\"https:\/\/canarinvestment.com\/wp-content\/uploads\/2026\/04\/4-4-1-525x328.jpg\" alt=\"Saisonale Wohnung in Las Orquideas\" class=\"img-responsive\" \/><\/a>\n                                        <\/div><div class=\"item lazy-load-item\">\n                                            <a href=\"https:\/\/canarinvestment.com\/de\/properties\/saisonale-wohnung-in-las-orquideas\/\" target=\"_self\"><img  data-lazy-load-src=\"https:\/\/canarinvestment.com\/wp-content\/uploads\/2026\/04\/4-5-1-525x328.jpg\" alt=\"Saisonale Wohnung in Las Orquideas\" class=\"img-responsive\" \/><\/a>\n                                        <\/div><div class=\"item lazy-load-item\">\n                                            <a href=\"https:\/\/canarinvestment.com\/de\/properties\/saisonale-wohnung-in-las-orquideas\/\" target=\"_self\"><img  data-lazy-load-src=\"https:\/\/canarinvestment.com\/wp-content\/uploads\/2026\/04\/4-6-1-525x328.jpg\" alt=\"Saisonale Wohnung in Las Orquideas\" class=\"img-responsive\" \/><\/a>\n                                        <\/div><div class=\"item lazy-load-item\">\n                                            <a href=\"https:\/\/canarinvestment.com\/de\/properties\/saisonale-wohnung-in-las-orquideas\/\" target=\"_self\"><img  data-lazy-load-src=\"https:\/\/canarinvestment.com\/wp-content\/uploads\/2026\/04\/4-7-1-525x328.jpg\" alt=\"Saisonale Wohnung in Las Orquideas\" class=\"img-responsive\" \/><\/a>\n                                        <\/div><div class=\"item lazy-load-item\">\n                                            <a href=\"https:\/\/canarinvestment.com\/de\/properties\/saisonale-wohnung-in-las-orquideas\/\" target=\"_self\"><img  data-lazy-load-src=\"https:\/\/canarinvestment.com\/wp-content\/uploads\/2026\/04\/4-8-1-525x328.jpg\" alt=\"Saisonale Wohnung in Las Orquideas\" class=\"img-responsive\" \/><\/a>\n                                        <\/div><div class=\"item lazy-load-item\">\n                                            <a href=\"https:\/\/canarinvestment.com\/de\/properties\/saisonale-wohnung-in-las-orquideas\/\" target=\"_self\"><img  data-lazy-load-src=\"https:\/\/canarinvestment.com\/wp-content\/uploads\/2026\/04\/4-9-1-525x328.jpg\" alt=\"Saisonale Wohnung in Las Orquideas\" class=\"img-responsive\" \/><\/a>\n                                        <\/div><div class=\"item lazy-load-item\">\n                                            <a href=\"https:\/\/canarinvestment.com\/de\/properties\/saisonale-wohnung-in-las-orquideas\/\" target=\"_self\"><img  data-lazy-load-src=\"https:\/\/canarinvestment.com\/wp-content\/uploads\/2026\/04\/4-10-1-525x328.jpg\" alt=\"Saisonale Wohnung in Las Orquideas\" class=\"img-responsive\" \/><\/a>\n                                        <\/div><div class=\"item lazy-load-item\">\n                                            <a href=\"https:\/\/canarinvestment.com\/de\/properties\/saisonale-wohnung-in-las-orquideas\/\" target=\"_self\"><img  data-lazy-load-src=\"https:\/\/canarinvestment.com\/wp-content\/uploads\/2026\/04\/4-11-1-525x328.jpg\" alt=\"Saisonale Wohnung in Las Orquideas\" class=\"img-responsive\" \/><\/a>\n                                        <\/div><div class=\"item lazy-load-item\">\n                                            <a href=\"https:\/\/canarinvestment.com\/de\/properties\/saisonale-wohnung-in-las-orquideas\/\" target=\"_self\"><img  data-lazy-load-src=\"https:\/\/canarinvestment.com\/wp-content\/uploads\/2026\/04\/4-12-1-525x328.jpg\" alt=\"Saisonale Wohnung in Las Orquideas\" class=\"img-responsive\" \/><\/a>\n                                        <\/div><div class=\"item lazy-load-item\">\n                                            <a href=\"https:\/\/canarinvestment.com\/de\/properties\/saisonale-wohnung-in-las-orquideas\/\" target=\"_self\"><img  data-lazy-load-src=\"https:\/\/canarinvestment.com\/wp-content\/uploads\/2026\/04\/4-13-1-525x328.jpg\" alt=\"Saisonale Wohnung in Las Orquideas\" class=\"img-responsive\" \/><\/a>\n                                        <\/div>\n                        <\/div>\n\n                        <a href=\"https:\/\/canarinvestment.com\/de\/properties\/saisonale-wohnung-in-las-orquideas\/\" target=\"_self\"> <\/a><a class=\"left  carousel-control\" href=\"#property_unit_carousel_69f50a5849d34\" data-slide=\"prev\">\n                                <i class=\"demo-icon icon-left-open-big\"><\/i>\n                            <\/a>\n\n                            <a class=\"right  carousel-control\" href=\"#property_unit_carousel_69f50a5849d34\" data-slide=\"next\">\n                                <i class=\"demo-icon icon-right-open-big\"><\/i>\n                            <\/a>\n                    <\/div> <span class=\"icon-fav icon-fav-off\" data-original-title=\"add to favorites\" data-postid=\"796955\"><\/span><div class=\"tag-wrapper\"><div class=\"featured_div\">Featured<\/div><div class=\"status-wrapper\"><div class=\"action_tag_wrapper Alquiler de Temporada \">Alquiler de Temporada<\/div><div class=\"ribbon-inside \"><\/div><\/div><\/div><\/div>\n\n            <h4><a href=\"https:\/\/canarinvestment.com\/de\/properties\/saisonale-wohnung-in-las-orquideas\/\" target=\"_self\">\n                Saisonale Wohnung in Las Orquideas                <\/a> \n            <\/h4> \n            \n            <div class=\"listing_unit_price_wrapper\"><span class=\"price_label\"><\/span><\/div>        \n\n                            <div class=\"listing_details the_grid_view\">\n                    Wohnung zur saisonalen Vermietung im Komplex Las Orqu\u00eddeas in Playa del Ingl\u00e9s, einer der gefragtest <a href=\"https:\/\/canarinvestment.com\/de\/properties\/saisonale-wohnung-in-las-orquideas\/\" class=\"unit_more_x\">[more]<\/a>                <\/div>\n\n                <div class=\"listing_details the_list_view\">\n                    Wohnung zur saisonalen Vermietung im Komplex Las Orqu\u00eddeas in Playa del Ingl\u00e9s, einer der  <a href=\"https:\/\/canarinvestment.com\/de\/properties\/saisonale-wohnung-in-las-orquideas\/\" class=\"unit_more_x\">[more]<\/a>                <\/div>\n               \n\n\n            <div class=\"property_listing_details\">\n                 <span>Referencia: <\/span><span class=\"mlscode\">05544<\/span><\/br><\/br> <span class=\"inforoom_unit_type2\">2<\/span><span class=\"infobath_unit_type2\">1<\/span> <span class=\"infogarage_unit_type2\">0<\/span> <span class=\"infosize_unit_type2\">60.00 m<sup>2<\/sup><\/span>            <\/div>\n               \n            <div class=\"property_location\">\n                    \n                                        <div class=\"property_agent_wrapper\">\n                        <div class=\"property_agent_image\" style=\"background-image:url('https:\/\/canarinvestment.com\/wp-content\/uploads\/2019\/07\/canarinvest-equipo-120x120.jpg')\"><\/div> \n                        <div class=\"property_agent_image_sign\"><i class=\"fa fa-user-circle-o\" aria-hidden=\"true\"><\/i><\/div>\n                    \n                    <a href=\"https:\/\/canarinvestment.com\/agents\/canarinvest-properties\/\">Canarinvest Properties<\/a>                    <\/div>\n                \n                                                  <div class=\"listing_actions\">\n\n                                         <div class=\"share_unit\">\n        <a href=\"https:\/\/www.facebook.com\/sharer.php?u=https:\/\/canarinvestment.com\/de\/properties\/saisonale-wohnung-in-las-orquideas\/&amp;t=Saisonale+Wohnung+in+Las+Orquideas\" target=\"_blank\" class=\"social_facebook\"><\/a>\n\n        <a href=\"whatsapp:\/\/send?text=Saisonale+Wohnung+in+Las+Orquideas+https%3A%2F%2Fcanarinvestment.com%2Fde%2Fproperties%2Fsaisonale-wohnung-in-las-orquideas%2F\" data-action=\"share\/whatsapp\/share\"><i class=\"fab fa-whatsapp\" style=\"padding-bottom: 10px;\"><\/i><\/a>\n\n        <!-- Modificaci\u00f3n por PCSAT (A\u00f1adimos Whatsapp y eliminamos elementos inncesarios)\n        <a href=\"https:\/\/twitter.com\/home?status=Saisonale+Wohnung+in+Las+Orquideashttps%3A%2F%2Fcanarinvestment.com%2Fde%2Fproperties%2Fsaisonale-wohnung-in-las-orquideas%2F\" class=\"social_tweet\" target=\"_blank\"><\/a>\n        \n        <a href=\"https:\/\/pinterest.com\/pin\/create\/button\/?url=https:\/\/canarinvestment.com\/de\/properties\/saisonale-wohnung-in-las-orquideas\/&amp;media=https:\/\/canarinvestment.com\/wp-content\/uploads\/2026\/04\/4-1-1.jpg&amp;description=Saisonale+Wohnung+in+Las+Orquideas\" target=\"_blank\" class=\"social_pinterest\"><\/a>\n        -->\n        <a href=\"mailto:email@email.com?http:\/\/subject=Saisonale+Wohnung+in+Las+Orquideas&#038;body=https%3A%2F%2Fcanarinvestment.com%2Fde%2Fproperties%2Fsaisonale-wohnung-in-las-orquideas%2F\" data-action=\"share email\"  class=\"social_email\"><\/a>\n\n    <\/div>\n    \n\n                                <span class=\"share_list\"  data-original-title=\"share\" ><\/span>\n                                <span class=\"compare-action\" data-original-title=\"compare\" data-pimage=\"https:\/\/canarinvestment.com\/wp-content\/uploads\/2026\/04\/4-1-1-143x83.jpg\" data-pid=\"796955\"><\/span>\n                                \n                                                    <\/div>\n                        <\/div>        <\/div>             \n    <\/div>  \n\n\n\n<div class=\"col-md-4 shortcode-col has_prop_slider  listing_wrapper property_unit_type2\" data-org=\"6\" data-listid=\"794992\" > \n    <div class=\"property_listing property_unit_type2  \" data-link=\"\">\n        \n        <div class=\"listing-unit-img-wrapper\">\n                    <div id=\"property_unit_carousel_69f50a584d0cd\" class=\"carousel property_unit_carousel slide \" data-ride=\"carousel\" data-interval=\"false\">\n                        <div class=\"carousel-inner\">         \n                            <div class=\"item active\">    \n                                <a href=\"https:\/\/canarinvestment.com\/de\/properties\/bungalow-mit-2-terrassen-und-gemeinschaftspool-fuer-den-winter\/\" target=\"_self\"><img loading=\"lazy\" decoding=\"async\" width=\"525\" height=\"328\" src=\"https:\/\/canarinvestment.com\/wp-content\/uploads\/2026\/03\/5-1-525x328.jpg\" class=\"lazyload img-responsive wp-post-image\" alt=\"\" data-original=\"https:\/\/canarinvestment.com\/wp-content\/uploads\/2026\/03\/5-1-525x328.jpg\" \/><\/a>     \n                            <\/div>\n                            <div class=\"item lazy-load-item\">\n                                            <a href=\"https:\/\/canarinvestment.com\/de\/properties\/bungalow-mit-2-terrassen-und-gemeinschaftspool-fuer-den-winter\/\" target=\"_self\"><img  data-lazy-load-src=\"https:\/\/canarinvestment.com\/wp-content\/uploads\/2026\/03\/5-2-525x328.jpg\" alt=\"Bungalow mit 2 Terrassen und Gemeinschaftspool f\u00fcr den Winter\" class=\"img-responsive\" \/><\/a>\n                                        <\/div><div class=\"item lazy-load-item\">\n                                            <a href=\"https:\/\/canarinvestment.com\/de\/properties\/bungalow-mit-2-terrassen-und-gemeinschaftspool-fuer-den-winter\/\" target=\"_self\"><img  data-lazy-load-src=\"https:\/\/canarinvestment.com\/wp-content\/uploads\/2026\/03\/5-3-525x328.jpg\" alt=\"Bungalow mit 2 Terrassen und Gemeinschaftspool f\u00fcr den Winter\" class=\"img-responsive\" \/><\/a>\n                                        <\/div><div class=\"item lazy-load-item\">\n                                            <a href=\"https:\/\/canarinvestment.com\/de\/properties\/bungalow-mit-2-terrassen-und-gemeinschaftspool-fuer-den-winter\/\" target=\"_self\"><img  data-lazy-load-src=\"https:\/\/canarinvestment.com\/wp-content\/uploads\/2026\/03\/5-4-525x328.jpg\" alt=\"Bungalow mit 2 Terrassen und Gemeinschaftspool f\u00fcr den Winter\" class=\"img-responsive\" \/><\/a>\n                                        <\/div><div class=\"item lazy-load-item\">\n                                            <a href=\"https:\/\/canarinvestment.com\/de\/properties\/bungalow-mit-2-terrassen-und-gemeinschaftspool-fuer-den-winter\/\" target=\"_self\"><img  data-lazy-load-src=\"https:\/\/canarinvestment.com\/wp-content\/uploads\/2026\/03\/5-5-525x328.jpg\" alt=\"Bungalow mit 2 Terrassen und Gemeinschaftspool f\u00fcr den Winter\" class=\"img-responsive\" \/><\/a>\n                                        <\/div><div class=\"item lazy-load-item\">\n                                            <a href=\"https:\/\/canarinvestment.com\/de\/properties\/bungalow-mit-2-terrassen-und-gemeinschaftspool-fuer-den-winter\/\" target=\"_self\"><img  data-lazy-load-src=\"https:\/\/canarinvestment.com\/wp-content\/uploads\/2026\/03\/5-6-525x328.jpg\" alt=\"Bungalow mit 2 Terrassen und Gemeinschaftspool f\u00fcr den Winter\" class=\"img-responsive\" \/><\/a>\n                                        <\/div><div class=\"item lazy-load-item\">\n                                            <a href=\"https:\/\/canarinvestment.com\/de\/properties\/bungalow-mit-2-terrassen-und-gemeinschaftspool-fuer-den-winter\/\" target=\"_self\"><img  data-lazy-load-src=\"https:\/\/canarinvestment.com\/wp-content\/uploads\/2026\/03\/5-7-525x328.jpg\" alt=\"Bungalow mit 2 Terrassen und Gemeinschaftspool f\u00fcr den Winter\" class=\"img-responsive\" \/><\/a>\n                                        <\/div><div class=\"item lazy-load-item\">\n                                            <a href=\"https:\/\/canarinvestment.com\/de\/properties\/bungalow-mit-2-terrassen-und-gemeinschaftspool-fuer-den-winter\/\" target=\"_self\"><img  data-lazy-load-src=\"https:\/\/canarinvestment.com\/wp-content\/uploads\/2026\/03\/5-8-525x328.jpg\" alt=\"Bungalow mit 2 Terrassen und Gemeinschaftspool f\u00fcr den Winter\" class=\"img-responsive\" \/><\/a>\n                                        <\/div><div class=\"item lazy-load-item\">\n                                            <a href=\"https:\/\/canarinvestment.com\/de\/properties\/bungalow-mit-2-terrassen-und-gemeinschaftspool-fuer-den-winter\/\" target=\"_self\"><img  data-lazy-load-src=\"https:\/\/canarinvestment.com\/wp-content\/uploads\/2026\/03\/5-9-525x328.jpg\" alt=\"Bungalow mit 2 Terrassen und Gemeinschaftspool f\u00fcr den Winter\" class=\"img-responsive\" \/><\/a>\n                                        <\/div><div class=\"item lazy-load-item\">\n                                            <a href=\"https:\/\/canarinvestment.com\/de\/properties\/bungalow-mit-2-terrassen-und-gemeinschaftspool-fuer-den-winter\/\" target=\"_self\"><img  data-lazy-load-src=\"https:\/\/canarinvestment.com\/wp-content\/uploads\/2026\/03\/5-10-525x328.jpg\" alt=\"Bungalow mit 2 Terrassen und Gemeinschaftspool f\u00fcr den Winter\" class=\"img-responsive\" \/><\/a>\n                                        <\/div><div class=\"item lazy-load-item\">\n                                            <a href=\"https:\/\/canarinvestment.com\/de\/properties\/bungalow-mit-2-terrassen-und-gemeinschaftspool-fuer-den-winter\/\" target=\"_self\"><img  data-lazy-load-src=\"https:\/\/canarinvestment.com\/wp-content\/uploads\/2026\/03\/5-11-525x328.jpg\" alt=\"Bungalow mit 2 Terrassen und Gemeinschaftspool f\u00fcr den Winter\" class=\"img-responsive\" \/><\/a>\n                                        <\/div><div class=\"item lazy-load-item\">\n                                            <a href=\"https:\/\/canarinvestment.com\/de\/properties\/bungalow-mit-2-terrassen-und-gemeinschaftspool-fuer-den-winter\/\" target=\"_self\"><img  data-lazy-load-src=\"https:\/\/canarinvestment.com\/wp-content\/uploads\/2026\/03\/5-12-525x328.jpg\" alt=\"Bungalow mit 2 Terrassen und Gemeinschaftspool f\u00fcr den Winter\" class=\"img-responsive\" \/><\/a>\n                                        <\/div><div class=\"item lazy-load-item\">\n                                            <a href=\"https:\/\/canarinvestment.com\/de\/properties\/bungalow-mit-2-terrassen-und-gemeinschaftspool-fuer-den-winter\/\" target=\"_self\"><img  data-lazy-load-src=\"https:\/\/canarinvestment.com\/wp-content\/uploads\/2026\/03\/5-13-525x328.jpg\" alt=\"Bungalow mit 2 Terrassen und Gemeinschaftspool f\u00fcr den Winter\" class=\"img-responsive\" \/><\/a>\n                                        <\/div><div class=\"item lazy-load-item\">\n                                            <a href=\"https:\/\/canarinvestment.com\/de\/properties\/bungalow-mit-2-terrassen-und-gemeinschaftspool-fuer-den-winter\/\" target=\"_self\"><img  data-lazy-load-src=\"https:\/\/canarinvestment.com\/wp-content\/uploads\/2026\/03\/5-14-525x328.jpg\" alt=\"Bungalow mit 2 Terrassen und Gemeinschaftspool f\u00fcr den Winter\" class=\"img-responsive\" \/><\/a>\n                                        <\/div><div class=\"item lazy-load-item\">\n                                            <a href=\"https:\/\/canarinvestment.com\/de\/properties\/bungalow-mit-2-terrassen-und-gemeinschaftspool-fuer-den-winter\/\" target=\"_self\"><img  data-lazy-load-src=\"https:\/\/canarinvestment.com\/wp-content\/uploads\/2026\/03\/5-15-525x328.jpg\" alt=\"Bungalow mit 2 Terrassen und Gemeinschaftspool f\u00fcr den Winter\" class=\"img-responsive\" \/><\/a>\n                                        <\/div><div class=\"item lazy-load-item\">\n                                            <a href=\"https:\/\/canarinvestment.com\/de\/properties\/bungalow-mit-2-terrassen-und-gemeinschaftspool-fuer-den-winter\/\" target=\"_self\"><img  data-lazy-load-src=\"https:\/\/canarinvestment.com\/wp-content\/uploads\/2026\/03\/5-16-525x328.jpg\" alt=\"Bungalow mit 2 Terrassen und Gemeinschaftspool f\u00fcr den Winter\" class=\"img-responsive\" \/><\/a>\n                                        <\/div><div class=\"item lazy-load-item\">\n                                            <a href=\"https:\/\/canarinvestment.com\/de\/properties\/bungalow-mit-2-terrassen-und-gemeinschaftspool-fuer-den-winter\/\" target=\"_self\"><img  data-lazy-load-src=\"https:\/\/canarinvestment.com\/wp-content\/uploads\/2026\/03\/5-17-525x328.jpg\" alt=\"Bungalow mit 2 Terrassen und Gemeinschaftspool f\u00fcr den Winter\" class=\"img-responsive\" \/><\/a>\n                                        <\/div><div class=\"item lazy-load-item\">\n                                            <a href=\"https:\/\/canarinvestment.com\/de\/properties\/bungalow-mit-2-terrassen-und-gemeinschaftspool-fuer-den-winter\/\" target=\"_self\"><img  data-lazy-load-src=\"https:\/\/canarinvestment.com\/wp-content\/uploads\/2026\/03\/5-18-525x328.jpg\" alt=\"Bungalow mit 2 Terrassen und Gemeinschaftspool f\u00fcr den Winter\" class=\"img-responsive\" \/><\/a>\n                                        <\/div><div class=\"item lazy-load-item\">\n                                            <a href=\"https:\/\/canarinvestment.com\/de\/properties\/bungalow-mit-2-terrassen-und-gemeinschaftspool-fuer-den-winter\/\" target=\"_self\"><img  data-lazy-load-src=\"https:\/\/canarinvestment.com\/wp-content\/uploads\/2026\/03\/5-19-525x328.jpg\" alt=\"Bungalow mit 2 Terrassen und Gemeinschaftspool f\u00fcr den Winter\" class=\"img-responsive\" \/><\/a>\n                                        <\/div><div class=\"item lazy-load-item\">\n                                            <a href=\"https:\/\/canarinvestment.com\/de\/properties\/bungalow-mit-2-terrassen-und-gemeinschaftspool-fuer-den-winter\/\" target=\"_self\"><img  data-lazy-load-src=\"https:\/\/canarinvestment.com\/wp-content\/uploads\/2026\/03\/5-20-525x328.jpg\" alt=\"Bungalow mit 2 Terrassen und Gemeinschaftspool f\u00fcr den Winter\" class=\"img-responsive\" \/><\/a>\n                                        <\/div><div class=\"item lazy-load-item\">\n                                            <a href=\"https:\/\/canarinvestment.com\/de\/properties\/bungalow-mit-2-terrassen-und-gemeinschaftspool-fuer-den-winter\/\" target=\"_self\"><img  data-lazy-load-src=\"https:\/\/canarinvestment.com\/wp-content\/uploads\/2026\/03\/5-21-525x328.jpg\" alt=\"Bungalow mit 2 Terrassen und Gemeinschaftspool f\u00fcr den Winter\" class=\"img-responsive\" \/><\/a>\n                                        <\/div><div class=\"item lazy-load-item\">\n                                            <a href=\"https:\/\/canarinvestment.com\/de\/properties\/bungalow-mit-2-terrassen-und-gemeinschaftspool-fuer-den-winter\/\" target=\"_self\"><img  data-lazy-load-src=\"https:\/\/canarinvestment.com\/wp-content\/uploads\/2026\/03\/5-22-525x328.jpg\" alt=\"Bungalow mit 2 Terrassen und Gemeinschaftspool f\u00fcr den Winter\" class=\"img-responsive\" \/><\/a>\n                                        <\/div><div class=\"item lazy-load-item\">\n                                            <a href=\"https:\/\/canarinvestment.com\/de\/properties\/bungalow-mit-2-terrassen-und-gemeinschaftspool-fuer-den-winter\/\" target=\"_self\"><img  data-lazy-load-src=\"https:\/\/canarinvestment.com\/wp-content\/uploads\/2026\/03\/5-23-525x328.jpg\" alt=\"Bungalow mit 2 Terrassen und Gemeinschaftspool f\u00fcr den Winter\" class=\"img-responsive\" \/><\/a>\n                                        <\/div><div class=\"item lazy-load-item\">\n                                            <a href=\"https:\/\/canarinvestment.com\/de\/properties\/bungalow-mit-2-terrassen-und-gemeinschaftspool-fuer-den-winter\/\" target=\"_self\"><img  data-lazy-load-src=\"https:\/\/canarinvestment.com\/wp-content\/uploads\/2026\/03\/5-24-525x328.jpg\" alt=\"Bungalow mit 2 Terrassen und Gemeinschaftspool f\u00fcr den Winter\" class=\"img-responsive\" \/><\/a>\n                                        <\/div><div class=\"item lazy-load-item\">\n                                            <a href=\"https:\/\/canarinvestment.com\/de\/properties\/bungalow-mit-2-terrassen-und-gemeinschaftspool-fuer-den-winter\/\" target=\"_self\"><img  data-lazy-load-src=\"https:\/\/canarinvestment.com\/wp-content\/uploads\/2026\/03\/5-25-525x328.jpg\" alt=\"Bungalow mit 2 Terrassen und Gemeinschaftspool f\u00fcr den Winter\" class=\"img-responsive\" \/><\/a>\n                                        <\/div><div class=\"item lazy-load-item\">\n                                            <a href=\"https:\/\/canarinvestment.com\/de\/properties\/bungalow-mit-2-terrassen-und-gemeinschaftspool-fuer-den-winter\/\" target=\"_self\"><img  data-lazy-load-src=\"https:\/\/canarinvestment.com\/wp-content\/uploads\/2026\/03\/5-26-525x328.jpg\" alt=\"Bungalow mit 2 Terrassen und Gemeinschaftspool f\u00fcr den Winter\" class=\"img-responsive\" \/><\/a>\n                                        <\/div><div class=\"item lazy-load-item\">\n                                            <a href=\"https:\/\/canarinvestment.com\/de\/properties\/bungalow-mit-2-terrassen-und-gemeinschaftspool-fuer-den-winter\/\" target=\"_self\"><img  data-lazy-load-src=\"https:\/\/canarinvestment.com\/wp-content\/uploads\/2026\/03\/5-27-525x328.jpg\" alt=\"Bungalow mit 2 Terrassen und Gemeinschaftspool f\u00fcr den Winter\" class=\"img-responsive\" \/><\/a>\n                                        <\/div><div class=\"item lazy-load-item\">\n                                            <a href=\"https:\/\/canarinvestment.com\/de\/properties\/bungalow-mit-2-terrassen-und-gemeinschaftspool-fuer-den-winter\/\" target=\"_self\"><img  data-lazy-load-src=\"https:\/\/canarinvestment.com\/wp-content\/uploads\/2026\/03\/5-28-525x328.jpg\" alt=\"Bungalow mit 2 Terrassen und Gemeinschaftspool f\u00fcr den Winter\" class=\"img-responsive\" \/><\/a>\n                                        <\/div>\n                        <\/div>\n\n                        <a href=\"https:\/\/canarinvestment.com\/de\/properties\/bungalow-mit-2-terrassen-und-gemeinschaftspool-fuer-den-winter\/\" target=\"_self\"> <\/a><a class=\"left  carousel-control\" href=\"#property_unit_carousel_69f50a584d0cd\" data-slide=\"prev\">\n                                <i class=\"demo-icon icon-left-open-big\"><\/i>\n                            <\/a>\n\n                            <a class=\"right  carousel-control\" href=\"#property_unit_carousel_69f50a584d0cd\" data-slide=\"next\">\n                                <i class=\"demo-icon icon-right-open-big\"><\/i>\n                            <\/a>\n                    <\/div> <span class=\"icon-fav icon-fav-off\" data-original-title=\"add to favorites\" data-postid=\"794992\"><\/span><div class=\"tag-wrapper\"><div class=\"featured_div\">Featured<\/div><div class=\"status-wrapper\"><div class=\"action_tag_wrapper Alquiler de Temporada \">Alquiler de Temporada<\/div><div class=\"ribbon-inside \"><\/div><\/div><\/div><\/div>\n\n            <h4><a href=\"https:\/\/canarinvestment.com\/de\/properties\/bungalow-mit-2-terrassen-und-gemeinschaftspool-fuer-den-winter\/\" target=\"_self\">\n                Bungalow mit 2 Terrassen und Gemeinschaftspo...                <\/a> \n            <\/h4> \n            \n            <div class=\"listing_unit_price_wrapper\"><span class=\"price_label\"><\/span><\/div>        \n\n                            <div class=\"listing_details the_grid_view\">\n                    Charmante Bungalow mit 2 Doppelzimmern, 1 ger\u00e4umigen Badezimmer, einer voll ausgestatteten Wohnk\u00fcche <a href=\"https:\/\/canarinvestment.com\/de\/properties\/bungalow-mit-2-terrassen-und-gemeinschaftspool-fuer-den-winter\/\" class=\"unit_more_x\">[more]<\/a>                <\/div>\n\n                <div class=\"listing_details the_list_view\">\n                    Charmante Bungalow mit 2 Doppelzimmern, 1 ger\u00e4umigen Badezimmer, einer voll ausgestatteten <a href=\"https:\/\/canarinvestment.com\/de\/properties\/bungalow-mit-2-terrassen-und-gemeinschaftspool-fuer-den-winter\/\" class=\"unit_more_x\">[more]<\/a>                <\/div>\n               \n\n\n            <div class=\"property_listing_details\">\n                 <span>Referencia: <\/span><span class=\"mlscode\">05376<\/span><\/br><\/br> <span class=\"inforoom_unit_type2\">2<\/span><span class=\"infobath_unit_type2\">1<\/span> <span class=\"infogarage_unit_type2\">0<\/span> <span class=\"infosize_unit_type2\">46.00 m<sup>2<\/sup><\/span>            <\/div>\n               \n            <div class=\"property_location\">\n                    \n                                        <div class=\"property_agent_wrapper\">\n                        <div class=\"property_agent_image\" style=\"background-image:url('https:\/\/canarinvestment.com\/wp-content\/uploads\/2019\/07\/canarinvest-equipo-120x120.jpg')\"><\/div> \n                        <div class=\"property_agent_image_sign\"><i class=\"fa fa-user-circle-o\" aria-hidden=\"true\"><\/i><\/div>\n                    \n                    <a href=\"https:\/\/canarinvestment.com\/agents\/canarinvest-properties\/\">Canarinvest Properties<\/a>                    <\/div>\n                \n                                                  <div class=\"listing_actions\">\n\n                                         <div class=\"share_unit\">\n        <a href=\"https:\/\/www.facebook.com\/sharer.php?u=https:\/\/canarinvestment.com\/de\/properties\/bungalow-mit-2-terrassen-und-gemeinschaftspool-fuer-den-winter\/&amp;t=Bungalow+mit+2+Terrassen+und+Gemeinschaftspool+f%C3%BCr+den+Winter\" target=\"_blank\" class=\"social_facebook\"><\/a>\n\n        <a href=\"whatsapp:\/\/send?text=Bungalow+mit+2+Terrassen+und+Gemeinschaftspool+f%C3%BCr+den+Winter+https%3A%2F%2Fcanarinvestment.com%2Fde%2Fproperties%2Fbungalow-mit-2-terrassen-und-gemeinschaftspool-fuer-den-winter%2F\" data-action=\"share\/whatsapp\/share\"><i class=\"fab fa-whatsapp\" style=\"padding-bottom: 10px;\"><\/i><\/a>\n\n        <!-- Modificaci\u00f3n por PCSAT (A\u00f1adimos Whatsapp y eliminamos elementos inncesarios)\n        <a href=\"https:\/\/twitter.com\/home?status=Bungalow+mit+2+Terrassen+und+Gemeinschaftspool+f%C3%BCr+den+Winterhttps%3A%2F%2Fcanarinvestment.com%2Fde%2Fproperties%2Fbungalow-mit-2-terrassen-und-gemeinschaftspool-fuer-den-winter%2F\" class=\"social_tweet\" target=\"_blank\"><\/a>\n        \n        <a href=\"https:\/\/pinterest.com\/pin\/create\/button\/?url=https:\/\/canarinvestment.com\/de\/properties\/bungalow-mit-2-terrassen-und-gemeinschaftspool-fuer-den-winter\/&amp;media=https:\/\/canarinvestment.com\/wp-content\/uploads\/2026\/03\/5-1-1920x790.jpg&amp;description=Bungalow+mit+2+Terrassen+und+Gemeinschaftspool+f%C3%BCr+den+Winter\" target=\"_blank\" class=\"social_pinterest\"><\/a>\n        -->\n        <a href=\"mailto:email@email.com?http:\/\/subject=Bungalow+mit+2+Terrassen+und+Gemeinschaftspool+f%C3%BCr+den+Winter&#038;body=https%3A%2F%2Fcanarinvestment.com%2Fde%2Fproperties%2Fbungalow-mit-2-terrassen-und-gemeinschaftspool-fuer-den-winter%2F\" data-action=\"share email\"  class=\"social_email\"><\/a>\n\n    <\/div>\n    \n\n                                <span class=\"share_list\"  data-original-title=\"share\" ><\/span>\n                                <span class=\"compare-action\" data-original-title=\"compare\" data-pimage=\"https:\/\/canarinvestment.com\/wp-content\/uploads\/2026\/03\/5-1-143x83.jpg\" data-pid=\"794992\"><\/span>\n                                \n                                                    <\/div>\n                        <\/div>        <\/div>             \n    <\/div>  \n\n\n\n<div class=\"col-md-4 shortcode-col has_prop_slider  listing_wrapper property_unit_type2\" data-org=\"6\" data-listid=\"794252\" > \n    <div class=\"property_listing property_unit_type2  \" data-link=\"\">\n        \n        <div class=\"listing-unit-img-wrapper\">\n                    <div id=\"property_unit_carousel_69f50a58506e9\" class=\"carousel property_unit_carousel slide \" data-ride=\"carousel\" data-interval=\"false\">\n                        <div class=\"carousel-inner\">         \n                            <div class=\"item active\">    \n                                <a href=\"https:\/\/canarinvestment.com\/de\/properties\/bungalow-mit-privater-terrasse-und-gemeinschaftspool\/\" target=\"_self\"><img loading=\"lazy\" decoding=\"async\" width=\"525\" height=\"328\" src=\"https:\/\/canarinvestment.com\/wp-content\/uploads\/2026\/03\/6-1-525x328.jpg\" class=\"lazyload img-responsive wp-post-image\" alt=\"\" data-original=\"https:\/\/canarinvestment.com\/wp-content\/uploads\/2026\/03\/6-1-525x328.jpg\" \/><\/a>     \n                            <\/div>\n                            <div class=\"item lazy-load-item\">\n                                            <a href=\"https:\/\/canarinvestment.com\/de\/properties\/bungalow-mit-privater-terrasse-und-gemeinschaftspool\/\" target=\"_self\"><img  data-lazy-load-src=\"https:\/\/canarinvestment.com\/wp-content\/uploads\/2026\/03\/6-2-525x328.jpg\" alt=\"Bungalow mit privater Terrasse und Gemeinschaftspool\" class=\"img-responsive\" \/><\/a>\n                                        <\/div><div class=\"item lazy-load-item\">\n                                            <a href=\"https:\/\/canarinvestment.com\/de\/properties\/bungalow-mit-privater-terrasse-und-gemeinschaftspool\/\" target=\"_self\"><img  data-lazy-load-src=\"https:\/\/canarinvestment.com\/wp-content\/uploads\/2026\/03\/6-3-525x328.jpg\" alt=\"Bungalow mit privater Terrasse und Gemeinschaftspool\" class=\"img-responsive\" \/><\/a>\n                                        <\/div><div class=\"item lazy-load-item\">\n                                            <a href=\"https:\/\/canarinvestment.com\/de\/properties\/bungalow-mit-privater-terrasse-und-gemeinschaftspool\/\" target=\"_self\"><img  data-lazy-load-src=\"https:\/\/canarinvestment.com\/wp-content\/uploads\/2026\/03\/6-4-525x328.jpg\" alt=\"Bungalow mit privater Terrasse und Gemeinschaftspool\" class=\"img-responsive\" \/><\/a>\n                                        <\/div><div class=\"item lazy-load-item\">\n                                            <a href=\"https:\/\/canarinvestment.com\/de\/properties\/bungalow-mit-privater-terrasse-und-gemeinschaftspool\/\" target=\"_self\"><img  data-lazy-load-src=\"https:\/\/canarinvestment.com\/wp-content\/uploads\/2026\/03\/6-5-525x328.jpg\" alt=\"Bungalow mit privater Terrasse und Gemeinschaftspool\" class=\"img-responsive\" \/><\/a>\n                                        <\/div><div class=\"item lazy-load-item\">\n                                            <a href=\"https:\/\/canarinvestment.com\/de\/properties\/bungalow-mit-privater-terrasse-und-gemeinschaftspool\/\" target=\"_self\"><img  data-lazy-load-src=\"https:\/\/canarinvestment.com\/wp-content\/uploads\/2026\/03\/6-6-525x328.jpg\" alt=\"Bungalow mit privater Terrasse und Gemeinschaftspool\" class=\"img-responsive\" \/><\/a>\n                                        <\/div><div class=\"item lazy-load-item\">\n                                            <a href=\"https:\/\/canarinvestment.com\/de\/properties\/bungalow-mit-privater-terrasse-und-gemeinschaftspool\/\" target=\"_self\"><img  data-lazy-load-src=\"https:\/\/canarinvestment.com\/wp-content\/uploads\/2026\/03\/6-7-525x328.jpg\" alt=\"Bungalow mit privater Terrasse und Gemeinschaftspool\" class=\"img-responsive\" \/><\/a>\n                                        <\/div><div class=\"item lazy-load-item\">\n                                            <a href=\"https:\/\/canarinvestment.com\/de\/properties\/bungalow-mit-privater-terrasse-und-gemeinschaftspool\/\" target=\"_self\"><img  data-lazy-load-src=\"https:\/\/canarinvestment.com\/wp-content\/uploads\/2026\/03\/6-8-525x328.jpg\" alt=\"Bungalow mit privater Terrasse und Gemeinschaftspool\" class=\"img-responsive\" \/><\/a>\n                                        <\/div><div class=\"item lazy-load-item\">\n                                            <a href=\"https:\/\/canarinvestment.com\/de\/properties\/bungalow-mit-privater-terrasse-und-gemeinschaftspool\/\" target=\"_self\"><img  data-lazy-load-src=\"https:\/\/canarinvestment.com\/wp-content\/uploads\/2026\/03\/6-9-525x328.jpg\" alt=\"Bungalow mit privater Terrasse und Gemeinschaftspool\" class=\"img-responsive\" \/><\/a>\n                                        <\/div><div class=\"item lazy-load-item\">\n                                            <a href=\"https:\/\/canarinvestment.com\/de\/properties\/bungalow-mit-privater-terrasse-und-gemeinschaftspool\/\" target=\"_self\"><img  data-lazy-load-src=\"https:\/\/canarinvestment.com\/wp-content\/uploads\/2026\/03\/6-10-525x328.jpg\" alt=\"Bungalow mit privater Terrasse und Gemeinschaftspool\" class=\"img-responsive\" \/><\/a>\n                                        <\/div><div class=\"item lazy-load-item\">\n                                            <a href=\"https:\/\/canarinvestment.com\/de\/properties\/bungalow-mit-privater-terrasse-und-gemeinschaftspool\/\" target=\"_self\"><img  data-lazy-load-src=\"https:\/\/canarinvestment.com\/wp-content\/uploads\/2026\/03\/6-11-525x328.jpg\" alt=\"Bungalow mit privater Terrasse und Gemeinschaftspool\" class=\"img-responsive\" \/><\/a>\n                                        <\/div><div class=\"item lazy-load-item\">\n                                            <a href=\"https:\/\/canarinvestment.com\/de\/properties\/bungalow-mit-privater-terrasse-und-gemeinschaftspool\/\" target=\"_self\"><img  data-lazy-load-src=\"https:\/\/canarinvestment.com\/wp-content\/uploads\/2026\/03\/6-12-525x328.jpg\" alt=\"Bungalow mit privater Terrasse und Gemeinschaftspool\" class=\"img-responsive\" \/><\/a>\n                                        <\/div><div class=\"item lazy-load-item\">\n                                            <a href=\"https:\/\/canarinvestment.com\/de\/properties\/bungalow-mit-privater-terrasse-und-gemeinschaftspool\/\" target=\"_self\"><img  data-lazy-load-src=\"https:\/\/canarinvestment.com\/wp-content\/uploads\/2026\/03\/6-13-525x328.jpg\" alt=\"Bungalow mit privater Terrasse und Gemeinschaftspool\" class=\"img-responsive\" \/><\/a>\n                                        <\/div><div class=\"item lazy-load-item\">\n                                            <a href=\"https:\/\/canarinvestment.com\/de\/properties\/bungalow-mit-privater-terrasse-und-gemeinschaftspool\/\" target=\"_self\"><img  data-lazy-load-src=\"https:\/\/canarinvestment.com\/wp-content\/uploads\/2026\/03\/6-14-525x328.jpg\" alt=\"Bungalow mit privater Terrasse und Gemeinschaftspool\" class=\"img-responsive\" \/><\/a>\n                                        <\/div><div class=\"item lazy-load-item\">\n                                            <a href=\"https:\/\/canarinvestment.com\/de\/properties\/bungalow-mit-privater-terrasse-und-gemeinschaftspool\/\" target=\"_self\"><img  data-lazy-load-src=\"https:\/\/canarinvestment.com\/wp-content\/uploads\/2026\/03\/6-15-525x328.jpg\" alt=\"Bungalow mit privater Terrasse und Gemeinschaftspool\" class=\"img-responsive\" \/><\/a>\n                                        <\/div><div class=\"item lazy-load-item\">\n                                            <a href=\"https:\/\/canarinvestment.com\/de\/properties\/bungalow-mit-privater-terrasse-und-gemeinschaftspool\/\" target=\"_self\"><img  data-lazy-load-src=\"https:\/\/canarinvestment.com\/wp-content\/uploads\/2026\/03\/6-16-525x328.jpg\" alt=\"Bungalow mit privater Terrasse und Gemeinschaftspool\" class=\"img-responsive\" \/><\/a>\n                                        <\/div><div class=\"item lazy-load-item\">\n                                            <a href=\"https:\/\/canarinvestment.com\/de\/properties\/bungalow-mit-privater-terrasse-und-gemeinschaftspool\/\" target=\"_self\"><img  data-lazy-load-src=\"https:\/\/canarinvestment.com\/wp-content\/uploads\/2026\/03\/6-17-525x328.jpg\" alt=\"Bungalow mit privater Terrasse und Gemeinschaftspool\" class=\"img-responsive\" \/><\/a>\n                                        <\/div><div class=\"item lazy-load-item\">\n                                            <a href=\"https:\/\/canarinvestment.com\/de\/properties\/bungalow-mit-privater-terrasse-und-gemeinschaftspool\/\" target=\"_self\"><img  data-lazy-load-src=\"https:\/\/canarinvestment.com\/wp-content\/uploads\/2026\/03\/6-18-525x328.jpg\" alt=\"Bungalow mit privater Terrasse und Gemeinschaftspool\" class=\"img-responsive\" \/><\/a>\n                                        <\/div><div class=\"item lazy-load-item\">\n                                            <a href=\"https:\/\/canarinvestment.com\/de\/properties\/bungalow-mit-privater-terrasse-und-gemeinschaftspool\/\" target=\"_self\"><img  data-lazy-load-src=\"https:\/\/canarinvestment.com\/wp-content\/uploads\/2026\/03\/6-19-525x328.jpg\" alt=\"Bungalow mit privater Terrasse und Gemeinschaftspool\" class=\"img-responsive\" \/><\/a>\n                                        <\/div><div class=\"item lazy-load-item\">\n                                            <a href=\"https:\/\/canarinvestment.com\/de\/properties\/bungalow-mit-privater-terrasse-und-gemeinschaftspool\/\" target=\"_self\"><img  data-lazy-load-src=\"https:\/\/canarinvestment.com\/wp-content\/uploads\/2026\/03\/6-20-525x328.jpg\" alt=\"Bungalow mit privater Terrasse und Gemeinschaftspool\" class=\"img-responsive\" \/><\/a>\n                                        <\/div><div class=\"item lazy-load-item\">\n                                            <a href=\"https:\/\/canarinvestment.com\/de\/properties\/bungalow-mit-privater-terrasse-und-gemeinschaftspool\/\" target=\"_self\"><img  data-lazy-load-src=\"https:\/\/canarinvestment.com\/wp-content\/uploads\/2026\/03\/6-21-525x328.jpg\" alt=\"Bungalow mit privater Terrasse und Gemeinschaftspool\" class=\"img-responsive\" \/><\/a>\n                                        <\/div><div class=\"item lazy-load-item\">\n                                            <a href=\"https:\/\/canarinvestment.com\/de\/properties\/bungalow-mit-privater-terrasse-und-gemeinschaftspool\/\" target=\"_self\"><img  data-lazy-load-src=\"https:\/\/canarinvestment.com\/wp-content\/uploads\/2026\/03\/6-22-525x328.jpg\" alt=\"Bungalow mit privater Terrasse und Gemeinschaftspool\" class=\"img-responsive\" \/><\/a>\n                                        <\/div><div class=\"item lazy-load-item\">\n                                            <a href=\"https:\/\/canarinvestment.com\/de\/properties\/bungalow-mit-privater-terrasse-und-gemeinschaftspool\/\" target=\"_self\"><img  data-lazy-load-src=\"https:\/\/canarinvestment.com\/wp-content\/uploads\/2026\/03\/6-23-525x328.jpg\" alt=\"Bungalow mit privater Terrasse und Gemeinschaftspool\" class=\"img-responsive\" \/><\/a>\n                                        <\/div><div class=\"item lazy-load-item\">\n                                            <a href=\"https:\/\/canarinvestment.com\/de\/properties\/bungalow-mit-privater-terrasse-und-gemeinschaftspool\/\" target=\"_self\"><img  data-lazy-load-src=\"https:\/\/canarinvestment.com\/wp-content\/uploads\/2026\/03\/6-24-525x328.jpg\" alt=\"Bungalow mit privater Terrasse und Gemeinschaftspool\" class=\"img-responsive\" \/><\/a>\n                                        <\/div><div class=\"item lazy-load-item\">\n                                            <a href=\"https:\/\/canarinvestment.com\/de\/properties\/bungalow-mit-privater-terrasse-und-gemeinschaftspool\/\" target=\"_self\"><img  data-lazy-load-src=\"https:\/\/canarinvestment.com\/wp-content\/uploads\/2026\/03\/6-25-525x328.jpg\" alt=\"Bungalow mit privater Terrasse und Gemeinschaftspool\" class=\"img-responsive\" \/><\/a>\n                                        <\/div><div class=\"item lazy-load-item\">\n                                            <a href=\"https:\/\/canarinvestment.com\/de\/properties\/bungalow-mit-privater-terrasse-und-gemeinschaftspool\/\" target=\"_self\"><img  data-lazy-load-src=\"https:\/\/canarinvestment.com\/wp-content\/uploads\/2026\/03\/6-26-525x328.jpg\" alt=\"Bungalow mit privater Terrasse und Gemeinschaftspool\" class=\"img-responsive\" \/><\/a>\n                                        <\/div><div class=\"item lazy-load-item\">\n                                            <a href=\"https:\/\/canarinvestment.com\/de\/properties\/bungalow-mit-privater-terrasse-und-gemeinschaftspool\/\" target=\"_self\"><img  data-lazy-load-src=\"https:\/\/canarinvestment.com\/wp-content\/uploads\/2026\/03\/6-27-525x328.jpg\" alt=\"Bungalow mit privater Terrasse und Gemeinschaftspool\" class=\"img-responsive\" \/><\/a>\n                                        <\/div><div class=\"item lazy-load-item\">\n                                            <a href=\"https:\/\/canarinvestment.com\/de\/properties\/bungalow-mit-privater-terrasse-und-gemeinschaftspool\/\" target=\"_self\"><img  data-lazy-load-src=\"https:\/\/canarinvestment.com\/wp-content\/uploads\/2026\/03\/6-28-525x328.jpg\" alt=\"Bungalow mit privater Terrasse und Gemeinschaftspool\" class=\"img-responsive\" \/><\/a>\n                                        <\/div><div class=\"item lazy-load-item\">\n                                            <a href=\"https:\/\/canarinvestment.com\/de\/properties\/bungalow-mit-privater-terrasse-und-gemeinschaftspool\/\" target=\"_self\"><img  data-lazy-load-src=\"https:\/\/canarinvestment.com\/wp-content\/uploads\/2026\/03\/6-29-525x328.jpg\" alt=\"Bungalow mit privater Terrasse und Gemeinschaftspool\" class=\"img-responsive\" \/><\/a>\n                                        <\/div><div class=\"item lazy-load-item\">\n                                            <a href=\"https:\/\/canarinvestment.com\/de\/properties\/bungalow-mit-privater-terrasse-und-gemeinschaftspool\/\" target=\"_self\"><img  data-lazy-load-src=\"https:\/\/canarinvestment.com\/wp-content\/uploads\/2026\/03\/6-30-525x328.jpg\" alt=\"Bungalow mit privater Terrasse und Gemeinschaftspool\" class=\"img-responsive\" \/><\/a>\n                                        <\/div>\n                        <\/div>\n\n                        <a href=\"https:\/\/canarinvestment.com\/de\/properties\/bungalow-mit-privater-terrasse-und-gemeinschaftspool\/\" target=\"_self\"> <\/a><a class=\"left  carousel-control\" href=\"#property_unit_carousel_69f50a58506e9\" data-slide=\"prev\">\n                                <i class=\"demo-icon icon-left-open-big\"><\/i>\n                            <\/a>\n\n                            <a class=\"right  carousel-control\" href=\"#property_unit_carousel_69f50a58506e9\" data-slide=\"next\">\n                                <i class=\"demo-icon icon-right-open-big\"><\/i>\n                            <\/a>\n                    <\/div> <span class=\"icon-fav icon-fav-off\" data-original-title=\"add to favorites\" data-postid=\"794252\"><\/span><div class=\"tag-wrapper\"><div class=\"featured_div\">Featured<\/div><div class=\"status-wrapper\"><div class=\"action_tag_wrapper Alquiler de Temporada \">Alquiler de Temporada<\/div><div class=\"ribbon-inside \"><\/div><\/div><\/div><\/div>\n\n            <h4><a href=\"https:\/\/canarinvestment.com\/de\/properties\/bungalow-mit-privater-terrasse-und-gemeinschaftspool\/\" target=\"_self\">\n                Bungalow mit privater Terrasse und Gemeinsch...                <\/a> \n            <\/h4> \n            \n            <div class=\"listing_unit_price_wrapper\"><span class=\"price_label\"><\/span><\/div>        \n\n                            <div class=\"listing_details the_grid_view\">\n                    Entdecken Sie Ihr perfektes Refugium in diesem bezaubernden Bungalow, der zur Miete steht nur f\u00fcr ku <a href=\"https:\/\/canarinvestment.com\/de\/properties\/bungalow-mit-privater-terrasse-und-gemeinschaftspool\/\" class=\"unit_more_x\">[more]<\/a>                <\/div>\n\n                <div class=\"listing_details the_list_view\">\n                    Entdecken Sie Ihr perfektes Refugium in diesem bezaubernden Bungalow, der zur Miete steht  <a href=\"https:\/\/canarinvestment.com\/de\/properties\/bungalow-mit-privater-terrasse-und-gemeinschaftspool\/\" class=\"unit_more_x\">[more]<\/a>                <\/div>\n               \n\n\n            <div class=\"property_listing_details\">\n                 <span>Referencia: <\/span><span class=\"mlscode\">05391<\/span><\/br><\/br> <span class=\"inforoom_unit_type2\">2<\/span><span class=\"infobath_unit_type2\">1<\/span> <span class=\"infogarage_unit_type2\">0<\/span> <span class=\"infosize_unit_type2\">28.00 m<sup>2<\/sup><\/span>            <\/div>\n               \n            <div class=\"property_location\">\n                    \n                                        <div class=\"property_agent_wrapper\">\n                        <div class=\"property_agent_image\" style=\"background-image:url('https:\/\/canarinvestment.com\/wp-content\/uploads\/2019\/07\/canarinvest-equipo-120x120.jpg')\"><\/div> \n                        <div class=\"property_agent_image_sign\"><i class=\"fa fa-user-circle-o\" aria-hidden=\"true\"><\/i><\/div>\n                    \n                    <a href=\"https:\/\/canarinvestment.com\/agents\/canarinvest-properties\/\">Canarinvest Properties<\/a>                    <\/div>\n                \n                                                  <div class=\"listing_actions\">\n\n                                         <div class=\"share_unit\">\n        <a href=\"https:\/\/www.facebook.com\/sharer.php?u=https:\/\/canarinvestment.com\/de\/properties\/bungalow-mit-privater-terrasse-und-gemeinschaftspool\/&amp;t=Bungalow+mit+privater+Terrasse+und+Gemeinschaftspool\" target=\"_blank\" class=\"social_facebook\"><\/a>\n\n        <a href=\"whatsapp:\/\/send?text=Bungalow+mit+privater+Terrasse+und+Gemeinschaftspool+https%3A%2F%2Fcanarinvestment.com%2Fde%2Fproperties%2Fbungalow-mit-privater-terrasse-und-gemeinschaftspool%2F\" data-action=\"share\/whatsapp\/share\"><i class=\"fab fa-whatsapp\" style=\"padding-bottom: 10px;\"><\/i><\/a>\n\n        <!-- Modificaci\u00f3n por PCSAT (A\u00f1adimos Whatsapp y eliminamos elementos inncesarios)\n        <a href=\"https:\/\/twitter.com\/home?status=Bungalow+mit+privater+Terrasse+und+Gemeinschaftspoolhttps%3A%2F%2Fcanarinvestment.com%2Fde%2Fproperties%2Fbungalow-mit-privater-terrasse-und-gemeinschaftspool%2F\" class=\"social_tweet\" target=\"_blank\"><\/a>\n        \n        <a href=\"https:\/\/pinterest.com\/pin\/create\/button\/?url=https:\/\/canarinvestment.com\/de\/properties\/bungalow-mit-privater-terrasse-und-gemeinschaftspool\/&amp;media=https:\/\/canarinvestment.com\/wp-content\/uploads\/2026\/03\/6-1-1920x790.jpg&amp;description=Bungalow+mit+privater+Terrasse+und+Gemeinschaftspool\" target=\"_blank\" class=\"social_pinterest\"><\/a>\n        -->\n        <a href=\"mailto:email@email.com?http:\/\/subject=Bungalow+mit+privater+Terrasse+und+Gemeinschaftspool&#038;body=https%3A%2F%2Fcanarinvestment.com%2Fde%2Fproperties%2Fbungalow-mit-privater-terrasse-und-gemeinschaftspool%2F\" data-action=\"share email\"  class=\"social_email\"><\/a>\n\n    <\/div>\n    \n\n                                <span class=\"share_list\"  data-original-title=\"share\" ><\/span>\n                                <span class=\"compare-action\" data-original-title=\"compare\" data-pimage=\"https:\/\/canarinvestment.com\/wp-content\/uploads\/2026\/03\/6-1-143x83.jpg\" data-pid=\"794252\"><\/span>\n                                \n                                                    <\/div>\n                        <\/div>        <\/div>             \n    <\/div>  \n\n\n\n<div class=\"col-md-4 shortcode-col has_prop_slider  listing_wrapper property_unit_type2\" data-org=\"6\" data-listid=\"787342\" > \n    <div class=\"property_listing property_unit_type2  \" data-link=\"\">\n        \n        <div class=\"listing-unit-img-wrapper\">\n                    <div id=\"property_unit_carousel_69f50a58531f1\" class=\"carousel property_unit_carousel slide \" data-ride=\"carousel\" data-interval=\"false\">\n                        <div class=\"carousel-inner\">         \n                            <div class=\"item active\">    \n                                <a href=\"https:\/\/canarinvestment.com\/de\/properties\/grossartige-lage-renovierte-immobilie\/\" target=\"_self\"><img loading=\"lazy\" decoding=\"async\" width=\"525\" height=\"328\" src=\"https:\/\/canarinvestment.com\/wp-content\/uploads\/2026\/01\/33-1-525x328.jpg\" class=\"lazyload img-responsive wp-post-image\" alt=\"\" data-original=\"https:\/\/canarinvestment.com\/wp-content\/uploads\/2026\/01\/33-1-525x328.jpg\" \/><\/a>     \n                            <\/div>\n                            <div class=\"item lazy-load-item\">\n                                            <a href=\"https:\/\/canarinvestment.com\/de\/properties\/grossartige-lage-renovierte-immobilie\/\" target=\"_self\"><img  data-lazy-load-src=\"https:\/\/canarinvestment.com\/wp-content\/uploads\/2026\/01\/33-2-525x328.jpg\" alt=\"GROSSARTIGE LAGE &#038; RENOVIERTE IMMOBILIE\" class=\"img-responsive\" \/><\/a>\n                                        <\/div><div class=\"item lazy-load-item\">\n                                            <a href=\"https:\/\/canarinvestment.com\/de\/properties\/grossartige-lage-renovierte-immobilie\/\" target=\"_self\"><img  data-lazy-load-src=\"https:\/\/canarinvestment.com\/wp-content\/uploads\/2026\/01\/33-3-525x328.jpg\" alt=\"GROSSARTIGE LAGE &#038; RENOVIERTE IMMOBILIE\" class=\"img-responsive\" \/><\/a>\n                                        <\/div><div class=\"item lazy-load-item\">\n                                            <a href=\"https:\/\/canarinvestment.com\/de\/properties\/grossartige-lage-renovierte-immobilie\/\" target=\"_self\"><img  data-lazy-load-src=\"https:\/\/canarinvestment.com\/wp-content\/uploads\/2026\/01\/33-4-525x328.jpg\" alt=\"GROSSARTIGE LAGE &#038; RENOVIERTE IMMOBILIE\" class=\"img-responsive\" \/><\/a>\n                                        <\/div><div class=\"item lazy-load-item\">\n                                            <a href=\"https:\/\/canarinvestment.com\/de\/properties\/grossartige-lage-renovierte-immobilie\/\" target=\"_self\"><img  data-lazy-load-src=\"https:\/\/canarinvestment.com\/wp-content\/uploads\/2026\/01\/33-5-525x328.jpg\" alt=\"GROSSARTIGE LAGE &#038; RENOVIERTE IMMOBILIE\" class=\"img-responsive\" \/><\/a>\n                                        <\/div><div class=\"item lazy-load-item\">\n                                            <a href=\"https:\/\/canarinvestment.com\/de\/properties\/grossartige-lage-renovierte-immobilie\/\" target=\"_self\"><img  data-lazy-load-src=\"https:\/\/canarinvestment.com\/wp-content\/uploads\/2026\/01\/33-6-525x328.jpg\" alt=\"GROSSARTIGE LAGE &#038; RENOVIERTE IMMOBILIE\" class=\"img-responsive\" \/><\/a>\n                                        <\/div><div class=\"item lazy-load-item\">\n                                            <a href=\"https:\/\/canarinvestment.com\/de\/properties\/grossartige-lage-renovierte-immobilie\/\" target=\"_self\"><img  data-lazy-load-src=\"https:\/\/canarinvestment.com\/wp-content\/uploads\/2026\/01\/33-7-525x328.jpg\" alt=\"GROSSARTIGE LAGE &#038; RENOVIERTE IMMOBILIE\" class=\"img-responsive\" \/><\/a>\n                                        <\/div><div class=\"item lazy-load-item\">\n                                            <a href=\"https:\/\/canarinvestment.com\/de\/properties\/grossartige-lage-renovierte-immobilie\/\" target=\"_self\"><img  data-lazy-load-src=\"https:\/\/canarinvestment.com\/wp-content\/uploads\/2026\/01\/33-8-525x328.jpg\" alt=\"GROSSARTIGE LAGE &#038; RENOVIERTE IMMOBILIE\" class=\"img-responsive\" \/><\/a>\n                                        <\/div><div class=\"item lazy-load-item\">\n                                            <a href=\"https:\/\/canarinvestment.com\/de\/properties\/grossartige-lage-renovierte-immobilie\/\" target=\"_self\"><img  data-lazy-load-src=\"https:\/\/canarinvestment.com\/wp-content\/uploads\/2026\/01\/33-9-525x328.jpg\" alt=\"GROSSARTIGE LAGE &#038; RENOVIERTE IMMOBILIE\" class=\"img-responsive\" \/><\/a>\n                                        <\/div><div class=\"item lazy-load-item\">\n                                            <a href=\"https:\/\/canarinvestment.com\/de\/properties\/grossartige-lage-renovierte-immobilie\/\" target=\"_self\"><img  data-lazy-load-src=\"https:\/\/canarinvestment.com\/wp-content\/uploads\/2026\/01\/33-10-525x328.jpg\" alt=\"GROSSARTIGE LAGE &#038; RENOVIERTE IMMOBILIE\" class=\"img-responsive\" \/><\/a>\n                                        <\/div><div class=\"item lazy-load-item\">\n                                            <a href=\"https:\/\/canarinvestment.com\/de\/properties\/grossartige-lage-renovierte-immobilie\/\" target=\"_self\"><img  data-lazy-load-src=\"https:\/\/canarinvestment.com\/wp-content\/uploads\/2026\/01\/33-11-525x328.jpg\" alt=\"GROSSARTIGE LAGE &#038; RENOVIERTE IMMOBILIE\" class=\"img-responsive\" \/><\/a>\n                                        <\/div><div class=\"item lazy-load-item\">\n                                            <a href=\"https:\/\/canarinvestment.com\/de\/properties\/grossartige-lage-renovierte-immobilie\/\" target=\"_self\"><img  data-lazy-load-src=\"https:\/\/canarinvestment.com\/wp-content\/uploads\/2026\/01\/33-12-525x328.jpg\" alt=\"GROSSARTIGE LAGE &#038; RENOVIERTE IMMOBILIE\" class=\"img-responsive\" \/><\/a>\n                                        <\/div><div class=\"item lazy-load-item\">\n                                            <a href=\"https:\/\/canarinvestment.com\/de\/properties\/grossartige-lage-renovierte-immobilie\/\" target=\"_self\"><img  data-lazy-load-src=\"https:\/\/canarinvestment.com\/wp-content\/uploads\/2026\/01\/33-13-525x328.jpg\" alt=\"GROSSARTIGE LAGE &#038; RENOVIERTE IMMOBILIE\" class=\"img-responsive\" \/><\/a>\n                                        <\/div><div class=\"item lazy-load-item\">\n                                            <a href=\"https:\/\/canarinvestment.com\/de\/properties\/grossartige-lage-renovierte-immobilie\/\" target=\"_self\"><img  data-lazy-load-src=\"https:\/\/canarinvestment.com\/wp-content\/uploads\/2026\/01\/33-14-525x328.jpg\" alt=\"GROSSARTIGE LAGE &#038; RENOVIERTE IMMOBILIE\" class=\"img-responsive\" \/><\/a>\n                                        <\/div><div class=\"item lazy-load-item\">\n                                            <a href=\"https:\/\/canarinvestment.com\/de\/properties\/grossartige-lage-renovierte-immobilie\/\" target=\"_self\"><img  data-lazy-load-src=\"https:\/\/canarinvestment.com\/wp-content\/uploads\/2026\/01\/33-15-525x328.jpg\" alt=\"GROSSARTIGE LAGE &#038; RENOVIERTE IMMOBILIE\" class=\"img-responsive\" \/><\/a>\n                                        <\/div>\n                        <\/div>\n\n                        <a href=\"https:\/\/canarinvestment.com\/de\/properties\/grossartige-lage-renovierte-immobilie\/\" target=\"_self\"> <\/a><a class=\"left  carousel-control\" href=\"#property_unit_carousel_69f50a58531f1\" data-slide=\"prev\">\n                                <i class=\"demo-icon icon-left-open-big\"><\/i>\n                            <\/a>\n\n                            <a class=\"right  carousel-control\" href=\"#property_unit_carousel_69f50a58531f1\" data-slide=\"next\">\n                                <i class=\"demo-icon icon-right-open-big\"><\/i>\n                            <\/a>\n                    <\/div> <span class=\"icon-fav icon-fav-off\" data-original-title=\"add to favorites\" data-postid=\"787342\"><\/span><div class=\"tag-wrapper\"><div class=\"featured_div\">Featured<\/div><div class=\"status-wrapper\"><div class=\"action_tag_wrapper Alquiler de Temporada \">Alquiler de Temporada<\/div><div class=\"ribbon-inside \"><\/div><\/div><\/div><\/div>\n\n            <h4><a href=\"https:\/\/canarinvestment.com\/de\/properties\/grossartige-lage-renovierte-immobilie\/\" target=\"_self\">\n                GROSSARTIGE LAGE &#038; RENOVIERTE IMMOBILIE                <\/a> \n            <\/h4> \n            \n            <div class=\"listing_unit_price_wrapper\"><span class=\"price_label\"><\/span><\/div>        \n\n                            <div class=\"listing_details the_grid_view\">\n                    Verf\u00fcgbar zur Kurzzeitmiete in der Wintersaison.~ Diese wundersch\u00f6ne renovierte und komplett eingeri <a href=\"https:\/\/canarinvestment.com\/de\/properties\/grossartige-lage-renovierte-immobilie\/\" class=\"unit_more_x\">[more]<\/a>                <\/div>\n\n                <div class=\"listing_details the_list_view\">\n                    Verf\u00fcgbar zur Kurzzeitmiete in der Wintersaison.~ Diese wundersch\u00f6ne renovierte und komple <a href=\"https:\/\/canarinvestment.com\/de\/properties\/grossartige-lage-renovierte-immobilie\/\" class=\"unit_more_x\">[more]<\/a>                <\/div>\n               \n\n\n            <div class=\"property_listing_details\">\n                 <span>Referencia: <\/span><span class=\"mlscode\">05239<\/span><\/br><\/br> <span class=\"inforoom_unit_type2\">3<\/span><span class=\"infobath_unit_type2\">2<\/span> <span class=\"infogarage_unit_type2\">0<\/span> <span class=\"infosize_unit_type2\">130.00 m<sup>2<\/sup><\/span>            <\/div>\n               \n            <div class=\"property_location\">\n                    \n                                        <div class=\"property_agent_wrapper\">\n                        <div class=\"property_agent_image\" style=\"background-image:url('https:\/\/canarinvestment.com\/wp-content\/uploads\/2019\/07\/canarinvest-equipo-120x120.jpg')\"><\/div> \n                        <div class=\"property_agent_image_sign\"><i class=\"fa fa-user-circle-o\" aria-hidden=\"true\"><\/i><\/div>\n                    \n                    <a href=\"https:\/\/canarinvestment.com\/agents\/canarinvest-properties\/\">Canarinvest Properties<\/a>                    <\/div>\n                \n                                                  <div class=\"listing_actions\">\n\n                                         <div class=\"share_unit\">\n        <a href=\"https:\/\/www.facebook.com\/sharer.php?u=https:\/\/canarinvestment.com\/de\/properties\/grossartige-lage-renovierte-immobilie\/&amp;t=GROSSARTIGE+LAGE+%26%23038%3B+RENOVIERTE+IMMOBILIE\" target=\"_blank\" class=\"social_facebook\"><\/a>\n\n        <a href=\"whatsapp:\/\/send?text=GROSSARTIGE+LAGE+%26%23038%3B+RENOVIERTE+IMMOBILIE+https%3A%2F%2Fcanarinvestment.com%2Fde%2Fproperties%2Fgrossartige-lage-renovierte-immobilie%2F\" data-action=\"share\/whatsapp\/share\"><i class=\"fab fa-whatsapp\" style=\"padding-bottom: 10px;\"><\/i><\/a>\n\n        <!-- Modificaci\u00f3n por PCSAT (A\u00f1adimos Whatsapp y eliminamos elementos inncesarios)\n        <a href=\"https:\/\/twitter.com\/home?status=GROSSARTIGE+LAGE+%26%23038%3B+RENOVIERTE+IMMOBILIEhttps%3A%2F%2Fcanarinvestment.com%2Fde%2Fproperties%2Fgrossartige-lage-renovierte-immobilie%2F\" class=\"social_tweet\" target=\"_blank\"><\/a>\n        \n        <a href=\"https:\/\/pinterest.com\/pin\/create\/button\/?url=https:\/\/canarinvestment.com\/de\/properties\/grossartige-lage-renovierte-immobilie\/&amp;media=https:\/\/canarinvestment.com\/wp-content\/uploads\/2026\/01\/33-1-1400x790.jpg&amp;description=GROSSARTIGE+LAGE+%26%23038%3B+RENOVIERTE+IMMOBILIE\" target=\"_blank\" class=\"social_pinterest\"><\/a>\n        -->\n        <a href=\"mailto:email@email.com?http:\/\/subject=GROSSARTIGE+LAGE+%26%23038%3B+RENOVIERTE+IMMOBILIE&#038;body=https%3A%2F%2Fcanarinvestment.com%2Fde%2Fproperties%2Fgrossartige-lage-renovierte-immobilie%2F\" data-action=\"share email\"  class=\"social_email\"><\/a>\n\n    <\/div>\n    \n\n                                <span class=\"share_list\"  data-original-title=\"share\" ><\/span>\n                                <span class=\"compare-action\" data-original-title=\"compare\" data-pimage=\"https:\/\/canarinvestment.com\/wp-content\/uploads\/2026\/01\/33-1-143x83.jpg\" data-pid=\"787342\"><\/span>\n                                \n                                                    <\/div>\n                        <\/div>        <\/div>             \n    <\/div>  \n\n\n\n<div class=\"col-md-4 shortcode-col has_prop_slider  listing_wrapper property_unit_type2\" data-org=\"6\" data-listid=\"785859\" > \n    <div class=\"property_listing property_unit_type2  \" data-link=\"\">\n        \n        <div class=\"listing-unit-img-wrapper\">\n                    <div id=\"property_unit_carousel_69f50a5855a56\" class=\"carousel property_unit_carousel slide \" data-ride=\"carousel\" data-interval=\"false\">\n                        <div class=\"carousel-inner\">         \n                            <div class=\"item active\">    \n                                <a href=\"https:\/\/canarinvestment.com\/de\/properties\/apartment-in-san-fernando\/\" target=\"_self\"><img loading=\"lazy\" decoding=\"async\" width=\"525\" height=\"328\" src=\"https:\/\/canarinvestment.com\/wp-content\/uploads\/2026\/01\/5-1-1-525x328.jpg\" class=\"lazyload img-responsive wp-post-image\" alt=\"\" data-original=\"https:\/\/canarinvestment.com\/wp-content\/uploads\/2026\/01\/5-1-1-525x328.jpg\" \/><\/a>     \n                            <\/div>\n                            <div class=\"item lazy-load-item\">\n                                            <a href=\"https:\/\/canarinvestment.com\/de\/properties\/apartment-in-san-fernando\/\" target=\"_self\"><img  data-lazy-load-src=\"https:\/\/canarinvestment.com\/wp-content\/uploads\/2026\/01\/5-2-1-525x328.jpg\" alt=\"Apartment in San Fernando\" class=\"img-responsive\" \/><\/a>\n                                        <\/div><div class=\"item lazy-load-item\">\n                                            <a href=\"https:\/\/canarinvestment.com\/de\/properties\/apartment-in-san-fernando\/\" target=\"_self\"><img  data-lazy-load-src=\"https:\/\/canarinvestment.com\/wp-content\/uploads\/2026\/01\/5-3-1-525x328.jpg\" alt=\"Apartment in San Fernando\" class=\"img-responsive\" \/><\/a>\n                                        <\/div><div class=\"item lazy-load-item\">\n                                            <a href=\"https:\/\/canarinvestment.com\/de\/properties\/apartment-in-san-fernando\/\" target=\"_self\"><img  data-lazy-load-src=\"https:\/\/canarinvestment.com\/wp-content\/uploads\/2026\/01\/5-4-1-525x328.jpg\" alt=\"Apartment in San Fernando\" class=\"img-responsive\" \/><\/a>\n                                        <\/div><div class=\"item lazy-load-item\">\n                                            <a href=\"https:\/\/canarinvestment.com\/de\/properties\/apartment-in-san-fernando\/\" target=\"_self\"><img  data-lazy-load-src=\"https:\/\/canarinvestment.com\/wp-content\/uploads\/2026\/01\/5-5-1-525x328.jpg\" alt=\"Apartment in San Fernando\" class=\"img-responsive\" \/><\/a>\n                                        <\/div><div class=\"item lazy-load-item\">\n                                            <a href=\"https:\/\/canarinvestment.com\/de\/properties\/apartment-in-san-fernando\/\" target=\"_self\"><img  data-lazy-load-src=\"https:\/\/canarinvestment.com\/wp-content\/uploads\/2026\/01\/5-6-1-525x328.jpg\" alt=\"Apartment in San Fernando\" class=\"img-responsive\" \/><\/a>\n                                        <\/div><div class=\"item lazy-load-item\">\n                                            <a href=\"https:\/\/canarinvestment.com\/de\/properties\/apartment-in-san-fernando\/\" target=\"_self\"><img  data-lazy-load-src=\"https:\/\/canarinvestment.com\/wp-content\/uploads\/2026\/01\/5-7-1-525x328.jpg\" alt=\"Apartment in San Fernando\" class=\"img-responsive\" \/><\/a>\n                                        <\/div><div class=\"item lazy-load-item\">\n                                            <a href=\"https:\/\/canarinvestment.com\/de\/properties\/apartment-in-san-fernando\/\" target=\"_self\"><img  data-lazy-load-src=\"https:\/\/canarinvestment.com\/wp-content\/uploads\/2026\/01\/5-8-1-525x328.jpg\" alt=\"Apartment in San Fernando\" class=\"img-responsive\" \/><\/a>\n                                        <\/div><div class=\"item lazy-load-item\">\n                                            <a href=\"https:\/\/canarinvestment.com\/de\/properties\/apartment-in-san-fernando\/\" target=\"_self\"><img  data-lazy-load-src=\"https:\/\/canarinvestment.com\/wp-content\/uploads\/2026\/01\/5-9-1-525x328.jpg\" alt=\"Apartment in San Fernando\" class=\"img-responsive\" \/><\/a>\n                                        <\/div><div class=\"item lazy-load-item\">\n                                            <a href=\"https:\/\/canarinvestment.com\/de\/properties\/apartment-in-san-fernando\/\" target=\"_self\"><img  data-lazy-load-src=\"https:\/\/canarinvestment.com\/wp-content\/uploads\/2026\/01\/5-10-1-525x328.jpg\" alt=\"Apartment in San Fernando\" class=\"img-responsive\" \/><\/a>\n                                        <\/div><div class=\"item lazy-load-item\">\n                                            <a href=\"https:\/\/canarinvestment.com\/de\/properties\/apartment-in-san-fernando\/\" target=\"_self\"><img  data-lazy-load-src=\"https:\/\/canarinvestment.com\/wp-content\/uploads\/2026\/01\/5-11-1-525x328.jpg\" alt=\"Apartment in San Fernando\" class=\"img-responsive\" \/><\/a>\n                                        <\/div><div class=\"item lazy-load-item\">\n                                            <a href=\"https:\/\/canarinvestment.com\/de\/properties\/apartment-in-san-fernando\/\" target=\"_self\"><img  data-lazy-load-src=\"https:\/\/canarinvestment.com\/wp-content\/uploads\/2026\/01\/5-12-1-525x328.jpg\" alt=\"Apartment in San Fernando\" class=\"img-responsive\" \/><\/a>\n                                        <\/div><div class=\"item lazy-load-item\">\n                                            <a href=\"https:\/\/canarinvestment.com\/de\/properties\/apartment-in-san-fernando\/\" target=\"_self\"><img  data-lazy-load-src=\"https:\/\/canarinvestment.com\/wp-content\/uploads\/2026\/03\/5-13-2-525x328.jpg\" alt=\"Apartment in San Fernando\" class=\"img-responsive\" \/><\/a>\n                                        <\/div>\n                        <\/div>\n\n                        <a href=\"https:\/\/canarinvestment.com\/de\/properties\/apartment-in-san-fernando\/\" target=\"_self\"> <\/a><a class=\"left  carousel-control\" href=\"#property_unit_carousel_69f50a5855a56\" data-slide=\"prev\">\n                                <i class=\"demo-icon icon-left-open-big\"><\/i>\n                            <\/a>\n\n                            <a class=\"right  carousel-control\" href=\"#property_unit_carousel_69f50a5855a56\" data-slide=\"next\">\n                                <i class=\"demo-icon icon-right-open-big\"><\/i>\n                            <\/a>\n                    <\/div> <span class=\"icon-fav icon-fav-off\" data-original-title=\"add to favorites\" data-postid=\"785859\"><\/span><div class=\"tag-wrapper\"><div class=\"featured_div\">Featured<\/div><div class=\"status-wrapper\"><div class=\"action_tag_wrapper Vermietung \">Vermietung<\/div><div class=\"ribbon-inside \"><\/div><\/div><\/div><\/div>\n\n            <h4><a href=\"https:\/\/canarinvestment.com\/de\/properties\/apartment-in-san-fernando\/\" target=\"_self\">\n                Apartment in San Fernando                <\/a> \n            <\/h4> \n            \n            <div class=\"listing_unit_price_wrapper\">900 \u20ac <span class=\"price_label\"><\/span><\/div>        \n\n                            <div class=\"listing_details the_grid_view\">\n                    Mietm\u00f6glichkeit verf\u00fcgbar f\u00fcr bis zu maximal 1 Jahr und ein Minimum von 6 Monaten in San Fernando de <a href=\"https:\/\/canarinvestment.com\/de\/properties\/apartment-in-san-fernando\/\" class=\"unit_more_x\">[more]<\/a>                <\/div>\n\n                <div class=\"listing_details the_list_view\">\n                    Mietm\u00f6glichkeit verf\u00fcgbar f\u00fcr bis zu maximal 1 Jahr und ein Minimum von 6 Monaten in San F <a href=\"https:\/\/canarinvestment.com\/de\/properties\/apartment-in-san-fernando\/\" class=\"unit_more_x\">[more]<\/a>                <\/div>\n               \n\n\n            <div class=\"property_listing_details\">\n                 <span>Referencia: <\/span><span class=\"mlscode\">05424<\/span><\/br><\/br> <span class=\"inforoom_unit_type2\">1<\/span><span class=\"infobath_unit_type2\">1<\/span> <span class=\"infogarage_unit_type2\">0<\/span> <span class=\"infosize_unit_type2\">45.00 m<sup>2<\/sup><\/span>            <\/div>\n               \n            <div class=\"property_location\">\n                    \n                                        <div class=\"property_agent_wrapper\">\n                        <div class=\"property_agent_image\" style=\"background-image:url('https:\/\/canarinvestment.com\/wp-content\/uploads\/2019\/07\/canarinvest-equipo-120x120.jpg')\"><\/div> \n                        <div class=\"property_agent_image_sign\"><i class=\"fa fa-user-circle-o\" aria-hidden=\"true\"><\/i><\/div>\n                    \n                    <a href=\"https:\/\/canarinvestment.com\/agents\/canarinvest-properties\/\">Canarinvest Properties<\/a>                    <\/div>\n                \n                                                  <div class=\"listing_actions\">\n\n                                         <div class=\"share_unit\">\n        <a href=\"https:\/\/www.facebook.com\/sharer.php?u=https:\/\/canarinvestment.com\/de\/properties\/apartment-in-san-fernando\/&amp;t=Apartment+in+San+Fernando\" target=\"_blank\" class=\"social_facebook\"><\/a>\n\n        <a href=\"whatsapp:\/\/send?text=Apartment+in+San+Fernando+https%3A%2F%2Fcanarinvestment.com%2Fde%2Fproperties%2Fapartment-in-san-fernando%2F\" data-action=\"share\/whatsapp\/share\"><i class=\"fab fa-whatsapp\" style=\"padding-bottom: 10px;\"><\/i><\/a>\n\n        <!-- Modificaci\u00f3n por PCSAT (A\u00f1adimos Whatsapp y eliminamos elementos inncesarios)\n        <a href=\"https:\/\/twitter.com\/home?status=Apartment+in+San+Fernandohttps%3A%2F%2Fcanarinvestment.com%2Fde%2Fproperties%2Fapartment-in-san-fernando%2F\" class=\"social_tweet\" target=\"_blank\"><\/a>\n        \n        <a href=\"https:\/\/pinterest.com\/pin\/create\/button\/?url=https:\/\/canarinvestment.com\/de\/properties\/apartment-in-san-fernando\/&amp;media=https:\/\/canarinvestment.com\/wp-content\/uploads\/2026\/01\/5-1-1-1920x790.jpg&amp;description=Apartment+in+San+Fernando\" target=\"_blank\" class=\"social_pinterest\"><\/a>\n        -->\n        <a href=\"mailto:email@email.com?http:\/\/subject=Apartment+in+San+Fernando&#038;body=https%3A%2F%2Fcanarinvestment.com%2Fde%2Fproperties%2Fapartment-in-san-fernando%2F\" data-action=\"share email\"  class=\"social_email\"><\/a>\n\n    <\/div>\n    \n\n                                <span class=\"share_list\"  data-original-title=\"share\" ><\/span>\n                                <span class=\"compare-action\" data-original-title=\"compare\" data-pimage=\"https:\/\/canarinvestment.com\/wp-content\/uploads\/2026\/01\/5-1-1-143x83.jpg\" data-pid=\"785859\"><\/span>\n                                \n                                                    <\/div>\n                        <\/div>        <\/div>             \n    <\/div>  \n\n\n\n<div class=\"col-md-4 shortcode-col has_prop_slider  listing_wrapper property_unit_type2\" data-org=\"6\" data-listid=\"785793\" > \n    <div class=\"property_listing property_unit_type2  \" data-link=\"\">\n        \n        <div class=\"listing-unit-img-wrapper\">\n                    <div id=\"property_unit_carousel_69f50a5858231\" class=\"carousel property_unit_carousel slide \" data-ride=\"carousel\" data-interval=\"false\">\n                        <div class=\"carousel-inner\">         \n                            <div class=\"item active\">    \n                                <a href=\"https:\/\/canarinvestment.com\/de\/properties\/studio-mit-meerblick-pool-und-parkplatz\/\" target=\"_self\"><img loading=\"lazy\" decoding=\"async\" width=\"525\" height=\"328\" src=\"https:\/\/canarinvestment.com\/wp-content\/uploads\/2026\/01\/8-1-525x328.jpg\" class=\"lazyload img-responsive wp-post-image\" alt=\"\" data-original=\"https:\/\/canarinvestment.com\/wp-content\/uploads\/2026\/01\/8-1-525x328.jpg\" \/><\/a>     \n                            <\/div>\n                            <div class=\"item lazy-load-item\">\n                                            <a href=\"https:\/\/canarinvestment.com\/de\/properties\/studio-mit-meerblick-pool-und-parkplatz\/\" target=\"_self\"><img  data-lazy-load-src=\"https:\/\/canarinvestment.com\/wp-content\/uploads\/2026\/01\/8-2-525x328.jpg\" alt=\"Studio mit Meerblick, Pool und Parkplatz.\" class=\"img-responsive\" \/><\/a>\n                                        <\/div><div class=\"item lazy-load-item\">\n                                            <a href=\"https:\/\/canarinvestment.com\/de\/properties\/studio-mit-meerblick-pool-und-parkplatz\/\" target=\"_self\"><img  data-lazy-load-src=\"https:\/\/canarinvestment.com\/wp-content\/uploads\/2026\/01\/8-3-525x328.jpg\" alt=\"Studio mit Meerblick, Pool und Parkplatz.\" class=\"img-responsive\" \/><\/a>\n                                        <\/div><div class=\"item lazy-load-item\">\n                                            <a href=\"https:\/\/canarinvestment.com\/de\/properties\/studio-mit-meerblick-pool-und-parkplatz\/\" target=\"_self\"><img  data-lazy-load-src=\"https:\/\/canarinvestment.com\/wp-content\/uploads\/2026\/01\/8-4-525x328.jpg\" alt=\"Studio mit Meerblick, Pool und Parkplatz.\" class=\"img-responsive\" \/><\/a>\n                                        <\/div><div class=\"item lazy-load-item\">\n                                            <a href=\"https:\/\/canarinvestment.com\/de\/properties\/studio-mit-meerblick-pool-und-parkplatz\/\" target=\"_self\"><img  data-lazy-load-src=\"https:\/\/canarinvestment.com\/wp-content\/uploads\/2026\/01\/8-5-525x328.jpg\" alt=\"Studio mit Meerblick, Pool und Parkplatz.\" class=\"img-responsive\" \/><\/a>\n                                        <\/div><div class=\"item lazy-load-item\">\n                                            <a href=\"https:\/\/canarinvestment.com\/de\/properties\/studio-mit-meerblick-pool-und-parkplatz\/\" target=\"_self\"><img  data-lazy-load-src=\"https:\/\/canarinvestment.com\/wp-content\/uploads\/2026\/01\/8-6-525x328.jpg\" alt=\"Studio mit Meerblick, Pool und Parkplatz.\" class=\"img-responsive\" \/><\/a>\n                                        <\/div><div class=\"item lazy-load-item\">\n                                            <a href=\"https:\/\/canarinvestment.com\/de\/properties\/studio-mit-meerblick-pool-und-parkplatz\/\" target=\"_self\"><img  data-lazy-load-src=\"https:\/\/canarinvestment.com\/wp-content\/uploads\/2026\/01\/8-7-525x328.jpg\" alt=\"Studio mit Meerblick, Pool und Parkplatz.\" class=\"img-responsive\" \/><\/a>\n                                        <\/div><div class=\"item lazy-load-item\">\n                                            <a href=\"https:\/\/canarinvestment.com\/de\/properties\/studio-mit-meerblick-pool-und-parkplatz\/\" target=\"_self\"><img  data-lazy-load-src=\"https:\/\/canarinvestment.com\/wp-content\/uploads\/2026\/01\/8-8-525x328.jpg\" alt=\"Studio mit Meerblick, Pool und Parkplatz.\" class=\"img-responsive\" \/><\/a>\n                                        <\/div><div class=\"item lazy-load-item\">\n                                            <a href=\"https:\/\/canarinvestment.com\/de\/properties\/studio-mit-meerblick-pool-und-parkplatz\/\" target=\"_self\"><img  data-lazy-load-src=\"https:\/\/canarinvestment.com\/wp-content\/uploads\/2026\/01\/8-9-525x328.jpg\" alt=\"Studio mit Meerblick, Pool und Parkplatz.\" class=\"img-responsive\" \/><\/a>\n                                        <\/div><div class=\"item lazy-load-item\">\n                                            <a href=\"https:\/\/canarinvestment.com\/de\/properties\/studio-mit-meerblick-pool-und-parkplatz\/\" target=\"_self\"><img  data-lazy-load-src=\"https:\/\/canarinvestment.com\/wp-content\/uploads\/2026\/01\/8-10-525x328.jpg\" alt=\"Studio mit Meerblick, Pool und Parkplatz.\" class=\"img-responsive\" \/><\/a>\n                                        <\/div><div class=\"item lazy-load-item\">\n                                            <a href=\"https:\/\/canarinvestment.com\/de\/properties\/studio-mit-meerblick-pool-und-parkplatz\/\" target=\"_self\"><img  data-lazy-load-src=\"https:\/\/canarinvestment.com\/wp-content\/uploads\/2026\/01\/8-11-525x328.jpg\" alt=\"Studio mit Meerblick, Pool und Parkplatz.\" class=\"img-responsive\" \/><\/a>\n                                        <\/div><div class=\"item lazy-load-item\">\n                                            <a href=\"https:\/\/canarinvestment.com\/de\/properties\/studio-mit-meerblick-pool-und-parkplatz\/\" target=\"_self\"><img  data-lazy-load-src=\"https:\/\/canarinvestment.com\/wp-content\/uploads\/2026\/01\/8-12-525x328.jpg\" alt=\"Studio mit Meerblick, Pool und Parkplatz.\" class=\"img-responsive\" \/><\/a>\n                                        <\/div><div class=\"item lazy-load-item\">\n                                            <a href=\"https:\/\/canarinvestment.com\/de\/properties\/studio-mit-meerblick-pool-und-parkplatz\/\" target=\"_self\"><img  data-lazy-load-src=\"https:\/\/canarinvestment.com\/wp-content\/uploads\/2026\/01\/8-13-525x328.jpg\" alt=\"Studio mit Meerblick, Pool und Parkplatz.\" class=\"img-responsive\" \/><\/a>\n                                        <\/div><div class=\"item lazy-load-item\">\n                                            <a href=\"https:\/\/canarinvestment.com\/de\/properties\/studio-mit-meerblick-pool-und-parkplatz\/\" target=\"_self\"><img  data-lazy-load-src=\"https:\/\/canarinvestment.com\/wp-content\/uploads\/2026\/01\/8-14-525x328.jpg\" alt=\"Studio mit Meerblick, Pool und Parkplatz.\" class=\"img-responsive\" \/><\/a>\n                                        <\/div><div class=\"item lazy-load-item\">\n                                            <a href=\"https:\/\/canarinvestment.com\/de\/properties\/studio-mit-meerblick-pool-und-parkplatz\/\" target=\"_self\"><img  data-lazy-load-src=\"https:\/\/canarinvestment.com\/wp-content\/uploads\/2026\/01\/8-15-525x328.jpg\" alt=\"Studio mit Meerblick, Pool und Parkplatz.\" class=\"img-responsive\" \/><\/a>\n                                        <\/div>\n                        <\/div>\n\n                        <a href=\"https:\/\/canarinvestment.com\/de\/properties\/studio-mit-meerblick-pool-und-parkplatz\/\" target=\"_self\"> <\/a><a class=\"left  carousel-control\" href=\"#property_unit_carousel_69f50a5858231\" data-slide=\"prev\">\n                                <i class=\"demo-icon icon-left-open-big\"><\/i>\n                            <\/a>\n\n                            <a class=\"right  carousel-control\" href=\"#property_unit_carousel_69f50a5858231\" data-slide=\"next\">\n                                <i class=\"demo-icon icon-right-open-big\"><\/i>\n                            <\/a>\n                    <\/div> <span class=\"icon-fav icon-fav-off\" data-original-title=\"add to favorites\" data-postid=\"785793\"><\/span><div class=\"tag-wrapper\"><div class=\"featured_div\">Featured<\/div><div class=\"status-wrapper\"><div class=\"action_tag_wrapper Alquiler de Temporada \">Alquiler de Temporada<\/div><div class=\"ribbon-inside \"><\/div><\/div><\/div><\/div>\n\n            <h4><a href=\"https:\/\/canarinvestment.com\/de\/properties\/studio-mit-meerblick-pool-und-parkplatz\/\" target=\"_self\">\n                Studio mit Meerblick, Pool und Parkplatz.                <\/a> \n            <\/h4> \n            \n            <div class=\"listing_unit_price_wrapper\"><span class=\"price_label\"><\/span><\/div>        \n\n                            <div class=\"listing_details the_grid_view\">\n                    Herzlich willkommen im Paradies in Puerto Rico, Gran Canaria! VERF\u00dcGBAR von JULI 2026 BIS SEPTEMBER  <a href=\"https:\/\/canarinvestment.com\/de\/properties\/studio-mit-meerblick-pool-und-parkplatz\/\" class=\"unit_more_x\">[more]<\/a>                <\/div>\n\n                <div class=\"listing_details the_list_view\">\n                    Herzlich willkommen im Paradies in Puerto Rico, Gran Canaria! VERF\u00dcGBAR von JULI 2026 BIS  <a href=\"https:\/\/canarinvestment.com\/de\/properties\/studio-mit-meerblick-pool-und-parkplatz\/\" class=\"unit_more_x\">[more]<\/a>                <\/div>\n               \n\n\n            <div class=\"property_listing_details\">\n                 <span>Referencia: <\/span><span class=\"mlscode\">05370<\/span><\/br><\/br><span class=\"infobath_unit_type2\">1<\/span> <span class=\"infogarage_unit_type2\">0<\/span> <span class=\"infosize_unit_type2\">35.00 m<sup>2<\/sup><\/span>            <\/div>\n               \n            <div class=\"property_location\">\n                    \n                                        <div class=\"property_agent_wrapper\">\n                        <div class=\"property_agent_image\" style=\"background-image:url('https:\/\/canarinvestment.com\/wp-content\/uploads\/2019\/07\/canarinvest-equipo-120x120.jpg')\"><\/div> \n                        <div class=\"property_agent_image_sign\"><i class=\"fa fa-user-circle-o\" aria-hidden=\"true\"><\/i><\/div>\n                    \n                    <a href=\"https:\/\/canarinvestment.com\/agents\/canarinvest-properties\/\">Canarinvest Properties<\/a>                    <\/div>\n                \n                                                  <div class=\"listing_actions\">\n\n                                         <div class=\"share_unit\">\n        <a href=\"https:\/\/www.facebook.com\/sharer.php?u=https:\/\/canarinvestment.com\/de\/properties\/studio-mit-meerblick-pool-und-parkplatz\/&amp;t=Studio+mit+Meerblick%2C+Pool+und+Parkplatz.\" target=\"_blank\" class=\"social_facebook\"><\/a>\n\n        <a href=\"whatsapp:\/\/send?text=Studio+mit+Meerblick%2C+Pool+und+Parkplatz.+https%3A%2F%2Fcanarinvestment.com%2Fde%2Fproperties%2Fstudio-mit-meerblick-pool-und-parkplatz%2F\" data-action=\"share\/whatsapp\/share\"><i class=\"fab fa-whatsapp\" style=\"padding-bottom: 10px;\"><\/i><\/a>\n\n        <!-- Modificaci\u00f3n por PCSAT (A\u00f1adimos Whatsapp y eliminamos elementos inncesarios)\n        <a href=\"https:\/\/twitter.com\/home?status=Studio+mit+Meerblick%2C+Pool+und+Parkplatz.https%3A%2F%2Fcanarinvestment.com%2Fde%2Fproperties%2Fstudio-mit-meerblick-pool-und-parkplatz%2F\" class=\"social_tweet\" target=\"_blank\"><\/a>\n        \n        <a href=\"https:\/\/pinterest.com\/pin\/create\/button\/?url=https:\/\/canarinvestment.com\/de\/properties\/studio-mit-meerblick-pool-und-parkplatz\/&amp;media=https:\/\/canarinvestment.com\/wp-content\/uploads\/2026\/01\/8-1-1920x790.jpg&amp;description=Studio+mit+Meerblick%2C+Pool+und+Parkplatz.\" target=\"_blank\" class=\"social_pinterest\"><\/a>\n        -->\n        <a href=\"mailto:email@email.com?http:\/\/subject=Studio+mit+Meerblick%2C+Pool+und+Parkplatz.&#038;body=https%3A%2F%2Fcanarinvestment.com%2Fde%2Fproperties%2Fstudio-mit-meerblick-pool-und-parkplatz%2F\" data-action=\"share email\"  class=\"social_email\"><\/a>\n\n    <\/div>\n    \n\n                                <span class=\"share_list\"  data-original-title=\"share\" ><\/span>\n                                <span class=\"compare-action\" data-original-title=\"compare\" data-pimage=\"https:\/\/canarinvestment.com\/wp-content\/uploads\/2026\/01\/8-1-143x83.jpg\" data-pid=\"785793\"><\/span>\n                                \n                                                    <\/div>\n                        <\/div>        <\/div>             \n    <\/div>  \n\n\n\n<div class=\"col-md-4 shortcode-col has_prop_slider  listing_wrapper property_unit_type2\" data-org=\"6\" data-listid=\"785275\" > \n    <div class=\"property_listing property_unit_type2  \" data-link=\"\">\n        \n        <div class=\"listing-unit-img-wrapper\">\n                    <div id=\"property_unit_carousel_69f50a585c283\" class=\"carousel property_unit_carousel slide \" data-ride=\"carousel\" data-interval=\"false\">\n                        <div class=\"carousel-inner\">         \n                            <div class=\"item active\">    \n                                <a href=\"https:\/\/canarinvestment.com\/de\/properties\/eck-bungalow-mit-souterrain-im-campo-internacional-in-maspalomas\/\" target=\"_self\"><img loading=\"lazy\" decoding=\"async\" width=\"525\" height=\"328\" src=\"https:\/\/canarinvestment.com\/wp-content\/uploads\/2026\/04\/26-1-525x328.jpg\" class=\"lazyload img-responsive wp-post-image\" alt=\"\" data-original=\"https:\/\/canarinvestment.com\/wp-content\/uploads\/2026\/04\/26-1-525x328.jpg\" \/><\/a>     \n                            <\/div>\n                            <div class=\"item lazy-load-item\">\n                                            <a href=\"https:\/\/canarinvestment.com\/de\/properties\/eck-bungalow-mit-souterrain-im-campo-internacional-in-maspalomas\/\" target=\"_self\"><img  data-lazy-load-src=\"https:\/\/canarinvestment.com\/wp-content\/uploads\/2026\/04\/26-2-525x328.jpg\" alt=\"Eck-Bungalow mit Souterrain im Campo Internacional in Maspalomas\" class=\"img-responsive\" \/><\/a>\n                                        <\/div><div class=\"item lazy-load-item\">\n                                            <a href=\"https:\/\/canarinvestment.com\/de\/properties\/eck-bungalow-mit-souterrain-im-campo-internacional-in-maspalomas\/\" target=\"_self\"><img  data-lazy-load-src=\"https:\/\/canarinvestment.com\/wp-content\/uploads\/2026\/04\/26-3-525x328.jpg\" alt=\"Eck-Bungalow mit Souterrain im Campo Internacional in Maspalomas\" class=\"img-responsive\" \/><\/a>\n                                        <\/div><div class=\"item lazy-load-item\">\n                                            <a href=\"https:\/\/canarinvestment.com\/de\/properties\/eck-bungalow-mit-souterrain-im-campo-internacional-in-maspalomas\/\" target=\"_self\"><img  data-lazy-load-src=\"https:\/\/canarinvestment.com\/wp-content\/uploads\/2026\/04\/26-4-525x328.jpg\" alt=\"Eck-Bungalow mit Souterrain im Campo Internacional in Maspalomas\" class=\"img-responsive\" \/><\/a>\n                                        <\/div><div class=\"item lazy-load-item\">\n                                            <a href=\"https:\/\/canarinvestment.com\/de\/properties\/eck-bungalow-mit-souterrain-im-campo-internacional-in-maspalomas\/\" target=\"_self\"><img  data-lazy-load-src=\"https:\/\/canarinvestment.com\/wp-content\/uploads\/2026\/04\/26-5-525x328.jpg\" alt=\"Eck-Bungalow mit Souterrain im Campo Internacional in Maspalomas\" class=\"img-responsive\" \/><\/a>\n                                        <\/div><div class=\"item lazy-load-item\">\n                                            <a href=\"https:\/\/canarinvestment.com\/de\/properties\/eck-bungalow-mit-souterrain-im-campo-internacional-in-maspalomas\/\" target=\"_self\"><img  data-lazy-load-src=\"https:\/\/canarinvestment.com\/wp-content\/uploads\/2026\/04\/26-6-525x328.jpg\" alt=\"Eck-Bungalow mit Souterrain im Campo Internacional in Maspalomas\" class=\"img-responsive\" \/><\/a>\n                                        <\/div><div class=\"item lazy-load-item\">\n                                            <a href=\"https:\/\/canarinvestment.com\/de\/properties\/eck-bungalow-mit-souterrain-im-campo-internacional-in-maspalomas\/\" target=\"_self\"><img  data-lazy-load-src=\"https:\/\/canarinvestment.com\/wp-content\/uploads\/2026\/04\/26-7-525x328.jpg\" alt=\"Eck-Bungalow mit Souterrain im Campo Internacional in Maspalomas\" class=\"img-responsive\" \/><\/a>\n                                        <\/div><div class=\"item lazy-load-item\">\n                                            <a href=\"https:\/\/canarinvestment.com\/de\/properties\/eck-bungalow-mit-souterrain-im-campo-internacional-in-maspalomas\/\" target=\"_self\"><img  data-lazy-load-src=\"https:\/\/canarinvestment.com\/wp-content\/uploads\/2026\/04\/26-8-525x328.jpg\" alt=\"Eck-Bungalow mit Souterrain im Campo Internacional in Maspalomas\" class=\"img-responsive\" \/><\/a>\n                                        <\/div><div class=\"item lazy-load-item\">\n                                            <a href=\"https:\/\/canarinvestment.com\/de\/properties\/eck-bungalow-mit-souterrain-im-campo-internacional-in-maspalomas\/\" target=\"_self\"><img  data-lazy-load-src=\"https:\/\/canarinvestment.com\/wp-content\/uploads\/2026\/04\/26-9-525x328.jpg\" alt=\"Eck-Bungalow mit Souterrain im Campo Internacional in Maspalomas\" class=\"img-responsive\" \/><\/a>\n                                        <\/div><div class=\"item lazy-load-item\">\n                                            <a href=\"https:\/\/canarinvestment.com\/de\/properties\/eck-bungalow-mit-souterrain-im-campo-internacional-in-maspalomas\/\" target=\"_self\"><img  data-lazy-load-src=\"https:\/\/canarinvestment.com\/wp-content\/uploads\/2026\/04\/26-10-525x328.jpg\" alt=\"Eck-Bungalow mit Souterrain im Campo Internacional in Maspalomas\" class=\"img-responsive\" \/><\/a>\n                                        <\/div><div class=\"item lazy-load-item\">\n                                            <a href=\"https:\/\/canarinvestment.com\/de\/properties\/eck-bungalow-mit-souterrain-im-campo-internacional-in-maspalomas\/\" target=\"_self\"><img  data-lazy-load-src=\"https:\/\/canarinvestment.com\/wp-content\/uploads\/2026\/04\/26-11-525x328.jpg\" alt=\"Eck-Bungalow mit Souterrain im Campo Internacional in Maspalomas\" class=\"img-responsive\" \/><\/a>\n                                        <\/div><div class=\"item lazy-load-item\">\n                                            <a href=\"https:\/\/canarinvestment.com\/de\/properties\/eck-bungalow-mit-souterrain-im-campo-internacional-in-maspalomas\/\" target=\"_self\"><img  data-lazy-load-src=\"https:\/\/canarinvestment.com\/wp-content\/uploads\/2026\/04\/26-12-525x328.jpg\" alt=\"Eck-Bungalow mit Souterrain im Campo Internacional in Maspalomas\" class=\"img-responsive\" \/><\/a>\n                                        <\/div><div class=\"item lazy-load-item\">\n                                            <a href=\"https:\/\/canarinvestment.com\/de\/properties\/eck-bungalow-mit-souterrain-im-campo-internacional-in-maspalomas\/\" target=\"_self\"><img  data-lazy-load-src=\"https:\/\/canarinvestment.com\/wp-content\/uploads\/2026\/04\/26-13-525x328.jpg\" alt=\"Eck-Bungalow mit Souterrain im Campo Internacional in Maspalomas\" class=\"img-responsive\" \/><\/a>\n                                        <\/div><div class=\"item lazy-load-item\">\n                                            <a href=\"https:\/\/canarinvestment.com\/de\/properties\/eck-bungalow-mit-souterrain-im-campo-internacional-in-maspalomas\/\" target=\"_self\"><img  data-lazy-load-src=\"https:\/\/canarinvestment.com\/wp-content\/uploads\/2026\/04\/26-14-525x328.jpg\" alt=\"Eck-Bungalow mit Souterrain im Campo Internacional in Maspalomas\" class=\"img-responsive\" \/><\/a>\n                                        <\/div><div class=\"item lazy-load-item\">\n                                            <a href=\"https:\/\/canarinvestment.com\/de\/properties\/eck-bungalow-mit-souterrain-im-campo-internacional-in-maspalomas\/\" target=\"_self\"><img  data-lazy-load-src=\"https:\/\/canarinvestment.com\/wp-content\/uploads\/2026\/04\/26-15-525x328.jpg\" alt=\"Eck-Bungalow mit Souterrain im Campo Internacional in Maspalomas\" class=\"img-responsive\" \/><\/a>\n                                        <\/div><div class=\"item lazy-load-item\">\n                                            <a href=\"https:\/\/canarinvestment.com\/de\/properties\/eck-bungalow-mit-souterrain-im-campo-internacional-in-maspalomas\/\" target=\"_self\"><img  data-lazy-load-src=\"https:\/\/canarinvestment.com\/wp-content\/uploads\/2026\/04\/26-16-525x328.jpg\" alt=\"Eck-Bungalow mit Souterrain im Campo Internacional in Maspalomas\" class=\"img-responsive\" \/><\/a>\n                                        <\/div><div class=\"item lazy-load-item\">\n                                            <a href=\"https:\/\/canarinvestment.com\/de\/properties\/eck-bungalow-mit-souterrain-im-campo-internacional-in-maspalomas\/\" target=\"_self\"><img  data-lazy-load-src=\"https:\/\/canarinvestment.com\/wp-content\/uploads\/2026\/04\/26-17-525x328.jpg\" alt=\"Eck-Bungalow mit Souterrain im Campo Internacional in Maspalomas\" class=\"img-responsive\" \/><\/a>\n                                        <\/div><div class=\"item lazy-load-item\">\n                                            <a href=\"https:\/\/canarinvestment.com\/de\/properties\/eck-bungalow-mit-souterrain-im-campo-internacional-in-maspalomas\/\" target=\"_self\"><img  data-lazy-load-src=\"https:\/\/canarinvestment.com\/wp-content\/uploads\/2026\/04\/26-18-525x328.jpg\" alt=\"Eck-Bungalow mit Souterrain im Campo Internacional in Maspalomas\" class=\"img-responsive\" \/><\/a>\n                                        <\/div><div class=\"item lazy-load-item\">\n                                            <a href=\"https:\/\/canarinvestment.com\/de\/properties\/eck-bungalow-mit-souterrain-im-campo-internacional-in-maspalomas\/\" target=\"_self\"><img  data-lazy-load-src=\"https:\/\/canarinvestment.com\/wp-content\/uploads\/2026\/04\/26-19-525x328.jpg\" alt=\"Eck-Bungalow mit Souterrain im Campo Internacional in Maspalomas\" class=\"img-responsive\" \/><\/a>\n                                        <\/div><div class=\"item lazy-load-item\">\n                                            <a href=\"https:\/\/canarinvestment.com\/de\/properties\/eck-bungalow-mit-souterrain-im-campo-internacional-in-maspalomas\/\" target=\"_self\"><img  data-lazy-load-src=\"https:\/\/canarinvestment.com\/wp-content\/uploads\/2026\/04\/26-20-525x328.jpg\" alt=\"Eck-Bungalow mit Souterrain im Campo Internacional in Maspalomas\" class=\"img-responsive\" \/><\/a>\n                                        <\/div><div class=\"item lazy-load-item\">\n                                            <a href=\"https:\/\/canarinvestment.com\/de\/properties\/eck-bungalow-mit-souterrain-im-campo-internacional-in-maspalomas\/\" target=\"_self\"><img  data-lazy-load-src=\"https:\/\/canarinvestment.com\/wp-content\/uploads\/2026\/04\/26-21-525x328.jpg\" alt=\"Eck-Bungalow mit Souterrain im Campo Internacional in Maspalomas\" class=\"img-responsive\" \/><\/a>\n                                        <\/div><div class=\"item lazy-load-item\">\n                                            <a href=\"https:\/\/canarinvestment.com\/de\/properties\/eck-bungalow-mit-souterrain-im-campo-internacional-in-maspalomas\/\" target=\"_self\"><img  data-lazy-load-src=\"https:\/\/canarinvestment.com\/wp-content\/uploads\/2026\/04\/26-22-525x328.jpg\" alt=\"Eck-Bungalow mit Souterrain im Campo Internacional in Maspalomas\" class=\"img-responsive\" \/><\/a>\n                                        <\/div><div class=\"item lazy-load-item\">\n                                            <a href=\"https:\/\/canarinvestment.com\/de\/properties\/eck-bungalow-mit-souterrain-im-campo-internacional-in-maspalomas\/\" target=\"_self\"><img  data-lazy-load-src=\"https:\/\/canarinvestment.com\/wp-content\/uploads\/2026\/04\/26-23-525x328.jpg\" alt=\"Eck-Bungalow mit Souterrain im Campo Internacional in Maspalomas\" class=\"img-responsive\" \/><\/a>\n                                        <\/div><div class=\"item lazy-load-item\">\n                                            <a href=\"https:\/\/canarinvestment.com\/de\/properties\/eck-bungalow-mit-souterrain-im-campo-internacional-in-maspalomas\/\" target=\"_self\"><img  data-lazy-load-src=\"https:\/\/canarinvestment.com\/wp-content\/uploads\/2026\/04\/26-24-525x328.jpg\" alt=\"Eck-Bungalow mit Souterrain im Campo Internacional in Maspalomas\" class=\"img-responsive\" \/><\/a>\n                                        <\/div><div class=\"item lazy-load-item\">\n                                            <a href=\"https:\/\/canarinvestment.com\/de\/properties\/eck-bungalow-mit-souterrain-im-campo-internacional-in-maspalomas\/\" target=\"_self\"><img  data-lazy-load-src=\"https:\/\/canarinvestment.com\/wp-content\/uploads\/2026\/04\/26-25-525x328.jpg\" alt=\"Eck-Bungalow mit Souterrain im Campo Internacional in Maspalomas\" class=\"img-responsive\" \/><\/a>\n                                        <\/div><div class=\"item lazy-load-item\">\n                                            <a href=\"https:\/\/canarinvestment.com\/de\/properties\/eck-bungalow-mit-souterrain-im-campo-internacional-in-maspalomas\/\" target=\"_self\"><img  data-lazy-load-src=\"https:\/\/canarinvestment.com\/wp-content\/uploads\/2026\/04\/26-26-525x328.jpg\" alt=\"Eck-Bungalow mit Souterrain im Campo Internacional in Maspalomas\" class=\"img-responsive\" \/><\/a>\n                                        <\/div><div class=\"item lazy-load-item\">\n                                            <a href=\"https:\/\/canarinvestment.com\/de\/properties\/eck-bungalow-mit-souterrain-im-campo-internacional-in-maspalomas\/\" target=\"_self\"><img  data-lazy-load-src=\"https:\/\/canarinvestment.com\/wp-content\/uploads\/2026\/04\/26-27-525x328.jpg\" alt=\"Eck-Bungalow mit Souterrain im Campo Internacional in Maspalomas\" class=\"img-responsive\" \/><\/a>\n                                        <\/div><div class=\"item lazy-load-item\">\n                                            <a href=\"https:\/\/canarinvestment.com\/de\/properties\/eck-bungalow-mit-souterrain-im-campo-internacional-in-maspalomas\/\" target=\"_self\"><img  data-lazy-load-src=\"https:\/\/canarinvestment.com\/wp-content\/uploads\/2026\/04\/26-28-525x328.jpg\" alt=\"Eck-Bungalow mit Souterrain im Campo Internacional in Maspalomas\" class=\"img-responsive\" \/><\/a>\n                                        <\/div><div class=\"item lazy-load-item\">\n                                            <a href=\"https:\/\/canarinvestment.com\/de\/properties\/eck-bungalow-mit-souterrain-im-campo-internacional-in-maspalomas\/\" target=\"_self\"><img  data-lazy-load-src=\"https:\/\/canarinvestment.com\/wp-content\/uploads\/2026\/04\/26-29-525x328.jpg\" alt=\"Eck-Bungalow mit Souterrain im Campo Internacional in Maspalomas\" class=\"img-responsive\" \/><\/a>\n                                        <\/div><div class=\"item lazy-load-item\">\n                                            <a href=\"https:\/\/canarinvestment.com\/de\/properties\/eck-bungalow-mit-souterrain-im-campo-internacional-in-maspalomas\/\" target=\"_self\"><img  data-lazy-load-src=\"https:\/\/canarinvestment.com\/wp-content\/uploads\/2026\/04\/26-30-525x328.jpg\" alt=\"Eck-Bungalow mit Souterrain im Campo Internacional in Maspalomas\" class=\"img-responsive\" \/><\/a>\n                                        <\/div><div class=\"item lazy-load-item\">\n                                            <a href=\"https:\/\/canarinvestment.com\/de\/properties\/eck-bungalow-mit-souterrain-im-campo-internacional-in-maspalomas\/\" target=\"_self\"><img  data-lazy-load-src=\"https:\/\/canarinvestment.com\/wp-content\/uploads\/2026\/04\/26-31-525x328.jpg\" alt=\"Eck-Bungalow mit Souterrain im Campo Internacional in Maspalomas\" class=\"img-responsive\" \/><\/a>\n                                        <\/div><div class=\"item lazy-load-item\">\n                                            <a href=\"https:\/\/canarinvestment.com\/de\/properties\/eck-bungalow-mit-souterrain-im-campo-internacional-in-maspalomas\/\" target=\"_self\"><img  data-lazy-load-src=\"https:\/\/canarinvestment.com\/wp-content\/uploads\/2026\/04\/26-32-525x328.jpg\" alt=\"Eck-Bungalow mit Souterrain im Campo Internacional in Maspalomas\" class=\"img-responsive\" \/><\/a>\n                                        <\/div><div class=\"item lazy-load-item\">\n                                            <a href=\"https:\/\/canarinvestment.com\/de\/properties\/eck-bungalow-mit-souterrain-im-campo-internacional-in-maspalomas\/\" target=\"_self\"><img  data-lazy-load-src=\"https:\/\/canarinvestment.com\/wp-content\/uploads\/2026\/04\/26-33-525x328.jpg\" alt=\"Eck-Bungalow mit Souterrain im Campo Internacional in Maspalomas\" class=\"img-responsive\" \/><\/a>\n                                        <\/div><div class=\"item lazy-load-item\">\n                                            <a href=\"https:\/\/canarinvestment.com\/de\/properties\/eck-bungalow-mit-souterrain-im-campo-internacional-in-maspalomas\/\" target=\"_self\"><img  data-lazy-load-src=\"https:\/\/canarinvestment.com\/wp-content\/uploads\/2026\/04\/26-34-525x328.jpg\" alt=\"Eck-Bungalow mit Souterrain im Campo Internacional in Maspalomas\" class=\"img-responsive\" \/><\/a>\n                                        <\/div><div class=\"item lazy-load-item\">\n                                            <a href=\"https:\/\/canarinvestment.com\/de\/properties\/eck-bungalow-mit-souterrain-im-campo-internacional-in-maspalomas\/\" target=\"_self\"><img  data-lazy-load-src=\"https:\/\/canarinvestment.com\/wp-content\/uploads\/2026\/04\/26-35-525x328.jpg\" alt=\"Eck-Bungalow mit Souterrain im Campo Internacional in Maspalomas\" class=\"img-responsive\" \/><\/a>\n                                        <\/div><div class=\"item lazy-load-item\">\n                                            <a href=\"https:\/\/canarinvestment.com\/de\/properties\/eck-bungalow-mit-souterrain-im-campo-internacional-in-maspalomas\/\" target=\"_self\"><img  data-lazy-load-src=\"https:\/\/canarinvestment.com\/wp-content\/uploads\/2026\/04\/26-36-525x328.jpg\" alt=\"Eck-Bungalow mit Souterrain im Campo Internacional in Maspalomas\" class=\"img-responsive\" \/><\/a>\n                                        <\/div><div class=\"item lazy-load-item\">\n                                            <a href=\"https:\/\/canarinvestment.com\/de\/properties\/eck-bungalow-mit-souterrain-im-campo-internacional-in-maspalomas\/\" target=\"_self\"><img  data-lazy-load-src=\"https:\/\/canarinvestment.com\/wp-content\/uploads\/2026\/04\/26-37-525x328.jpg\" alt=\"Eck-Bungalow mit Souterrain im Campo Internacional in Maspalomas\" class=\"img-responsive\" \/><\/a>\n                                        <\/div><div class=\"item lazy-load-item\">\n                                            <a href=\"https:\/\/canarinvestment.com\/de\/properties\/eck-bungalow-mit-souterrain-im-campo-internacional-in-maspalomas\/\" target=\"_self\"><img  data-lazy-load-src=\"https:\/\/canarinvestment.com\/wp-content\/uploads\/2026\/04\/26-38-525x328.jpg\" alt=\"Eck-Bungalow mit Souterrain im Campo Internacional in Maspalomas\" class=\"img-responsive\" \/><\/a>\n                                        <\/div><div class=\"item lazy-load-item\">\n                                            <a href=\"https:\/\/canarinvestment.com\/de\/properties\/eck-bungalow-mit-souterrain-im-campo-internacional-in-maspalomas\/\" target=\"_self\"><img  data-lazy-load-src=\"https:\/\/canarinvestment.com\/wp-content\/uploads\/2026\/04\/26-39-525x328.jpg\" alt=\"Eck-Bungalow mit Souterrain im Campo Internacional in Maspalomas\" class=\"img-responsive\" \/><\/a>\n                                        <\/div><div class=\"item lazy-load-item\">\n                                            <a href=\"https:\/\/canarinvestment.com\/de\/properties\/eck-bungalow-mit-souterrain-im-campo-internacional-in-maspalomas\/\" target=\"_self\"><img  data-lazy-load-src=\"https:\/\/canarinvestment.com\/wp-content\/uploads\/2026\/04\/26-40-525x328.jpg\" alt=\"Eck-Bungalow mit Souterrain im Campo Internacional in Maspalomas\" class=\"img-responsive\" \/><\/a>\n                                        <\/div><div class=\"item lazy-load-item\">\n                                            <a href=\"https:\/\/canarinvestment.com\/de\/properties\/eck-bungalow-mit-souterrain-im-campo-internacional-in-maspalomas\/\" target=\"_self\"><img  data-lazy-load-src=\"https:\/\/canarinvestment.com\/wp-content\/uploads\/2026\/04\/26-41-525x328.jpg\" alt=\"Eck-Bungalow mit Souterrain im Campo Internacional in Maspalomas\" class=\"img-responsive\" \/><\/a>\n                                        <\/div><div class=\"item lazy-load-item\">\n                                            <a href=\"https:\/\/canarinvestment.com\/de\/properties\/eck-bungalow-mit-souterrain-im-campo-internacional-in-maspalomas\/\" target=\"_self\"><img  data-lazy-load-src=\"https:\/\/canarinvestment.com\/wp-content\/uploads\/2026\/04\/26-42-525x328.jpg\" alt=\"Eck-Bungalow mit Souterrain im Campo Internacional in Maspalomas\" class=\"img-responsive\" \/><\/a>\n                                        <\/div><div class=\"item lazy-load-item\">\n                                            <a href=\"https:\/\/canarinvestment.com\/de\/properties\/eck-bungalow-mit-souterrain-im-campo-internacional-in-maspalomas\/\" target=\"_self\"><img  data-lazy-load-src=\"https:\/\/canarinvestment.com\/wp-content\/uploads\/2026\/04\/26-43-525x328.jpg\" alt=\"Eck-Bungalow mit Souterrain im Campo Internacional in Maspalomas\" class=\"img-responsive\" \/><\/a>\n                                        <\/div><div class=\"item lazy-load-item\">\n                                            <a href=\"https:\/\/canarinvestment.com\/de\/properties\/eck-bungalow-mit-souterrain-im-campo-internacional-in-maspalomas\/\" target=\"_self\"><img  data-lazy-load-src=\"https:\/\/canarinvestment.com\/wp-content\/uploads\/2026\/04\/26-44-525x328.jpg\" alt=\"Eck-Bungalow mit Souterrain im Campo Internacional in Maspalomas\" class=\"img-responsive\" \/><\/a>\n                                        <\/div>\n                        <\/div>\n\n                        <a href=\"https:\/\/canarinvestment.com\/de\/properties\/eck-bungalow-mit-souterrain-im-campo-internacional-in-maspalomas\/\" target=\"_self\"> <\/a><a class=\"left  carousel-control\" href=\"#property_unit_carousel_69f50a585c283\" data-slide=\"prev\">\n                                <i class=\"demo-icon icon-left-open-big\"><\/i>\n                            <\/a>\n\n                            <a class=\"right  carousel-control\" href=\"#property_unit_carousel_69f50a585c283\" data-slide=\"next\">\n                                <i class=\"demo-icon icon-right-open-big\"><\/i>\n                            <\/a>\n                    <\/div> <span class=\"icon-fav icon-fav-off\" data-original-title=\"add to favorites\" data-postid=\"785275\"><\/span><div class=\"tag-wrapper\"><div class=\"featured_div\">Featured<\/div><div class=\"status-wrapper\"><div class=\"action_tag_wrapper Verkauf \">Verkauf<\/div><div class=\"ribbon-inside \"><\/div><\/div><\/div><\/div>\n\n            <h4><a href=\"https:\/\/canarinvestment.com\/de\/properties\/eck-bungalow-mit-souterrain-im-campo-internacional-in-maspalomas\/\" target=\"_self\">\n                Eck-Bungalow mit Souterrain im Campo Interna...                <\/a> \n            <\/h4> \n            \n            <div class=\"listing_unit_price_wrapper\">690.000 \u20ac <span class=\"price_label\"><\/span><\/div>        \n\n                            <div class=\"listing_details the_grid_view\">\n                    Eck-Bungalow mit Souterrain im Campo Internacional in Maspalomas, mit au\u00dfergew\u00f6hnlicher Privatsph\u00e4re <a href=\"https:\/\/canarinvestment.com\/de\/properties\/eck-bungalow-mit-souterrain-im-campo-internacional-in-maspalomas\/\" class=\"unit_more_x\">[more]<\/a>                <\/div>\n\n                <div class=\"listing_details the_list_view\">\n                    Eck-Bungalow mit Souterrain im Campo Internacional in Maspalomas, mit au\u00dfergew\u00f6hnlicher Pr <a href=\"https:\/\/canarinvestment.com\/de\/properties\/eck-bungalow-mit-souterrain-im-campo-internacional-in-maspalomas\/\" class=\"unit_more_x\">[more]<\/a>                <\/div>\n               \n\n\n            <div class=\"property_listing_details\">\n                 <span>Referencia: <\/span><span class=\"mlscode\">05538<\/span><\/br><\/br> <span class=\"inforoom_unit_type2\">5<\/span><span class=\"infobath_unit_type2\">1<\/span> <span class=\"infogarage_unit_type2\">0<\/span> <span class=\"infosize_unit_type2\">150.00 m<sup>2<\/sup><\/span>            <\/div>\n               \n            <div class=\"property_location\">\n                    \n                                        <div class=\"property_agent_wrapper\">\n                        <div class=\"property_agent_image\" style=\"background-image:url('https:\/\/canarinvestment.com\/wp-content\/uploads\/2019\/07\/canarinvest-equipo-120x120.jpg')\"><\/div> \n                        <div class=\"property_agent_image_sign\"><i class=\"fa fa-user-circle-o\" aria-hidden=\"true\"><\/i><\/div>\n                    \n                    <a href=\"https:\/\/canarinvestment.com\/agents\/canarinvest-properties\/\">Canarinvest Properties<\/a>                    <\/div>\n                \n                                                  <div class=\"listing_actions\">\n\n                                         <div class=\"share_unit\">\n        <a href=\"https:\/\/www.facebook.com\/sharer.php?u=https:\/\/canarinvestment.com\/de\/properties\/eck-bungalow-mit-souterrain-im-campo-internacional-in-maspalomas\/&amp;t=Eck-Bungalow+mit+Souterrain+im+Campo+Internacional+in+Maspalomas\" target=\"_blank\" class=\"social_facebook\"><\/a>\n\n        <a href=\"whatsapp:\/\/send?text=Eck-Bungalow+mit+Souterrain+im+Campo+Internacional+in+Maspalomas+https%3A%2F%2Fcanarinvestment.com%2Fde%2Fproperties%2Feck-bungalow-mit-souterrain-im-campo-internacional-in-maspalomas%2F\" data-action=\"share\/whatsapp\/share\"><i class=\"fab fa-whatsapp\" style=\"padding-bottom: 10px;\"><\/i><\/a>\n\n        <!-- Modificaci\u00f3n por PCSAT (A\u00f1adimos Whatsapp y eliminamos elementos inncesarios)\n        <a href=\"https:\/\/twitter.com\/home?status=Eck-Bungalow+mit+Souterrain+im+Campo+Internacional+in+Maspalomashttps%3A%2F%2Fcanarinvestment.com%2Fde%2Fproperties%2Feck-bungalow-mit-souterrain-im-campo-internacional-in-maspalomas%2F\" class=\"social_tweet\" target=\"_blank\"><\/a>\n        \n        <a href=\"https:\/\/pinterest.com\/pin\/create\/button\/?url=https:\/\/canarinvestment.com\/de\/properties\/eck-bungalow-mit-souterrain-im-campo-internacional-in-maspalomas\/&amp;media=https:\/\/canarinvestment.com\/wp-content\/uploads\/2026\/04\/26-1-1920x790.jpg&amp;description=Eck-Bungalow+mit+Souterrain+im+Campo+Internacional+in+Maspalomas\" target=\"_blank\" class=\"social_pinterest\"><\/a>\n        -->\n        <a href=\"mailto:email@email.com?http:\/\/subject=Eck-Bungalow+mit+Souterrain+im+Campo+Internacional+in+Maspalomas&#038;body=https%3A%2F%2Fcanarinvestment.com%2Fde%2Fproperties%2Feck-bungalow-mit-souterrain-im-campo-internacional-in-maspalomas%2F\" data-action=\"share email\"  class=\"social_email\"><\/a>\n\n    <\/div>\n    \n\n                                <span class=\"share_list\"  data-original-title=\"share\" ><\/span>\n                                <span class=\"compare-action\" data-original-title=\"compare\" data-pimage=\"https:\/\/canarinvestment.com\/wp-content\/uploads\/2026\/04\/26-1-143x83.jpg\" data-pid=\"785275\"><\/span>\n                                \n                                                    <\/div>\n                        <\/div>        <\/div>             \n    <\/div><div class=\"wpestate_listing_sh_loader\">\n       <div class=\"new_prelader\"><\/div>\n        \n    <\/div><div class=\"listinglink-wrapper_sh_listings\">\n               <span class=\"wpresidence_button wpestate_item_list_sh\">Weitere Inserate laden <\/span>\n               <\/div><\/div><script type=\"text\/javascript\">\n                \/\/<![CDATA[\n                jQuery(document).ready(function(){\n                  \/\/  wpestate_anime(\"#wpestate_sh_anime_359\");\n                   \/\/ wpestate_property_list_sh(\"#wpestate_sh_anime_359 .wpestate_item_list_sh\", \"#wpestate_sh_anime_359 .control_tax_sh\");\n                });\n                \/\/]]>\n            <\/script>[vc_btn title=&#8221;Weitere Inserate laden&#8221; color=&#8221;warning&#8221; align=&#8221;center&#8221; i_icon_fontawesome=&#8221;fas fa-angle-right&#8221; add_icon=&#8221;true&#8221; link=&#8221;url:https%3A%2F%2Fcanarinvestment.com%2Fimmobilien%2F%3Flang%3Dde|title:IMMOBILIEN&#8221;][\/vc_column][\/vc_row][vc_row full_width=&#8221;stretch_row_content&#8221; equal_height=&#8221;yes&#8221; content_placement=&#8221;middle&#8221;][vc_column css_animation=&#8221;fadeIn&#8221; width=&#8221;1\/4&#8243; css=&#8221;.vc_custom_1562692325501{background-color: #f9a02c !important;}&#8221;]<div data-id=\"mpc_counter-3469f50a589733c\" class=\"mpc-counter mpc-init mpc-transition mpc-waypoint mpc-counter--style_1 mpc-align--center \" ><div class=\"mpc-counter__counter mpc-typography--mpc_preset_29\"><div class=\"mpc-counter--target\" data-options=\"{&quot;useEasing&quot;:true,&quot;value&quot;:1125,&quot;initial&quot;:1123,&quot;duration&quot;:3,&quot;delay&quot;:0,&quot;decimals&quot;:0,&quot;separator&quot;:&quot;&quot;,&quot;decimal&quot;:&quot;&quot;}\" data-to=\"1125\">1123<\/div><div class=\"mpc-counter--sizer\">1125<\/div><\/div><div data-id=\"mpc_divider-8469f50a589738e\" class=\"mpc-divider-wrap\"><div class=\"mpc-divider mpc-init mpc-align--center mpc-disable--left \" ><div class=\"mpc-divider__line mpc-side--left\"><span><\/span><\/div><div class=\"mpc-divider__line mpc-side--right\"><span><\/span><\/div><\/div><\/div><h3 class=\"mpc-counter__heading mpc-typography--default\">Zufriedene Kunden, die uns vertraut haben<\/h3><\/div>[\/vc_column][vc_column css_animation=&#8221;fadeIn&#8221; width=&#8221;1\/4&#8243; css=&#8221;.vc_custom_1562692335679{background-color: #757575 !important;}&#8221;]<div data-id=\"mpc_counter-4169f50a589742e\" class=\"mpc-counter mpc-init mpc-transition mpc-waypoint mpc-counter--style_1 mpc-align--center \" ><div class=\"mpc-counter__counter mpc-typography--mpc_preset_38\"><div class=\"mpc-counter--target\" data-options=\"{&quot;useEasing&quot;:true,&quot;value&quot;:1453,&quot;initial&quot;:1197,&quot;duration&quot;:3,&quot;delay&quot;:0,&quot;decimals&quot;:0,&quot;separator&quot;:&quot;&quot;,&quot;decimal&quot;:&quot;&quot;}\" data-to=\"1453\">1197<\/div><div class=\"mpc-counter--sizer\">1453<\/div><\/div><div data-id=\"mpc_divider-8869f50a5897462\" class=\"mpc-divider-wrap\"><div class=\"mpc-divider mpc-init mpc-align--center mpc-disable--left \" ><div class=\"mpc-divider__line mpc-side--left\"><span><\/span><\/div><div class=\"mpc-divider__line mpc-side--right\"><span><\/span><\/div><\/div><\/div><h3 class=\"mpc-counter__heading mpc-typography--mpc_preset_44\">Verkaufte oder vermietete Wohnungen<\/h3><\/div>[\/vc_column][vc_column width=&#8221;1\/2&#8243; css=&#8221;.vc_custom_1573746028266{background: #4f4f4f url(https:\/\/canarinvestment.com\/wp-content\/uploads\/2019\/11\/portada-canarinvest-abajo.jpg?id=53372) !important;background-position: center !important;background-repeat: no-repeat !important;background-size: cover !important;}&#8221;][vc_empty_space height=&#8221;250px&#8221;][\/vc_column][\/vc_row][vc_row css=&#8221;.vc_custom_1564399005070{margin-top: 40px !important;}&#8221;][vc_column]<div id=\"mpc_textblock-2569f50a58974b3\" class=\"mpc-textblock mpc-init mpc-typography--mpc_preset_9 \"><p><span style=\"color: #000000;\">Neueste Artikel aus <span style=\"color: #ff9900;\">unserem Blog<\/span><\/span><\/p>\n<\/div><div id=\"wpestate_sh_anime_531\" class=\"article_container wpestate_anime wpestate_latest_listings_sh bottom-post  blogs_wrapper \"  data-type=\"post\" data-category_ids=\"\" data-action_ids=\"\" data-city_ids=\"\" data-area_ids=\"\" data-state_ids=\"\" data-status_ids=\"\" data-number=\"3\" data-row-number=\"3\" data-align=\"vertical\" data-show_featured_only=\"no\"  data-random_pick=\"no\"  data-featured_first=\"no\" data-page=\"1\" >  \n\n<div  class=\"col-md-4 shortcode-col  listing_wrapper blog2v\"> \n    <div class=\"property_listing\" data-link=\"https:\/\/canarinvestment.com\/de\/ihr-immobilienmakler-auf-gran-canaria\/\">\n        <div class=\"blog_unit_image\"><img loading=\"lazy\" decoding=\"async\" width=\"525\" height=\"328\" src=\"https:\/\/canarinvestment.com\/wp-content\/uploads\/2024\/10\/Inmobiliarias-en-Gran-Canaria-525x328.jpg\" class=\"lazyload img-responsive wp-post-image\" alt=\"Inmobiliarias en Gran Canaria\" data-original=\"https:\/\/canarinvestment.com\/wp-content\/uploads\/2024\/10\/Inmobiliarias-en-Gran-Canaria-525x328.jpg\" \/><\/div>\n           <h4>\n               <a href=\"https:\/\/canarinvestment.com\/de\/ihr-immobilienmakler-auf-gran-canaria\/\" class=\"blog_unit_title\">Ihr Immobilienmakler auf Gran Canaria<\/a> \n           <\/h4>\n        \n           <div class=\"blog_unit_meta\">\n            Okt. 29, 2024            \n           <\/div>\n           \n            <div class=\"listing_details the_grid_view\">\n                Wenn Sie auf der Suche nach &#8220;Immobilien auf Gran Canaria&#8221; sind, sind Sie bei uns genau richtig. In unse <a href=\"https:\/\/canarinvestment.com\/de\/ihr-immobilienmakler-auf-gran-canaria\/\" class=\"unit_more_x\">[more]<\/a>            <\/div>\n\n            <a class=\"read_more\" href=\"https:\/\/canarinvestment.com\/de\/ihr-immobilienmakler-auf-gran-canaria\/\"> Continue Reading<i class=\"fa fa-angle-right\"><\/i> <\/a>\n\n        <\/div>          \n    <\/div>        \n\n<div  class=\"col-md-4 shortcode-col  listing_wrapper blog2v\"> \n    <div class=\"property_listing\" data-link=\"https:\/\/canarinvestment.com\/de\/veraenderung-der-immobilienlandschaft-auf-den-kanarischen-inseln-schluesselaspekte-des-gesetzesdekrets-1-2024\/\">\n        <div class=\"blog_unit_image\"><img loading=\"lazy\" decoding=\"async\" width=\"525\" height=\"328\" src=\"https:\/\/canarinvestment.com\/wp-content\/uploads\/2024\/02\/IMG_7242-1-525x328.jpg\" class=\"lazyload img-responsive wp-post-image\" alt=\"\" data-original=\"https:\/\/canarinvestment.com\/wp-content\/uploads\/2024\/02\/IMG_7242-1-525x328.jpg\" \/><\/div>\n           <h4>\n               <a href=\"https:\/\/canarinvestment.com\/de\/veraenderung-der-immobilienlandschaft-auf-den-kanarischen-inseln-schluesselaspekte-des-gesetzesdekrets-1-2024\/\" class=\"blog_unit_title\">Ver\u00e4nderung der Immobilienlandschaft auf den...<\/a> \n           <\/h4>\n        \n           <div class=\"blog_unit_meta\">\n            Feb. 29, 2024            \n           <\/div>\n           \n            <div class=\"listing_details the_grid_view\">\n                Ver\u00e4nderung der Immobilienlandschaft auf den Kanarischen Inseln: Schl\u00fcsselaspekte des Gesetzesdekrets 1\/2024 Canari <a href=\"https:\/\/canarinvestment.com\/de\/veraenderung-der-immobilienlandschaft-auf-den-kanarischen-inseln-schluesselaspekte-des-gesetzesdekrets-1-2024\/\" class=\"unit_more_x\">[more]<\/a>            <\/div>\n\n            <a class=\"read_more\" href=\"https:\/\/canarinvestment.com\/de\/veraenderung-der-immobilienlandschaft-auf-den-kanarischen-inseln-schluesselaspekte-des-gesetzesdekrets-1-2024\/\"> Continue Reading<i class=\"fa fa-angle-right\"><\/i> <\/a>\n\n        <\/div>          \n    <\/div>        \n\n<div  class=\"col-md-4 shortcode-col  listing_wrapper blog2v\"> \n    <div class=\"property_listing\" data-link=\"https:\/\/canarinvestment.com\/de\/wie-kann-ich-den-verkauf-meines-hauses-in-auftrag-geben-ohne-es-beim-ersten-mal-zu-vermasseln\/\">\n        <div class=\"blog_unit_image\"><img loading=\"lazy\" decoding=\"async\" width=\"525\" height=\"328\" src=\"https:\/\/canarinvestment.com\/wp-content\/uploads\/2019\/07\/quiero_vender_ya-525x328.jpg\" class=\"lazyload img-responsive wp-post-image\" alt=\"\" data-original=\"https:\/\/canarinvestment.com\/wp-content\/uploads\/2019\/07\/quiero_vender_ya-525x328.jpg\" \/><\/div>\n           <h4>\n               <a href=\"https:\/\/canarinvestment.com\/de\/wie-kann-ich-den-verkauf-meines-hauses-in-auftrag-geben-ohne-es-beim-ersten-mal-zu-vermasseln\/\" class=\"blog_unit_title\">Wie kann ich den Verkauf meines Hauses in Au...<\/a> \n           <\/h4>\n        \n           <div class=\"blog_unit_meta\">\n            Jan. 16, 2024            \n           <\/div>\n           \n            <div class=\"listing_details the_grid_view\">\n                Wenn Sie Ihr Eigentum verkaufen oder in K\u00fcrze verkaufen m\u00f6chten, k\u00f6nnte Sie dieser Artikel interessieren: &nbsp; Au <a href=\"https:\/\/canarinvestment.com\/de\/wie-kann-ich-den-verkauf-meines-hauses-in-auftrag-geben-ohne-es-beim-ersten-mal-zu-vermasseln\/\" class=\"unit_more_x\">[more]<\/a>            <\/div>\n\n            <a class=\"read_more\" href=\"https:\/\/canarinvestment.com\/de\/wie-kann-ich-den-verkauf-meines-hauses-in-auftrag-geben-ohne-es-beim-ersten-mal-zu-vermasseln\/\"> Continue Reading<i class=\"fa fa-angle-right\"><\/i> <\/a>\n\n        <\/div>          \n    <\/div>      <div class=\"wpestate_listing_sh_loader\">\n       <div class=\"new_prelader\"><\/div>\n        \n    <\/div><div class=\"listinglink-wrapper_sh_listings\">\n               <span class=\"wpresidence_button wpestate_item_list_sh\">  Mehr Artikel laden <\/span>\n               <\/div><\/div><script type=\"text\/javascript\">\n                \/\/<![CDATA[\n                jQuery(document).ready(function(){\n                    \/\/wpestate_anime(\"#wpestate_sh_anime_531\");\n                   \/\/ wpestate_property_list_sh(\"#wpestate_sh_anime_531 .wpestate_item_list_sh\", \"#wpestate_sh_anime_531 .control_tax_sh\");\n                    \n                });\n                \/\/]]>\n            <\/script>[\/vc_column][\/vc_row][vc_row full_width=&#8221;stretch_row&#8221; bg_type=&#8221;bg_color&#8221; parallax_content=&#8221;parallax_content_value&#8221; bg_color_value=&#8221;#2b2c2e&#8221; css=&#8221;.vc_custom_1563893815949{padding-top: 10px !important;padding-bottom: 40px !important;background-color: #2b2c2e !important;}&#8221;][vc_column][vc_column_text]<\/p>\n<h3 style=\"text-align: center;\"><span style=\"color: #ffffff;\">Wenn Sie pers\u00f6nliche Beratung ben\u00f6tigen, kontaktieren Sie uns bitte<\/span><\/h3>\n<p>[\/vc_column_text][vc_btn title=&#8221;Kontakt&#8221; color=&#8221;warning&#8221; align=&#8221;center&#8221; link=&#8221;url:https%3A%2F%2Fcanarinvestment.com%2Fnehmen-sie-kontakt-mit-uns-auf%2F%3Flang%3Dde|title:Nehmen%20Sie%20Kontakt%20mit%20uns%20auf||&#8221;][\/vc_column][\/vc_row][vc_row css=&#8221;.vc_custom_1707643249262{background-color: #f3f3f3 !important;}&#8221;][vc_column width=&#8221;1\/3&#8243;][vc_single_image image=&#8221;518168&#8243; img_size=&#8221;full&#8221; alignment=&#8221;center&#8221;][\/vc_column][vc_column width=&#8221;1\/3&#8243;][vc_single_image image=&#8221;518165&#8243; img_size=&#8221;full&#8221; alignment=&#8221;center&#8221;][\/vc_column][vc_column width=&#8221;1\/3&#8243;][vc_single_image image=&#8221;518171&#8243; img_size=&#8221;full&#8221; alignment=&#8221;center&#8221;][\/vc_column][\/vc_row]<\/p>\n<\/div>","protected":false},"excerpt":{"rendered":"<p>[vc_row full_width=&#8221;stretch_row&#8221; bg_type=&#8221;bg_color&#8221; css=&#8221;.vc_custom_1562687105095{padding-bottom: 20px !important;background-color: #ffffff !important;}&#8221;][vc_column css=&#8221;.vc_custom_1562687062112{margin-top: 20px !important;border-bottom-width: 20px !important;}&#8221;][vc_custom_heading text=&#8221;&#8220; Die beste Wahl f\u00fcr die besten Kunden &#8220;&#8221; font_container=&#8221;tag:h1|font_size:4.0rem|text_align:center|color:%23f26a15|line_height:1.1&#8243; google_fonts=&#8221;font_family:Nothing%20You%20Could%20Do%3Aregular|font_style:400%20regular%3A400%3Anormal&#8221; css_animation=&#8221;none&#8221; css=&#8221;.vc_custom_1571381126564{margin-top: 15px !important;}&#8221;][\/vc_column][\/vc_row][vc_row full_width=&#8221;stretch_row&#8221; gap=&#8221;15&#8243; equal_height=&#8221;yes&#8221; content_placement=&#8221;top&#8221; bg_type=&#8221;bg_color&#8221; css=&#8221;.vc_custom_1562686982716{margin-right: 7% !important;margin-left: 7% !important;padding-bottom: 40px !important;background-color: #ffffff !important;}&#8221; bg_color_value=&#8221;#ffffff&#8221;][vc_column width=&#8221;1\/2&#8243; alignment=&#8221;center&#8221; css=&#8221;.vc_custom_1570805561616{background-color: #333333 !important;border-radius: 5px !important;}&#8221;][vc_single_image image=&#8221;53368&#8243; img_size=&#8221;full&#8221; alignment=&#8221;center&#8221;][vc_column_text css=&#8221;.vc_custom_1562685010542{margin-top: 0px !important;margin-bottom: 0px !important;}&#8221;] Wenn sie kaufen m\u00f6chten [\/vc_column_text][vc_column_text css=&#8221;.vc_custom_1564382010842{border-bottom-width:<\/p>\n","protected":false},"author":1,"featured_media":0,"parent":0,"menu_order":0,"comment_status":"closed","ping_status":"closed","template":"","meta":{"footnotes":""},"class_list":["post-37322","page","type-page","status-publish","hentry"],"_links":{"self":[{"href":"https:\/\/canarinvestment.com\/de\/wp-json\/wp\/v2\/pages\/37322","targetHints":{"allow":["GET"]}}],"collection":[{"href":"https:\/\/canarinvestment.com\/de\/wp-json\/wp\/v2\/pages"}],"about":[{"href":"https:\/\/canarinvestment.com\/de\/wp-json\/wp\/v2\/types\/page"}],"author":[{"embeddable":true,"href":"https:\/\/canarinvestment.com\/de\/wp-json\/wp\/v2\/users\/1"}],"replies":[{"embeddable":true,"href":"https:\/\/canarinvestment.com\/de\/wp-json\/wp\/v2\/comments?post=37322"}],"version-history":[{"count":13,"href":"https:\/\/canarinvestment.com\/de\/wp-json\/wp\/v2\/pages\/37322\/revisions"}],"predecessor-version":[{"id":518177,"href":"https:\/\/canarinvestment.com\/de\/wp-json\/wp\/v2\/pages\/37322\/revisions\/518177"}],"wp:attachment":[{"href":"https:\/\/canarinvestment.com\/de\/wp-json\/wp\/v2\/media?parent=37322"}],"curies":[{"name":"wp","href":"https:\/\/api.w.org\/{rel}","templated":true}]}}